{"id":10677,"date":"2017-04-10T11:03:24","date_gmt":"2017-04-10T09:03:24","guid":{"rendered":"https:\/\/mes-arquitectes.com\/qui-som"},"modified":"2026-02-06T14:36:48","modified_gmt":"2026-02-06T14:36:48","slug":"quienes-somos","status":"publish","type":"page","link":"https:\/\/mes-arquitectes.com\/es\/quienes-somos","title":{"rendered":"Qui\u00e9nes somos"},"content":{"rendered":"<div class=\"wpb-content-wrapper\"><p>[vc_row gap=\u00bb15&#8243; row_content_width=\u00bbgrid\u00bb content_text_aligment=\u00bbleft\u00bb css=\u00bb.vc_custom_1492509993885{padding-top: 86px !important;}\u00bb][vc_column offset=\u00bbvc_col-lg-6 vc_col-md-12&#8243;]<div class=\"edgtf-section-title-holder edgtf-st-standard edgtf-st-title-left edgtf-st-normal-space \" style=\"text-align: left\">\n\t<div class=\"edgtf-st-inner\">\n\t\t\t\t\t<h4 class=\"edgtf-st-title\" >\n\t\t\t\tMes arquitectes\t\t\t<\/h4>\n\t\t\t\t\t\t\t<h5 class=\"edgtf-st-text\" >\n\t\t\t\tDespacho de arquitectos en Barcelona\t\t\t<\/h5>\n\t\t\t<\/div>\n<\/div>[vc_empty_space height=\u00bb10px\u00bb]<div class=\"edgtf-elements-holder edgtf-one-column edgtf-responsive-mode-768 edgtf-one-column-alignment-left\" ><div class=\"edgtf-eh-item \"  data-item-class=\"edgtf-eh-custom-370741\" data-1280-1600=\"0 0 0 0\" data-1024-1280=\"0 0 0 0\" data-768-1024=\"0 1% 0 0\" data-600-768=\"0 0 0 0\" data-480-600=\"0 0 0 0\" data-480=\"0 2% 0 0\">\n\t<div class=\"edgtf-eh-item-inner\">\n\t\t<div class=\"edgtf-eh-item-content edgtf-eh-custom-370741\" style=\"padding: 0 10% 0 0\">\n\t\t\t[vc_column_text css=\u00bb\u00bb]Somos un equipo multidisciplinar que busca la calidad arquitect\u00f3nica en cada aspecto, desde el dise\u00f1o global hasta el peque\u00f1o detalle.<\/p>\n<p>La arquitectura que ofrecemos es sensible a la cultura y entorno de cada proyecto, concienciada con la eficiencia energ\u00e9tica y el medioambiente.<\/p>\n<p>Combinamos nuevos conceptos con los valores hist\u00f3ricos existentes, persiguiendo la excelencia en el dise\u00f1o pero tambi\u00e9n en el control econ\u00f3mico y ejecutivo.<\/p>\n<p>Acompa\u00f1amos a nuestros clientes en todo momento: asesoramos, gestionamos y supervisamos todas las variables que intervienen en el apasionante proceso arquitect\u00f3nico, tanto en la fase de proyecto como en la fase de presupuestos y obra. Disponemos de un equipo que se complementa con una extensa red de consultores altamente especializados.<\/p>\n<p>Ofrecemos soluciones que combinan la funcionalidad, el dise\u00f1o y la sostenibilidad para crear un producto \u00fanico.[\/vc_column_text]\t\t<\/div>\n\t<\/div>\n<\/div><\/div>[vc_empty_space height=\u00bb50px\u00bb][\/vc_column][vc_column offset=\u00bbvc_col-lg-6 vc_col-md-12&#8243;][vc_single_image image=\u00bb10683&#8243; img_size=\u00bbfull\u00bb css=\u00bb\u00bb][vc_empty_space height=\u00bb20px\u00bb][vc_column_text css=\u00bb\u00bb]<\/p>\n<p class=\"et_pb_module_header\"><strong>Jordi Mestrich<\/strong><\/p>\n<p><strong>Arquitecto colegiado n\u00fam. 49.014-8<\/strong><\/p>\n<p>Postgrado en Project Management<br \/>\nM\u00e1ster en Community Management &amp; Social Media[\/vc_column_text][vc_empty_space height=\u00bb50px\u00bb][\/vc_column][\/vc_row][vc_row full_width=\u00bbstretch_row\u00bb css=\u00bb.vc_custom_1769508797900{padding-top: 40px !important;padding-bottom: 40px !important;background-color: #F5F5F5 !important;}\u00bb][vc_column]<div class=\"edgtf-section-title-holder edgtf-st-standard edgtf-st-title-left edgtf-st-normal-space \" style=\"text-align: center\">\n\t<div class=\"edgtf-st-inner\">\n\t\t\t\t\t<h4 class=\"edgtf-st-title\" >\n\t\t\t\tEQUIPO\t\t\t<\/h4>\n\t\t\t\t\t\t\t<h5 class=\"edgtf-st-text\" >\n\t\t\t\tMes arquitectes\t\t\t<\/h5>\n\t\t\t<\/div>\n<\/div>[vc_empty_space height=\u00bb30px\u00bb][vc_row_inner equal_height=\u00bbyes\u00bb row_content_width=\u00bbgrid\u00bb][vc_column_inner width=\u00bb1\/4&#8243;][vc_column_text css=\u00bb\u00bb]<strong>Desarrollo estructural<\/strong><\/p>\n<p>Xavier Alberola[\/vc_column_text][\/vc_column_inner][vc_column_inner width=\u00bb1\/4&#8243;][vc_column_text css=\u00bb\u00bb]<strong>Ingenier\u00eda \/ Instalaciones<\/strong><\/p>\n<p>Santi Velasco<br \/>\nMontserrat Elias[\/vc_column_text][\/vc_column_inner][vc_column_inner width=\u00bb1\/4&#8243;][vc_column_text css=\u00bb\u00bb]<strong>Eficiencia energ\u00e9tica<\/strong><\/p>\n<p>Josep Montserrat[\/vc_column_text][\/vc_column_inner][vc_column_inner width=\u00bb1\/4&#8243;][vc_column_text css=\u00bb\u00bb]<strong>Bioconstrucci\u00f3n \/ Geobiolog\u00eda<\/strong><\/p>\n<p>David Pradas<br \/>\nSonia Hernandez<br \/>\nJuan Marz\u00e1<br \/>\nBioclimateam[\/vc_column_text][\/vc_column_inner][\/vc_row_inner][vc_empty_space height=\u00bb30px\u00bb][vc_row_inner equal_height=\u00bbyes\u00bb row_content_width=\u00bbgrid\u00bb][vc_column_inner width=\u00bb1\/4&#8243;][vc_column_text css=\u00bb\u00bb]<strong>Direcci\u00f3n de Ejecuci\u00f3n \/ Control de calidad \/ Seguridad y Salud<\/strong><\/p>\n<p>Anna Ortega<br \/>\nShiloh Olsen<br \/>\nEsteve Asmarats[\/vc_column_text][\/vc_column_inner][vc_column_inner width=\u00bb1\/4&#8243;][vc_column_text css=\u00bb\u00bb]<strong>Imagen digital \/ 3D<\/strong><\/p>\n<p>Play-Time<br \/>\nEric Mut[\/vc_column_text][\/vc_column_inner][vc_column_inner width=\u00bb1\/4&#8243;][vc_column_text css=\u00bb\u00bb]<strong>Proyectos<\/strong><\/p>\n<p>\u00c0lex Gr\u00e1valos[\/vc_column_text][\/vc_column_inner][vc_column_inner width=\u00bb1\/4&#8243;][vc_column_text css=\u00bb\u00bb]<strong>Gesti\u00f3n econ\u00f3mica \/ legal<\/strong><\/p>\n<p>Jos\u00e9 Jaumot<br \/>\nMa Jos\u00e9 Marchante[\/vc_column_text][\/vc_column_inner][\/vc_row_inner][\/vc_column][\/vc_row]<\/p>\n<\/div>","protected":false},"excerpt":{"rendered":"<p>[vc_row gap=\u00bb15&#8243; row_content_width=\u00bbgrid\u00bb content_text_aligment=\u00bbleft\u00bb css=\u00bb.vc_custom_1492509993885{padding-top: 86px !important;}\u00bb][vc_column offset=\u00bbvc_col-lg-6 vc_col-md-12&#8243;][vc_empty_space height=\u00bb10px\u00bb][vc_empty_space height=\u00bb50px\u00bb][\/vc_column][vc_column offset=\u00bbvc_col-lg-6 vc_col-md-12&#8243;][vc_single_image image=\u00bb10683&#8243; img_size=\u00bbfull\u00bb css=\u00bb\u00bb][vc_empty_space height=\u00bb20px\u00bb][vc_column_text css=\u00bb\u00bb] Jordi Mestrich Arquitecto colegiado n\u00fam. 49.014-8 Postgrado en Project Management M\u00e1ster en Community Management &amp; Social Media[\/vc_column_text][vc_empty_space height=\u00bb50px\u00bb][\/vc_column][\/vc_row][vc_row full_width=\u00bbstretch_row\u00bb css=\u00bb.vc_custom_1769508797900{padding-top: 40px !important;padding-bottom: [&hellip;]<\/p>\n","protected":false},"author":1,"featured_media":0,"parent":0,"menu_order":0,"comment_status":"closed","ping_status":"closed","template":"full-width.php","meta":{"footnotes":""},"class_list":["post-10677","page","type-page","status-publish","hentry"],"yoast_head":"<!-- This site is optimized with the Yoast SEO plugin v26.9 - https:\/\/yoast.com\/product\/yoast-seo-wordpress\/ -->\n<title>Qui\u00e9nes somos - Mes Arquitectes<\/title>\n<meta name=\"robots\" content=\"index, follow, max-snippet:-1, max-image-preview:large, max-video-preview:-1\" \/>\n<link rel=\"canonical\" href=\"https:\/\/mes-arquitectes.com\/es\/quienes-somos\" \/>\n<meta property=\"og:locale\" content=\"es_ES\" \/>\n<meta property=\"og:type\" content=\"article\" \/>\n<meta property=\"og:title\" content=\"Qui\u00e9nes somos - Mes Arquitectes\" \/>\n<meta property=\"og:description\" content=\"[vc_row gap=\u00bb15&#8243; row_content_width=\u00bbgrid\u00bb content_text_aligment=\u00bbleft\u00bb css=\u00bb.vc_custom_1492509993885{padding-top: 86px !important;}\u00bb][vc_column offset=\u00bbvc_col-lg-6 vc_col-md-12&#8243;][vc_empty_space height=\u00bb10px\u00bb][vc_empty_space height=\u00bb50px\u00bb][\/vc_column][vc_column offset=\u00bbvc_col-lg-6 vc_col-md-12&#8243;][vc_single_image image=\u00bb10683&#8243; img_size=\u00bbfull\u00bb css=\u00bb\u00bb][vc_empty_space height=\u00bb20px\u00bb][vc_column_text css=\u00bb\u00bb] Jordi Mestrich Arquitecto colegiado n\u00fam. 49.014-8 Postgrado en Project Management M\u00e1ster en Community Management &amp; Social Media[\/vc_column_text][vc_empty_space height=\u00bb50px\u00bb][\/vc_column][\/vc_row][vc_row full_width=\u00bbstretch_row\u00bb css=\u00bb.vc_custom_1769508797900{padding-top: 40px !important;padding-bottom: [&hellip;]\" \/>\n<meta property=\"og:url\" content=\"https:\/\/mes-arquitectes.com\/es\/quienes-somos\" \/>\n<meta property=\"og:site_name\" content=\"Mes Arquitectes\" \/>\n<meta property=\"article:modified_time\" content=\"2026-02-06T14:36:48+00:00\" \/>\n<meta name=\"twitter:card\" content=\"summary_large_image\" \/>\n<meta name=\"twitter:label1\" content=\"Tiempo de lectura\" \/>\n\t<meta name=\"twitter:data1\" content=\"2 minutos\" \/>\n<script type=\"application\/ld+json\" class=\"yoast-schema-graph\">{\"@context\":\"https:\/\/schema.org\",\"@graph\":[{\"@type\":\"WebPage\",\"@id\":\"https:\/\/mes-arquitectes.com\/es\/quienes-somos\",\"url\":\"https:\/\/mes-arquitectes.com\/es\/quienes-somos\",\"name\":\"Qui\u00e9nes somos - Mes Arquitectes\",\"isPartOf\":{\"@id\":\"https:\/\/mes-arquitectes.com\/es#website\"},\"datePublished\":\"2017-04-10T09:03:24+00:00\",\"dateModified\":\"2026-02-06T14:36:48+00:00\",\"breadcrumb\":{\"@id\":\"https:\/\/mes-arquitectes.com\/es\/quienes-somos#breadcrumb\"},\"inLanguage\":\"es\",\"potentialAction\":[{\"@type\":\"ReadAction\",\"target\":[\"https:\/\/mes-arquitectes.com\/es\/quienes-somos\"]}]},{\"@type\":\"BreadcrumbList\",\"@id\":\"https:\/\/mes-arquitectes.com\/es\/quienes-somos#breadcrumb\",\"itemListElement\":[{\"@type\":\"ListItem\",\"position\":1,\"name\":\"Portada\",\"item\":\"https:\/\/mes-arquitectes.com\/es\"},{\"@type\":\"ListItem\",\"position\":2,\"name\":\"Qui\u00e9nes somos\"}]},{\"@type\":\"WebSite\",\"@id\":\"https:\/\/mes-arquitectes.com\/es#website\",\"url\":\"https:\/\/mes-arquitectes.com\/es\",\"name\":\"Mes Arquitectes\",\"description\":\"Arquitectes i interioristes de Barcelona\",\"potentialAction\":[{\"@type\":\"SearchAction\",\"target\":{\"@type\":\"EntryPoint\",\"urlTemplate\":\"https:\/\/mes-arquitectes.com\/es?s={search_term_string}\"},\"query-input\":{\"@type\":\"PropertyValueSpecification\",\"valueRequired\":true,\"valueName\":\"search_term_string\"}}],\"inLanguage\":\"es\"}]}<\/script>\n<!-- \/ Yoast SEO plugin. -->","yoast_head_json":{"title":"Qui\u00e9nes somos - Mes Arquitectes","robots":{"index":"index","follow":"follow","max-snippet":"max-snippet:-1","max-image-preview":"max-image-preview:large","max-video-preview":"max-video-preview:-1"},"canonical":"https:\/\/mes-arquitectes.com\/es\/quienes-somos","og_locale":"es_ES","og_type":"article","og_title":"Qui\u00e9nes somos - Mes Arquitectes","og_description":"[vc_row gap=\u00bb15&#8243; row_content_width=\u00bbgrid\u00bb content_text_aligment=\u00bbleft\u00bb css=\u00bb.vc_custom_1492509993885{padding-top: 86px !important;}\u00bb][vc_column offset=\u00bbvc_col-lg-6 vc_col-md-12&#8243;][vc_empty_space height=\u00bb10px\u00bb][vc_empty_space height=\u00bb50px\u00bb][\/vc_column][vc_column offset=\u00bbvc_col-lg-6 vc_col-md-12&#8243;][vc_single_image image=\u00bb10683&#8243; img_size=\u00bbfull\u00bb css=\u00bb\u00bb][vc_empty_space height=\u00bb20px\u00bb][vc_column_text css=\u00bb\u00bb] Jordi Mestrich Arquitecto colegiado n\u00fam. 49.014-8 Postgrado en Project Management M\u00e1ster en Community Management &amp; Social Media[\/vc_column_text][vc_empty_space height=\u00bb50px\u00bb][\/vc_column][\/vc_row][vc_row full_width=\u00bbstretch_row\u00bb css=\u00bb.vc_custom_1769508797900{padding-top: 40px !important;padding-bottom: [&hellip;]","og_url":"https:\/\/mes-arquitectes.com\/es\/quienes-somos","og_site_name":"Mes Arquitectes","article_modified_time":"2026-02-06T14:36:48+00:00","twitter_card":"summary_large_image","twitter_misc":{"Tiempo de lectura":"2 minutos"},"schema":{"@context":"https:\/\/schema.org","@graph":[{"@type":"WebPage","@id":"https:\/\/mes-arquitectes.com\/es\/quienes-somos","url":"https:\/\/mes-arquitectes.com\/es\/quienes-somos","name":"Qui\u00e9nes somos - Mes Arquitectes","isPartOf":{"@id":"https:\/\/mes-arquitectes.com\/es#website"},"datePublished":"2017-04-10T09:03:24+00:00","dateModified":"2026-02-06T14:36:48+00:00","breadcrumb":{"@id":"https:\/\/mes-arquitectes.com\/es\/quienes-somos#breadcrumb"},"inLanguage":"es","potentialAction":[{"@type":"ReadAction","target":["https:\/\/mes-arquitectes.com\/es\/quienes-somos"]}]},{"@type":"BreadcrumbList","@id":"https:\/\/mes-arquitectes.com\/es\/quienes-somos#breadcrumb","itemListElement":[{"@type":"ListItem","position":1,"name":"Portada","item":"https:\/\/mes-arquitectes.com\/es"},{"@type":"ListItem","position":2,"name":"Qui\u00e9nes somos"}]},{"@type":"WebSite","@id":"https:\/\/mes-arquitectes.com\/es#website","url":"https:\/\/mes-arquitectes.com\/es","name":"Mes Arquitectes","description":"Arquitectes i interioristes de Barcelona","potentialAction":[{"@type":"SearchAction","target":{"@type":"EntryPoint","urlTemplate":"https:\/\/mes-arquitectes.com\/es?s={search_term_string}"},"query-input":{"@type":"PropertyValueSpecification","valueRequired":true,"valueName":"search_term_string"}}],"inLanguage":"es"}]}},"_links":{"self":[{"href":"https:\/\/mes-arquitectes.com\/es\/wp-json\/wp\/v2\/pages\/10677","targetHints":{"allow":["GET"]}}],"collection":[{"href":"https:\/\/mes-arquitectes.com\/es\/wp-json\/wp\/v2\/pages"}],"about":[{"href":"https:\/\/mes-arquitectes.com\/es\/wp-json\/wp\/v2\/types\/page"}],"author":[{"embeddable":true,"href":"https:\/\/mes-arquitectes.com\/es\/wp-json\/wp\/v2\/users\/1"}],"replies":[{"embeddable":true,"href":"https:\/\/mes-arquitectes.com\/es\/wp-json\/wp\/v2\/comments?post=10677"}],"version-history":[{"count":5,"href":"https:\/\/mes-arquitectes.com\/es\/wp-json\/wp\/v2\/pages\/10677\/revisions"}],"predecessor-version":[{"id":10688,"href":"https:\/\/mes-arquitectes.com\/es\/wp-json\/wp\/v2\/pages\/10677\/revisions\/10688"}],"wp:attachment":[{"href":"https:\/\/mes-arquitectes.com\/es\/wp-json\/wp\/v2\/media?parent=10677"}],"curies":[{"name":"wp","href":"https:\/\/api.w.org\/{rel}","templated":true}]}}