{"id":10731,"date":"2017-04-26T10:20:16","date_gmt":"2017-04-26T08:20:16","guid":{"rendered":"https:\/\/mes-arquitectes.com\/serveis"},"modified":"2026-02-05T14:34:50","modified_gmt":"2026-02-05T14:34:50","slug":"servicios-arquitectura","status":"publish","type":"page","link":"https:\/\/mes-arquitectes.com\/es\/servicios-arquitectura","title":{"rendered":"Servicios de arquitectura"},"content":{"rendered":"<div class=\"wpb-content-wrapper\"><p>[vc_row][vc_column offset=\u00bbvc_hidden-xs\u00bb][vc_row_inner][vc_column_inner width=\u00bb1\/2&#8243;]<div class=\"edgtf-ss-holder edgtf-ss-image-right edgtf-ss-break-480\">\n\t<div class=\"edgtf-ss-image\" style=\"background-image: url(https:\/\/mes-arquitectes.com\/wp-content\/uploads\/2026\/01\/mes-arquitectes-barcelona-costa-brava-casa-tossa-de-mar.jpg)\">\n\t\t<img loading=\"lazy\" decoding=\"async\" width=\"2048\" height=\"1365\" src=\"https:\/\/mes-arquitectes.com\/wp-content\/uploads\/2026\/01\/mes-arquitectes-barcelona-costa-brava-casa-tossa-de-mar.jpg\" class=\"attachment-full size-full\" alt=\"Casa Tossa de Mar - Mes Arquitectes\" srcset=\"https:\/\/mes-arquitectes.com\/wp-content\/uploads\/2026\/01\/mes-arquitectes-barcelona-costa-brava-casa-tossa-de-mar.jpg 2048w, https:\/\/mes-arquitectes.com\/wp-content\/uploads\/2026\/01\/mes-arquitectes-barcelona-costa-brava-casa-tossa-de-mar-300x200.jpg 300w, https:\/\/mes-arquitectes.com\/wp-content\/uploads\/2026\/01\/mes-arquitectes-barcelona-costa-brava-casa-tossa-de-mar-1024x683.jpg 1024w, https:\/\/mes-arquitectes.com\/wp-content\/uploads\/2026\/01\/mes-arquitectes-barcelona-costa-brava-casa-tossa-de-mar-768x512.jpg 768w, https:\/\/mes-arquitectes.com\/wp-content\/uploads\/2026\/01\/mes-arquitectes-barcelona-costa-brava-casa-tossa-de-mar-1536x1024.jpg 1536w\" sizes=\"auto, (max-width: 2048px) 100vw, 2048px\" \/>\t<\/div>\n\t<div class=\"edgtf-ss-content\" >\n\t\t\t\t\t<h4 class=\"edgtf-ss-title\" >Arquitectura<\/h4>\n\t\t\t\t\t\t\t<p class=\"edgtf-ss-text\" style=\"margin-top: 20px;margin-bottom: 10px\">Dise\u00f1amos espacios funcionales y c\u00f3modos adaptados de estilo de vida ideal de las personas.<\/p>\n\t\t\t\t\t\t\t<a itemprop=\"url\" href=\"\/es\/servicios-arquitectura\/arquitectura\" target=\"_self\" style=\"color: #ffffff;background-color: #333333;border-color: #333333\" class=\"edgtf-btn edgtf-btn-medium edgtf-btn-solid edgtf-ss-link\"  >    <span class=\"edgtf-btn-text\">Leer m\u00e1s<\/span>    <\/a>\t\t\t<\/div>\n<\/div>[\/vc_column_inner][vc_column_inner width=\u00bb1\/2&#8243;]<div class=\"edgtf-ss-holder edgtf-ss-image-right edgtf-ss-break-480\">\n\t<div class=\"edgtf-ss-image\" style=\"background-image: url(https:\/\/mes-arquitectes.com\/wp-content\/uploads\/2026\/01\/mes-arquitectes-interioristas-barcelona-reforma-interior-piso-eixample.jpg)\">\n\t\t<img loading=\"lazy\" decoding=\"async\" width=\"2048\" height=\"1365\" src=\"https:\/\/mes-arquitectes.com\/wp-content\/uploads\/2026\/01\/mes-arquitectes-interioristas-barcelona-reforma-interior-piso-eixample.jpg\" class=\"attachment-full size-full\" alt=\"\" srcset=\"https:\/\/mes-arquitectes.com\/wp-content\/uploads\/2026\/01\/mes-arquitectes-interioristas-barcelona-reforma-interior-piso-eixample.jpg 2048w, https:\/\/mes-arquitectes.com\/wp-content\/uploads\/2026\/01\/mes-arquitectes-interioristas-barcelona-reforma-interior-piso-eixample-300x200.jpg 300w, https:\/\/mes-arquitectes.com\/wp-content\/uploads\/2026\/01\/mes-arquitectes-interioristas-barcelona-reforma-interior-piso-eixample-1024x683.jpg 1024w, https:\/\/mes-arquitectes.com\/wp-content\/uploads\/2026\/01\/mes-arquitectes-interioristas-barcelona-reforma-interior-piso-eixample-768x512.jpg 768w, https:\/\/mes-arquitectes.com\/wp-content\/uploads\/2026\/01\/mes-arquitectes-interioristas-barcelona-reforma-interior-piso-eixample-1536x1024.jpg 1536w\" sizes=\"auto, (max-width: 2048px) 100vw, 2048px\" \/>\t<\/div>\n\t<div class=\"edgtf-ss-content\" >\n\t\t\t\t\t<h4 class=\"edgtf-ss-title\" >Interiorismo<\/h4>\n\t\t\t\t\t\t\t<p class=\"edgtf-ss-text\" style=\"margin-top: 20px;margin-bottom: 10px\">Adaptar los espacios a nuestras nuevas necesidades teniendo en cuenta los valores hist\u00f3ricos preexistentes y saber combinarlos con los nuevos.<\/p>\n\t\t\t\t\t\t\t<a itemprop=\"url\" href=\"\/es\/servicios-arquitectura\/interiorismo\" target=\"_self\" style=\"color: #ffffff;background-color: #333333;border-color: #333333\" class=\"edgtf-btn edgtf-btn-medium edgtf-btn-solid edgtf-ss-link\"  >    <span class=\"edgtf-btn-text\">Leer m\u00e1s<\/span>    <\/a>\t\t\t<\/div>\n<\/div>[\/vc_column_inner][\/vc_row_inner][vc_row_inner][vc_column_inner width=\u00bb1\/2&#8243;]<div class=\"edgtf-ss-holder edgtf-ss-image-left edgtf-ss-break-480\">\n\t<div class=\"edgtf-ss-image\" style=\"background-image: url(https:\/\/mes-arquitectes.com\/wp-content\/uploads\/2026\/01\/viabilitat-economica.jpg)\">\n\t\t<img loading=\"lazy\" decoding=\"async\" width=\"2048\" height=\"680\" src=\"https:\/\/mes-arquitectes.com\/wp-content\/uploads\/2026\/01\/viabilitat-economica.jpg\" class=\"attachment-full size-full\" alt=\"\" srcset=\"https:\/\/mes-arquitectes.com\/wp-content\/uploads\/2026\/01\/viabilitat-economica.jpg 2048w, https:\/\/mes-arquitectes.com\/wp-content\/uploads\/2026\/01\/viabilitat-economica-300x100.jpg 300w, https:\/\/mes-arquitectes.com\/wp-content\/uploads\/2026\/01\/viabilitat-economica-1024x340.jpg 1024w, https:\/\/mes-arquitectes.com\/wp-content\/uploads\/2026\/01\/viabilitat-economica-768x255.jpg 768w, https:\/\/mes-arquitectes.com\/wp-content\/uploads\/2026\/01\/viabilitat-economica-1536x510.jpg 1536w\" sizes=\"auto, (max-width: 2048px) 100vw, 2048px\" \/>\t<\/div>\n\t<div class=\"edgtf-ss-content\" >\n\t\t\t\t\t<h4 class=\"edgtf-ss-title\" >Estudios de viabilidad econ\u00f3mica<\/h4>\n\t\t\t\t\t\t\t<p class=\"edgtf-ss-text\" style=\"margin-top: 20px;margin-bottom: 10px\">Adaptarse a la voluntad econ\u00f3mica de cada cliente es un reto m\u00e1s por desarrollar una obra racional capaz de satisfacer todas las necesidades.<\/p>\n\t\t\t\t\t\t\t<a itemprop=\"url\" href=\"https:\/\/mes-arquitectes.com\/es\/servicios-arquitectura\/estudios-de-viabilidad-economica\" target=\"_self\" style=\"color: #ffffff;background-color: #333333;border-color: #333333\" class=\"edgtf-btn edgtf-btn-medium edgtf-btn-solid edgtf-ss-link\"  >    <span class=\"edgtf-btn-text\">Leer m\u00e1s<\/span>    <\/a>\t\t\t<\/div>\n<\/div>[\/vc_column_inner][vc_column_inner width=\u00bb1\/2&#8243;]<div class=\"edgtf-ss-holder edgtf-ss-image-left edgtf-ss-break-480\">\n\t<div class=\"edgtf-ss-image\" style=\"background-image: url(https:\/\/mes-arquitectes.com\/wp-content\/uploads\/2026\/01\/project-management.jpg)\">\n\t\t<img loading=\"lazy\" decoding=\"async\" width=\"2048\" height=\"680\" src=\"https:\/\/mes-arquitectes.com\/wp-content\/uploads\/2026\/01\/project-management.jpg\" class=\"attachment-full size-full\" alt=\"Servicio Project Management\" srcset=\"https:\/\/mes-arquitectes.com\/wp-content\/uploads\/2026\/01\/project-management.jpg 2048w, https:\/\/mes-arquitectes.com\/wp-content\/uploads\/2026\/01\/project-management-300x100.jpg 300w, https:\/\/mes-arquitectes.com\/wp-content\/uploads\/2026\/01\/project-management-1024x340.jpg 1024w, https:\/\/mes-arquitectes.com\/wp-content\/uploads\/2026\/01\/project-management-768x255.jpg 768w, https:\/\/mes-arquitectes.com\/wp-content\/uploads\/2026\/01\/project-management-1536x510.jpg 1536w\" sizes=\"auto, (max-width: 2048px) 100vw, 2048px\" \/>\t<\/div>\n\t<div class=\"edgtf-ss-content\" >\n\t\t\t\t\t<h4 class=\"edgtf-ss-title\" >Project management<\/h4>\n\t\t\t\t\t\t\t<p class=\"edgtf-ss-text\" style=\"margin-top: 20px;margin-bottom: 10px\">S\u00f3lo desde una perspectiva global del conjunto podr\u00e1 garantizarse de \u00e9xito del resultado. Tiempo, alcance y coste.<\/p>\n\t\t\t\t\t\t\t<a itemprop=\"url\" href=\"https:\/\/mes-arquitectes.com\/es\/servicios-arquitectura\/project-management-global\" target=\"_self\" style=\"color: #ffffff;background-color: #333333;border-color: #333333\" class=\"edgtf-btn edgtf-btn-medium edgtf-btn-solid edgtf-ss-link\"  >    <span class=\"edgtf-btn-text\">Leer m\u00e1s<\/span>    <\/a>\t\t\t<\/div>\n<\/div>[\/vc_column_inner][\/vc_row_inner][vc_row_inner][vc_column_inner width=\u00bb1\/2&#8243;]<div class=\"edgtf-ss-holder edgtf-ss-image-right edgtf-ss-break-480\">\n\t<div class=\"edgtf-ss-image\" style=\"background-image: url(https:\/\/mes-arquitectes.com\/wp-content\/uploads\/2026\/01\/realitat-virtual.jpg)\">\n\t\t<img loading=\"lazy\" decoding=\"async\" width=\"2048\" height=\"680\" src=\"https:\/\/mes-arquitectes.com\/wp-content\/uploads\/2026\/01\/realitat-virtual.jpg\" class=\"attachment-full size-full\" alt=\"\" srcset=\"https:\/\/mes-arquitectes.com\/wp-content\/uploads\/2026\/01\/realitat-virtual.jpg 2048w, https:\/\/mes-arquitectes.com\/wp-content\/uploads\/2026\/01\/realitat-virtual-300x100.jpg 300w, https:\/\/mes-arquitectes.com\/wp-content\/uploads\/2026\/01\/realitat-virtual-1024x340.jpg 1024w, https:\/\/mes-arquitectes.com\/wp-content\/uploads\/2026\/01\/realitat-virtual-768x255.jpg 768w, https:\/\/mes-arquitectes.com\/wp-content\/uploads\/2026\/01\/realitat-virtual-1536x510.jpg 1536w\" sizes=\"auto, (max-width: 2048px) 100vw, 2048px\" \/>\t<\/div>\n\t<div class=\"edgtf-ss-content\" >\n\t\t\t\t\t<h4 class=\"edgtf-ss-title\" >Representaci\u00f3n virtual<\/h4>\n\t\t\t\t\t\t\t<p class=\"edgtf-ss-text\" >Ofrecemos la tecnolog\u00eda capaz de sumergir a usuario en los espacios antes de ser materializados.<\/p>\n\t\t\t\t\t\t\t<a itemprop=\"url\" href=\"https:\/\/mes-arquitectes.com\/es\/servicios-arquitectura\/representacion-virtual\" target=\"_self\" style=\"color: #ffffff;background-color: #333333;border-color: #333333\" class=\"edgtf-btn edgtf-btn-medium edgtf-btn-solid edgtf-ss-link\"  >    <span class=\"edgtf-btn-text\">Leer m\u00e1s<\/span>    <\/a>\t\t\t<\/div>\n<\/div>[\/vc_column_inner][vc_column_inner width=\u00bb1\/2&#8243;]<div class=\"edgtf-ss-holder edgtf-ss-image-right edgtf-ss-break-480\">\n\t<div class=\"edgtf-ss-image\" style=\"background-image: url(https:\/\/mes-arquitectes.com\/wp-content\/uploads\/2026\/01\/construccio.jpg)\">\n\t\t<img loading=\"lazy\" decoding=\"async\" width=\"2048\" height=\"680\" src=\"https:\/\/mes-arquitectes.com\/wp-content\/uploads\/2026\/01\/construccio.jpg\" class=\"attachment-full size-full\" alt=\"\" srcset=\"https:\/\/mes-arquitectes.com\/wp-content\/uploads\/2026\/01\/construccio.jpg 2048w, https:\/\/mes-arquitectes.com\/wp-content\/uploads\/2026\/01\/construccio-300x100.jpg 300w, https:\/\/mes-arquitectes.com\/wp-content\/uploads\/2026\/01\/construccio-1024x340.jpg 1024w, https:\/\/mes-arquitectes.com\/wp-content\/uploads\/2026\/01\/construccio-768x255.jpg 768w, https:\/\/mes-arquitectes.com\/wp-content\/uploads\/2026\/01\/construccio-1536x510.jpg 1536w\" sizes=\"auto, (max-width: 2048px) 100vw, 2048px\" \/>\t<\/div>\n\t<div class=\"edgtf-ss-content\" >\n\t\t\t\t\t<h4 class=\"edgtf-ss-title\" >Construcci\u00f3n, rehabilitaci\u00f3n y reforma<\/h4>\n\t\t\t\t\t\t\t<p class=\"edgtf-ss-text\" style=\"margin-top: 20px;margin-bottom: 10px\">Ofrecemos a los mejores profesionales con una amplia experiencia en el sector, con fiabilidad de resultados garantizada.<\/p>\n\t\t\t\t\t\t\t<a itemprop=\"url\" href=\"https:\/\/mes-arquitectes.com\/es\/servicios-arquitectura\/construccion-rehabilitacion-y-reforma\" target=\"_self\" style=\"color: #ffffff;background-color: #333333;border-color: #333333\" class=\"edgtf-btn edgtf-btn-medium edgtf-btn-solid edgtf-ss-link\"  >    <span class=\"edgtf-btn-text\">Leer m\u00e1s<\/span>    <\/a>\t\t\t<\/div>\n<\/div>[\/vc_column_inner][\/vc_row_inner][vc_row_inner][vc_column_inner width=\u00bb1\/2&#8243;]<div class=\"edgtf-ss-holder edgtf-ss-image-left edgtf-ss-break-480\">\n\t<div class=\"edgtf-ss-image\" style=\"background-image: url(https:\/\/mes-arquitectes.com\/wp-content\/uploads\/2026\/01\/mes-arquitectes-interioristas-retail-carolina-lemke-interior-tienda-portal-angel-barcelona.jpg)\">\n\t\t<img loading=\"lazy\" decoding=\"async\" width=\"2048\" height=\"1365\" src=\"https:\/\/mes-arquitectes.com\/wp-content\/uploads\/2026\/01\/mes-arquitectes-interioristas-retail-carolina-lemke-interior-tienda-portal-angel-barcelona.jpg\" class=\"attachment-full size-full\" alt=\"Retail Carolina Lemke Interior - Mes Arquitectes\" srcset=\"https:\/\/mes-arquitectes.com\/wp-content\/uploads\/2026\/01\/mes-arquitectes-interioristas-retail-carolina-lemke-interior-tienda-portal-angel-barcelona.jpg 2048w, https:\/\/mes-arquitectes.com\/wp-content\/uploads\/2026\/01\/mes-arquitectes-interioristas-retail-carolina-lemke-interior-tienda-portal-angel-barcelona-300x200.jpg 300w, https:\/\/mes-arquitectes.com\/wp-content\/uploads\/2026\/01\/mes-arquitectes-interioristas-retail-carolina-lemke-interior-tienda-portal-angel-barcelona-1024x683.jpg 1024w, https:\/\/mes-arquitectes.com\/wp-content\/uploads\/2026\/01\/mes-arquitectes-interioristas-retail-carolina-lemke-interior-tienda-portal-angel-barcelona-768x512.jpg 768w, https:\/\/mes-arquitectes.com\/wp-content\/uploads\/2026\/01\/mes-arquitectes-interioristas-retail-carolina-lemke-interior-tienda-portal-angel-barcelona-1536x1024.jpg 1536w\" sizes=\"auto, (max-width: 2048px) 100vw, 2048px\" \/>\t<\/div>\n\t<div class=\"edgtf-ss-content\" >\n\t\t\t\t\t<h4 class=\"edgtf-ss-title\" >Retail<\/h4>\n\t\t\t\t\t\t\t<p class=\"edgtf-ss-text\" style=\"margin-top: 20px;margin-bottom: 10px\">Retail significa tambi\u00e9n una imagen de marca y una estrategia de ventas traducidas correctamente a espacio.<\/p>\n\t\t\t\t\t\t\t<a itemprop=\"url\" href=\"https:\/\/mes-arquitectes.com\/es\/servicios-arquitectura\/retail\" target=\"_self\" style=\"color: #ffffff;background-color: #333333;border-color: #333333\" class=\"edgtf-btn edgtf-btn-medium edgtf-btn-solid edgtf-ss-link\"  >    <span class=\"edgtf-btn-text\">Leer m\u00e1s<\/span>    <\/a>\t\t\t<\/div>\n<\/div>[\/vc_column_inner][vc_column_inner width=\u00bb1\/2&#8243;]<div class=\"edgtf-ss-holder edgtf-ss-image-left edgtf-ss-break-680\">\n\t<div class=\"edgtf-ss-image\" style=\"background-image: url(https:\/\/mes-arquitectes.com\/wp-content\/uploads\/2026\/01\/interiorisme-corporatiu.jpg)\">\n\t\t<img loading=\"lazy\" decoding=\"async\" width=\"1600\" height=\"531\" src=\"https:\/\/mes-arquitectes.com\/wp-content\/uploads\/2026\/01\/interiorisme-corporatiu.jpg\" class=\"attachment-full size-full\" alt=\"\" srcset=\"https:\/\/mes-arquitectes.com\/wp-content\/uploads\/2026\/01\/interiorisme-corporatiu.jpg 1600w, https:\/\/mes-arquitectes.com\/wp-content\/uploads\/2026\/01\/interiorisme-corporatiu-300x100.jpg 300w, https:\/\/mes-arquitectes.com\/wp-content\/uploads\/2026\/01\/interiorisme-corporatiu-1024x340.jpg 1024w, https:\/\/mes-arquitectes.com\/wp-content\/uploads\/2026\/01\/interiorisme-corporatiu-768x255.jpg 768w, https:\/\/mes-arquitectes.com\/wp-content\/uploads\/2026\/01\/interiorisme-corporatiu-1536x510.jpg 1536w\" sizes=\"auto, (max-width: 1600px) 100vw, 1600px\" \/>\t<\/div>\n\t<div class=\"edgtf-ss-content\" >\n\t\t\t\t\t<h4 class=\"edgtf-ss-title\" >Servicios a empresas<\/h4>\n\t\t\t\t\t\t\t<p class=\"edgtf-ss-text\" style=\"margin-top: 20px;margin-bottom: 10px\">Las empresas deben renovarse, buscar nuevas f\u00f3rmulas de funcionamiento, reinventarse o morir.<\/p>\n\t\t\t\t\t\t\t<a itemprop=\"url\" href=\"https:\/\/mes-arquitectes.com\/es\/servicios-arquitectura\/servicios-a-empresas\" target=\"_self\" style=\"color: #ffffff;background-color: #333333;border-color: #333333\" class=\"edgtf-btn edgtf-btn-medium edgtf-btn-solid edgtf-ss-link\"  >    <span class=\"edgtf-btn-text\">Leer m\u00e1s<\/span>    <\/a>\t\t\t<\/div>\n<\/div>[\/vc_column_inner][\/vc_row_inner][vc_row_inner][vc_column_inner width=\u00bb1\/2&#8243;]<div class=\"edgtf-ss-holder edgtf-ss-image-right edgtf-ss-break-680\">\n\t<div class=\"edgtf-ss-image\" style=\"background-image: url(https:\/\/mes-arquitectes.com\/wp-content\/uploads\/2026\/01\/sostenibilitat-mes-arquitectes-barcelona.jpg)\">\n\t\t<img loading=\"lazy\" decoding=\"async\" width=\"672\" height=\"472\" src=\"https:\/\/mes-arquitectes.com\/wp-content\/uploads\/2026\/01\/sostenibilitat-mes-arquitectes-barcelona.jpg\" class=\"attachment-full size-full\" alt=\"Arquitectura Sostenible - Mes Arquitectes\" srcset=\"https:\/\/mes-arquitectes.com\/wp-content\/uploads\/2026\/01\/sostenibilitat-mes-arquitectes-barcelona.jpg 672w, https:\/\/mes-arquitectes.com\/wp-content\/uploads\/2026\/01\/sostenibilitat-mes-arquitectes-barcelona-300x211.jpg 300w\" sizes=\"auto, (max-width: 672px) 100vw, 672px\" \/>\t<\/div>\n\t<div class=\"edgtf-ss-content\" >\n\t\t\t\t\t<h4 class=\"edgtf-ss-title\" >Sostenibilidad<\/h4>\n\t\t\t\t\t\t\t<p class=\"edgtf-ss-text\" >El an\u00e1lisis de la impronta ecol\u00f3gica que emite cada material de construcci\u00f3n as\u00ed como su transporte al emplazamiento de la obra son factores clave para contribuir a mejorar el aire de nuestro entorno.<\/p>\n\t\t\t\t\t\t\t<a itemprop=\"url\" href=\"https:\/\/mes-arquitectes.com\/es\/servicios-arquitectura\/arquitectura-sostenible\" target=\"_self\" style=\"color: #ffffff;background-color: #333333;border-color: #333333\" class=\"edgtf-btn edgtf-btn-medium edgtf-btn-solid edgtf-ss-link\"  >    <span class=\"edgtf-btn-text\">Leer m\u00e1s<\/span>    <\/a>\t\t\t<\/div>\n<\/div>[\/vc_column_inner][vc_column_inner width=\u00bb1\/2&#8243;]<div class=\"edgtf-ss-holder edgtf-ss-image-right edgtf-ss-break-680\">\n\t<div class=\"edgtf-ss-image\" style=\"background-image: url(https:\/\/mes-arquitectes.com\/wp-content\/uploads\/2026\/01\/eficiencia-energetica-far.jpg)\">\n\t\t<img loading=\"lazy\" decoding=\"async\" width=\"2048\" height=\"680\" src=\"https:\/\/mes-arquitectes.com\/wp-content\/uploads\/2026\/01\/eficiencia-energetica-far.jpg\" class=\"attachment-full size-full\" alt=\"\" srcset=\"https:\/\/mes-arquitectes.com\/wp-content\/uploads\/2026\/01\/eficiencia-energetica-far.jpg 2048w, https:\/\/mes-arquitectes.com\/wp-content\/uploads\/2026\/01\/eficiencia-energetica-far-300x100.jpg 300w, https:\/\/mes-arquitectes.com\/wp-content\/uploads\/2026\/01\/eficiencia-energetica-far-1024x340.jpg 1024w, https:\/\/mes-arquitectes.com\/wp-content\/uploads\/2026\/01\/eficiencia-energetica-far-768x255.jpg 768w, https:\/\/mes-arquitectes.com\/wp-content\/uploads\/2026\/01\/eficiencia-energetica-far-1536x510.jpg 1536w\" sizes=\"auto, (max-width: 2048px) 100vw, 2048px\" \/>\t<\/div>\n\t<div class=\"edgtf-ss-content\" >\n\t\t\t\t\t<h4 class=\"edgtf-ss-title\" >Eficiencia energ\u00e9tica y digitalizaci\u00f3n en los edificios<\/h4>\n\t\t\t\t\t\t\t<p class=\"edgtf-ss-text\" style=\"margin-top: 20px;margin-bottom: 10px\">La plena autonom\u00eda energ\u00e9tica de los nuevos edificios es una posibilidad totalmente real en la actualidad.<\/p>\n\t\t\t\t\t\t\t<a itemprop=\"url\" href=\"https:\/\/mes-arquitectes.com\/es\/servicios-arquitectura\/eficiencia-energetica-y-digitalitzacion-en-los-edificios\" target=\"_self\" style=\"color: #ffffff;background-color: #333333;border-color: #333333\" class=\"edgtf-btn edgtf-btn-medium edgtf-btn-solid edgtf-ss-link\"  >    <span class=\"edgtf-btn-text\">Leer m\u00e1s<\/span>    <\/a>\t\t\t<\/div>\n<\/div>[\/vc_column_inner][\/vc_row_inner][vc_row_inner][vc_column_inner width=\u00bb1\/2&#8243;]<div class=\"edgtf-ss-holder edgtf-ss-image-left edgtf-ss-break-768\">\n\t<div class=\"edgtf-ss-image\" style=\"background-image: url(https:\/\/mes-arquitectes.com\/wp-content\/uploads\/2026\/01\/salut-edificis.jpg)\">\n\t\t<img loading=\"lazy\" decoding=\"async\" width=\"2048\" height=\"680\" src=\"https:\/\/mes-arquitectes.com\/wp-content\/uploads\/2026\/01\/salut-edificis.jpg\" class=\"attachment-full size-full\" alt=\"\" srcset=\"https:\/\/mes-arquitectes.com\/wp-content\/uploads\/2026\/01\/salut-edificis.jpg 2048w, https:\/\/mes-arquitectes.com\/wp-content\/uploads\/2026\/01\/salut-edificis-300x100.jpg 300w, https:\/\/mes-arquitectes.com\/wp-content\/uploads\/2026\/01\/salut-edificis-1024x340.jpg 1024w, https:\/\/mes-arquitectes.com\/wp-content\/uploads\/2026\/01\/salut-edificis-768x255.jpg 768w, https:\/\/mes-arquitectes.com\/wp-content\/uploads\/2026\/01\/salut-edificis-1536x510.jpg 1536w\" sizes=\"auto, (max-width: 2048px) 100vw, 2048px\" \/>\t<\/div>\n\t<div class=\"edgtf-ss-content\" >\n\t\t\t\t\t<h4 class=\"edgtf-ss-title\" >Salud en los edificios<\/h4>\n\t\t\t\t\t\t\t<p class=\"edgtf-ss-text\" style=\"margin-top: 20px;margin-bottom: 10px\">Una correcta elecci\u00f3n de los materiales durante la fase de proyecto puede suponer la diferencia entre vivir en un entorno saludable o entorno hostil que vaya desgastando nuestra salud.<\/p>\n\t\t\t\t\t\t\t<a itemprop=\"url\" href=\"https:\/\/mes-arquitectes.com\/es\/servicios-arquitectura\/salud-en-los-edificios\" target=\"_self\" style=\"color: #ffffff;background-color: #333333;border-color: #333333\" class=\"edgtf-btn edgtf-btn-medium edgtf-btn-solid edgtf-ss-link\"  >    <span class=\"edgtf-btn-text\">Leer m\u00e1s<\/span>    <\/a>\t\t\t<\/div>\n<\/div>[\/vc_column_inner][vc_column_inner width=\u00bb1\/2&#8243;][\/vc_column_inner][\/vc_row_inner][\/vc_column][\/vc_row][vc_row row_content_width=\u00bbgrid\u00bb][vc_column offset=\u00bbvc_hidden-lg vc_hidden-md vc_hidden-sm\u00bb][vc_row_inner][vc_column_inner width=\u00bb1\/2&#8243;][vc_column_text css=\u00bb\u00bb]<\/p>\n<h4 class=\"edgtf-ss-title\">Arquitectura<\/h4>\n<p class=\"edgtf-ss-text\">Dise\u00f1amos espacios funcionales y c\u00f3modos adaptados de estilo de vida ideal de las personas.<\/p>\n<p>[\/vc_column_text][vc_empty_space]<a itemprop=\"url\" href=\"https:\/\/mes-arquitectes.com\/es\/servicios-arquitectura\/arquitectura\" target=\"_self\"  class=\"edgtf-btn edgtf-btn-medium edgtf-btn-solid\"  >\n    <span class=\"edgtf-btn-text\">Leer m\u00e1s<\/span>\n    <\/a>[vc_empty_space][\/vc_column_inner][vc_column_inner width=\u00bb1\/2&#8243;]<div class=\"edgtf-single-image-holder   \">\n    <div class=\"edgtf-si-inner\">\n                                    <img loading=\"lazy\" decoding=\"async\" src=\"https:\/\/mes-arquitectes.com\/wp-content\/uploads\/2026\/01\/mes-arquitectes-barcelona-costa-brava-casa-tossa-de-mar-650x400.jpg\" alt=\"Casa Tossa de Mar - Mes Arquitectes\" width=\"650\" height=\"400\" \/>                                <\/div>\n<\/div>[\/vc_column_inner][\/vc_row_inner][vc_row_inner css=\u00bb.vc_custom_1770296903379{margin-top: 50px !important;margin-bottom: 50px !important;}\u00bb][vc_column_inner width=\u00bb1\/2&#8243;][vc_column_text css=\u00bb\u00bb]<\/p>\n<h4 class=\"edgtf-ss-title\">Interiorismo<\/h4>\n<p class=\"edgtf-ss-text\">Adaptar los espacios a nuestras nuevas necesidades teniendo en cuenta los valores hist\u00f3ricos preexistentes y saber combinarlos con los nuevos.<\/p>\n<p>[\/vc_column_text][vc_empty_space]<a itemprop=\"url\" href=\"https:\/\/mes-arquitectes.com\/es\/servicios-arquitectura\/interiorismo\" target=\"_self\"  class=\"edgtf-btn edgtf-btn-medium edgtf-btn-solid\"  >\n    <span class=\"edgtf-btn-text\">Leer m\u00e1s<\/span>\n    <\/a>[vc_empty_space][\/vc_column_inner][vc_column_inner width=\u00bb1\/2&#8243;]<div class=\"edgtf-single-image-holder   \">\n    <div class=\"edgtf-si-inner\">\n                                    <img loading=\"lazy\" decoding=\"async\" src=\"https:\/\/mes-arquitectes.com\/wp-content\/uploads\/2026\/01\/mes-arquitectes-interioristas-barcelona-reforma-interior-piso-eixample-650x400.jpg\" alt=\"\" width=\"650\" height=\"400\" \/>                                <\/div>\n<\/div>[\/vc_column_inner][\/vc_row_inner][vc_row_inner][vc_column_inner width=\u00bb1\/2&#8243;][vc_column_text css=\u00bb\u00bb]<\/p>\n<h4 class=\"edgtf-ss-title\">Estudios de viabilidad econ\u00f3mica<\/h4>\n<p class=\"edgtf-ss-text\">Adaptarse a la voluntad econ\u00f3mica de cada cliente es un reto m\u00e1s por desarrollar una obra racional capaz de satisfacer todas las necesidades.<\/p>\n<p>[\/vc_column_text][vc_empty_space]<a itemprop=\"url\" href=\"https:\/\/mes-arquitectes.com\/es\/servicios-arquitectura\/estudios-de-viabilidad-economica\" target=\"_self\"  class=\"edgtf-btn edgtf-btn-medium edgtf-btn-solid\"  >\n    <span class=\"edgtf-btn-text\">Leer m\u00e1s<\/span>\n    <\/a>[vc_empty_space][\/vc_column_inner][vc_column_inner width=\u00bb1\/2&#8243;]<div class=\"edgtf-single-image-holder   \">\n    <div class=\"edgtf-si-inner\">\n                                    <img loading=\"lazy\" decoding=\"async\" src=\"https:\/\/mes-arquitectes.com\/wp-content\/uploads\/2026\/01\/viabilitat-economica-650x400.jpg\" alt=\"\" width=\"650\" height=\"400\" \/>                                <\/div>\n<\/div>[\/vc_column_inner][\/vc_row_inner][vc_row_inner css=\u00bb.vc_custom_1770296903379{margin-top: 50px !important;margin-bottom: 50px !important;}\u00bb][vc_column_inner width=\u00bb1\/2&#8243;][vc_column_text css=\u00bb\u00bb]<\/p>\n<h4 class=\"edgtf-ss-title\">Project management<\/h4>\n<p class=\"edgtf-ss-text\">S\u00f3lo desde una perspectiva global del conjunto podr\u00e1 garantizarse de \u00e9xito del resultado. Tiempo, alcance y coste.<\/p>\n<p>[\/vc_column_text][vc_empty_space]<a itemprop=\"url\" href=\"https:\/\/mes-arquitectes.com\/https:\/\/mes-arquitectes.com\/es\/servicios-arquitectura\/project-management-globales\/servicios-arquitectura\/interiorismo\" target=\"_self\"  class=\"edgtf-btn edgtf-btn-medium edgtf-btn-solid\"  >\n    <span class=\"edgtf-btn-text\">Leer m\u00e1s<\/span>\n    <\/a>[vc_empty_space][\/vc_column_inner][vc_column_inner width=\u00bb1\/2&#8243;]<div class=\"edgtf-single-image-holder   \">\n    <div class=\"edgtf-si-inner\">\n                                    <img loading=\"lazy\" decoding=\"async\" src=\"https:\/\/mes-arquitectes.com\/wp-content\/uploads\/2026\/01\/project-management-650x400.jpg\" alt=\"Servicio Project Management\" width=\"650\" height=\"400\" \/>                                <\/div>\n<\/div>[\/vc_column_inner][\/vc_row_inner][vc_row_inner][vc_column_inner width=\u00bb1\/2&#8243;][vc_column_text css=\u00bb\u00bb]<\/p>\n<h4 class=\"edgtf-ss-title\">Representaci\u00f3n virtual<\/h4>\n<p class=\"edgtf-ss-text\">Ofrecemos la tecnolog\u00eda capaz de sumergir a usuario en los espacios antes de ser materializados.<\/p>\n<p>[\/vc_column_text][vc_empty_space]<a itemprop=\"url\" href=\"https:\/\/mes-arquitectes.com\/es\/servicios-arquitectura\/representacion-virtual\" target=\"_self\"  class=\"edgtf-btn edgtf-btn-medium edgtf-btn-solid\"  >\n    <span class=\"edgtf-btn-text\">Leer m\u00e1s<\/span>\n    <\/a>[vc_empty_space][\/vc_column_inner][vc_column_inner width=\u00bb1\/2&#8243;]<div class=\"edgtf-single-image-holder   \">\n    <div class=\"edgtf-si-inner\">\n                                    <img loading=\"lazy\" decoding=\"async\" src=\"https:\/\/mes-arquitectes.com\/wp-content\/uploads\/2026\/01\/realitat-virtual-650x400.jpg\" alt=\"\" width=\"650\" height=\"400\" \/>                                <\/div>\n<\/div>[\/vc_column_inner][\/vc_row_inner][vc_row_inner css=\u00bb.vc_custom_1770296903379{margin-top: 50px !important;margin-bottom: 50px !important;}\u00bb][vc_column_inner width=\u00bb1\/2&#8243;][vc_column_text css=\u00bb\u00bb]<\/p>\n<h4 class=\"edgtf-ss-title\">Construcci\u00f3n, rehabilitaci\u00f3n y reforma<\/h4>\n<p class=\"edgtf-ss-text\">Ofrecemos a los mejores profesionales con una amplia experiencia en el sector, con fiabilidad de resultados garantizada.<\/p>\n<p>[\/vc_column_text][vc_empty_space]<a itemprop=\"url\" href=\"https:\/\/mes-arquitectes.com\/es\/servicios-arquitectura\/construccion-rehabilitacion-y-reforma\" target=\"_self\"  class=\"edgtf-btn edgtf-btn-medium edgtf-btn-solid\"  >\n    <span class=\"edgtf-btn-text\">Leer m\u00e1s<\/span>\n    <\/a>[vc_empty_space][\/vc_column_inner][vc_column_inner width=\u00bb1\/2&#8243;]<div class=\"edgtf-single-image-holder   \">\n    <div class=\"edgtf-si-inner\">\n                                    <img loading=\"lazy\" decoding=\"async\" src=\"https:\/\/mes-arquitectes.com\/wp-content\/uploads\/2026\/01\/construccio-650x400.jpg\" alt=\"\" width=\"650\" height=\"400\" \/>                                <\/div>\n<\/div>[\/vc_column_inner][\/vc_row_inner][vc_row_inner][vc_column_inner width=\u00bb1\/2&#8243;][vc_column_text css=\u00bb\u00bb]<\/p>\n<h4 class=\"edgtf-ss-title\">Retail<\/h4>\n<p class=\"edgtf-ss-text\">Retail significa tambi\u00e9n una imagen de marca y una estrategia de ventas traducidas correctamente a espacio.<\/p>\n<p>[\/vc_column_text][vc_empty_space]<a itemprop=\"url\" href=\"https:\/\/mes-arquitectes.com\/es\/servicios-arquitectura\/retail\" target=\"_self\"  class=\"edgtf-btn edgtf-btn-medium edgtf-btn-solid\"  >\n    <span class=\"edgtf-btn-text\">Leer m\u00e1s<\/span>\n    <\/a>[vc_empty_space][\/vc_column_inner][vc_column_inner width=\u00bb1\/2&#8243;]<div class=\"edgtf-single-image-holder   \">\n    <div class=\"edgtf-si-inner\">\n                                    <img loading=\"lazy\" decoding=\"async\" src=\"https:\/\/mes-arquitectes.com\/wp-content\/uploads\/2026\/01\/mes-arquitectes-interioristas-retail-carolina-lemke-interior-tienda-portal-angel-barcelona-650x400.jpg\" alt=\"Retail Carolina Lemke Interior - Mes Arquitectes\" width=\"650\" height=\"400\" \/>                                <\/div>\n<\/div>[\/vc_column_inner][\/vc_row_inner][vc_row_inner css=\u00bb.vc_custom_1770296903379{margin-top: 50px !important;margin-bottom: 50px !important;}\u00bb][vc_column_inner width=\u00bb1\/2&#8243;][vc_column_text css=\u00bb\u00bb]<\/p>\n<h4 class=\"edgtf-ss-title\">Servicios a empresas<\/h4>\n<p class=\"edgtf-ss-text\">Las empresas deben renovarse, buscar nuevas f\u00f3rmulas de funcionamiento, reinventarse o morir.<\/p>\n<p>[\/vc_column_text][vc_empty_space]<a itemprop=\"url\" href=\"https:\/\/mes-arquitectes.com\/es\/servicios-arquitectura\/servicios-a-empresas\" target=\"_self\"  class=\"edgtf-btn edgtf-btn-medium edgtf-btn-solid\"  >\n    <span class=\"edgtf-btn-text\">Leer m\u00e1s<\/span>\n    <\/a>[vc_empty_space][\/vc_column_inner][vc_column_inner width=\u00bb1\/2&#8243;]<div class=\"edgtf-single-image-holder   \">\n    <div class=\"edgtf-si-inner\">\n                                    <img loading=\"lazy\" decoding=\"async\" src=\"https:\/\/mes-arquitectes.com\/wp-content\/uploads\/2026\/01\/interiorisme-corporatiu-650x400.jpg\" alt=\"\" width=\"650\" height=\"400\" \/>                                <\/div>\n<\/div>[\/vc_column_inner][\/vc_row_inner][vc_row_inner][vc_column_inner width=\u00bb1\/2&#8243;][vc_column_text css=\u00bb\u00bb]<\/p>\n<h4 class=\"edgtf-ss-title\">Sostenibilidad<\/h4>\n<p class=\"edgtf-ss-text\">El an\u00e1lisis de la impronta ecol\u00f3gica que emite cada material de construcci\u00f3n as\u00ed como su transporte al emplazamiento de la obra son factores clave para contribuir a mejorar el aire de nuestro entorno.<\/p>\n<p>[\/vc_column_text][vc_empty_space]<a itemprop=\"url\" href=\"https:\/\/mes-arquitectes.com\/es\/servicios-arquitectura\/arquitectura-sostenible\" target=\"_self\"  class=\"edgtf-btn edgtf-btn-medium edgtf-btn-solid\"  >\n    <span class=\"edgtf-btn-text\">Leer m\u00e1s<\/span>\n    <\/a>[vc_empty_space][\/vc_column_inner][vc_column_inner width=\u00bb1\/2&#8243;]<div class=\"edgtf-single-image-holder   \">\n    <div class=\"edgtf-si-inner\">\n                                    <img loading=\"lazy\" decoding=\"async\" src=\"https:\/\/mes-arquitectes.com\/wp-content\/uploads\/2026\/01\/sostenibilitat-mes-arquitectes-barcelona-650x400.jpg\" alt=\"Arquitectura Sostenible - Mes Arquitectes\" width=\"650\" height=\"400\" \/>                                <\/div>\n<\/div>[\/vc_column_inner][\/vc_row_inner][vc_row_inner css=\u00bb.vc_custom_1770296903379{margin-top: 50px !important;margin-bottom: 50px !important;}\u00bb][vc_column_inner width=\u00bb1\/2&#8243;][vc_column_text css=\u00bb\u00bb]<\/p>\n<h4 class=\"edgtf-ss-title\">Eficiencia energ\u00e9tica y digitalizaci\u00f3n en los edificios<\/h4>\n<p class=\"edgtf-ss-text\">La plena autonom\u00eda energ\u00e9tica de los nuevos edificios es una posibilidad totalmente real en la actualidad.<\/p>\n<p>[\/vc_column_text][vc_empty_space]<a itemprop=\"url\" href=\"https:\/\/mes-arquitectes.com\/es\/servicios-arquitectura\/eficiencia-energetica-y-digitalitzacion-en-los-edificios\" target=\"_self\"  class=\"edgtf-btn edgtf-btn-medium edgtf-btn-solid\"  >\n    <span class=\"edgtf-btn-text\">Leer m\u00e1s<\/span>\n    <\/a>[vc_empty_space][\/vc_column_inner][vc_column_inner width=\u00bb1\/2&#8243;]<div class=\"edgtf-single-image-holder   \">\n    <div class=\"edgtf-si-inner\">\n                                    <img loading=\"lazy\" decoding=\"async\" src=\"https:\/\/mes-arquitectes.com\/wp-content\/uploads\/2026\/01\/eficiencia-energetica-far-650x400.jpg\" alt=\"\" width=\"650\" height=\"400\" \/>                                <\/div>\n<\/div>[\/vc_column_inner][\/vc_row_inner][vc_row_inner][vc_column_inner width=\u00bb1\/2&#8243;][vc_column_text css=\u00bb\u00bb]<\/p>\n<h4 class=\"edgtf-ss-title\">Salud en los edificios<\/h4>\n<p class=\"edgtf-ss-text\">Una correcta elecci\u00f3n de los materiales durante la fase de proyecto puede suponer la diferencia entre vivir en un entorno saludable o entorno hostil que vaya desgastando nuestra salud.<\/p>\n<p>[\/vc_column_text][vc_empty_space]<a itemprop=\"url\" href=\"https:\/\/mes-arquitectes.com\/es\/servicios-arquitectura\/salud-en-los-edificios\" target=\"_self\"  class=\"edgtf-btn edgtf-btn-medium edgtf-btn-solid\"  >\n    <span class=\"edgtf-btn-text\">Leer m\u00e1s<\/span>\n    <\/a>[vc_empty_space][\/vc_column_inner][vc_column_inner width=\u00bb1\/2&#8243;]<div class=\"edgtf-single-image-holder   \">\n    <div class=\"edgtf-si-inner\">\n                                    <img loading=\"lazy\" decoding=\"async\" src=\"https:\/\/mes-arquitectes.com\/wp-content\/uploads\/2026\/01\/salut-edificis-650x400.jpg\" alt=\"\" width=\"650\" height=\"400\" \/>                                <\/div>\n<\/div>[\/vc_column_inner][\/vc_row_inner][\/vc_column][\/vc_row]<\/p>\n<\/div>","protected":false},"excerpt":{"rendered":"<p>[vc_row][vc_column offset=\u00bbvc_hidden-xs\u00bb][vc_row_inner][vc_column_inner width=\u00bb1\/2&#8243;][\/vc_column_inner][vc_column_inner width=\u00bb1\/2&#8243;][\/vc_column_inner][\/vc_row_inner][vc_row_inner][vc_column_inner width=\u00bb1\/2&#8243;][\/vc_column_inner][vc_column_inner width=\u00bb1\/2&#8243;][\/vc_column_inner][\/vc_row_inner][vc_row_inner][vc_column_inner width=\u00bb1\/2&#8243;][\/vc_column_inner][vc_column_inner width=\u00bb1\/2&#8243;][\/vc_column_inner][\/vc_row_inner][vc_row_inner][vc_column_inner width=\u00bb1\/2&#8243;][\/vc_column_inner][vc_column_inner width=\u00bb1\/2&#8243;][\/vc_column_inner][\/vc_row_inner][vc_row_inner][vc_column_inner width=\u00bb1\/2&#8243;][\/vc_column_inner][vc_column_inner width=\u00bb1\/2&#8243;][\/vc_column_inner][\/vc_row_inner][vc_row_inner][vc_column_inner width=\u00bb1\/2&#8243;][\/vc_column_inner][vc_column_inner width=\u00bb1\/2&#8243;][\/vc_column_inner][\/vc_row_inner][\/vc_column][\/vc_row][vc_row row_content_width=\u00bbgrid\u00bb][vc_column offset=\u00bbvc_hidden-lg vc_hidden-md vc_hidden-sm\u00bb][vc_row_inner][vc_column_inner width=\u00bb1\/2&#8243;][vc_column_text css=\u00bb\u00bb] Arquitectura Dise\u00f1amos espacios funcionales y c\u00f3modos adaptados de estilo de vida ideal de las personas. [\/vc_column_text][vc_empty_space][vc_empty_space][\/vc_column_inner][vc_column_inner width=\u00bb1\/2&#8243;][\/vc_column_inner][\/vc_row_inner][vc_row_inner css=\u00bb.vc_custom_1770296903379{margin-top: 50px !important;margin-bottom: [&hellip;]<\/p>\n","protected":false},"author":1,"featured_media":0,"parent":0,"menu_order":0,"comment_status":"closed","ping_status":"closed","template":"full-width.php","meta":{"footnotes":""},"class_list":["post-10731","page","type-page","status-publish","hentry"],"yoast_head":"<!-- This site is optimized with the Yoast SEO plugin v26.9 - https:\/\/yoast.com\/product\/yoast-seo-wordpress\/ -->\n<title>Servicios de arquitectura - Mes Arquitectes<\/title>\n<meta name=\"robots\" content=\"index, follow, max-snippet:-1, max-image-preview:large, max-video-preview:-1\" \/>\n<link rel=\"canonical\" href=\"https:\/\/mes-arquitectes.com\/es\/servicios-arquitectura\" \/>\n<meta property=\"og:locale\" content=\"es_ES\" \/>\n<meta property=\"og:type\" content=\"article\" \/>\n<meta property=\"og:title\" content=\"Servicios de arquitectura - Mes Arquitectes\" \/>\n<meta property=\"og:description\" content=\"[vc_row][vc_column offset=\u00bbvc_hidden-xs\u00bb][vc_row_inner][vc_column_inner width=\u00bb1\/2&#8243;][\/vc_column_inner][vc_column_inner width=\u00bb1\/2&#8243;][\/vc_column_inner][\/vc_row_inner][vc_row_inner][vc_column_inner width=\u00bb1\/2&#8243;][\/vc_column_inner][vc_column_inner width=\u00bb1\/2&#8243;][\/vc_column_inner][\/vc_row_inner][vc_row_inner][vc_column_inner width=\u00bb1\/2&#8243;][\/vc_column_inner][vc_column_inner width=\u00bb1\/2&#8243;][\/vc_column_inner][\/vc_row_inner][vc_row_inner][vc_column_inner width=\u00bb1\/2&#8243;][\/vc_column_inner][vc_column_inner width=\u00bb1\/2&#8243;][\/vc_column_inner][\/vc_row_inner][vc_row_inner][vc_column_inner width=\u00bb1\/2&#8243;][\/vc_column_inner][vc_column_inner width=\u00bb1\/2&#8243;][\/vc_column_inner][\/vc_row_inner][vc_row_inner][vc_column_inner width=\u00bb1\/2&#8243;][\/vc_column_inner][vc_column_inner width=\u00bb1\/2&#8243;][\/vc_column_inner][\/vc_row_inner][\/vc_column][\/vc_row][vc_row row_content_width=\u00bbgrid\u00bb][vc_column offset=\u00bbvc_hidden-lg vc_hidden-md vc_hidden-sm\u00bb][vc_row_inner][vc_column_inner width=\u00bb1\/2&#8243;][vc_column_text css=\u00bb\u00bb] Arquitectura Dise\u00f1amos espacios funcionales y c\u00f3modos adaptados de estilo de vida ideal de las personas. [\/vc_column_text][vc_empty_space][vc_empty_space][\/vc_column_inner][vc_column_inner width=\u00bb1\/2&#8243;][\/vc_column_inner][\/vc_row_inner][vc_row_inner css=\u00bb.vc_custom_1770296903379{margin-top: 50px !important;margin-bottom: [&hellip;]\" \/>\n<meta property=\"og:url\" content=\"https:\/\/mes-arquitectes.com\/es\/servicios-arquitectura\" \/>\n<meta property=\"og:site_name\" content=\"Mes Arquitectes\" \/>\n<meta property=\"article:modified_time\" content=\"2026-02-05T14:34:50+00:00\" \/>\n<meta name=\"twitter:card\" content=\"summary_large_image\" \/>\n<meta name=\"twitter:label1\" content=\"Tiempo de lectura\" \/>\n\t<meta name=\"twitter:data1\" content=\"9 minutos\" \/>\n<script type=\"application\/ld+json\" class=\"yoast-schema-graph\">{\"@context\":\"https:\/\/schema.org\",\"@graph\":[{\"@type\":\"WebPage\",\"@id\":\"https:\/\/mes-arquitectes.com\/es\/servicios-arquitectura\",\"url\":\"https:\/\/mes-arquitectes.com\/es\/servicios-arquitectura\",\"name\":\"Servicios de arquitectura - Mes Arquitectes\",\"isPartOf\":{\"@id\":\"https:\/\/mes-arquitectes.com\/es#website\"},\"datePublished\":\"2017-04-26T08:20:16+00:00\",\"dateModified\":\"2026-02-05T14:34:50+00:00\",\"breadcrumb\":{\"@id\":\"https:\/\/mes-arquitectes.com\/es\/servicios-arquitectura#breadcrumb\"},\"inLanguage\":\"es\",\"potentialAction\":[{\"@type\":\"ReadAction\",\"target\":[\"https:\/\/mes-arquitectes.com\/es\/servicios-arquitectura\"]}]},{\"@type\":\"BreadcrumbList\",\"@id\":\"https:\/\/mes-arquitectes.com\/es\/servicios-arquitectura#breadcrumb\",\"itemListElement\":[{\"@type\":\"ListItem\",\"position\":1,\"name\":\"Portada\",\"item\":\"https:\/\/mes-arquitectes.com\/es\"},{\"@type\":\"ListItem\",\"position\":2,\"name\":\"Servicios de arquitectura\"}]},{\"@type\":\"WebSite\",\"@id\":\"https:\/\/mes-arquitectes.com\/es#website\",\"url\":\"https:\/\/mes-arquitectes.com\/es\",\"name\":\"Mes Arquitectes\",\"description\":\"Arquitectes i interioristes de Barcelona\",\"potentialAction\":[{\"@type\":\"SearchAction\",\"target\":{\"@type\":\"EntryPoint\",\"urlTemplate\":\"https:\/\/mes-arquitectes.com\/es?s={search_term_string}\"},\"query-input\":{\"@type\":\"PropertyValueSpecification\",\"valueRequired\":true,\"valueName\":\"search_term_string\"}}],\"inLanguage\":\"es\"}]}<\/script>\n<!-- \/ Yoast SEO plugin. -->","yoast_head_json":{"title":"Servicios de arquitectura - Mes Arquitectes","robots":{"index":"index","follow":"follow","max-snippet":"max-snippet:-1","max-image-preview":"max-image-preview:large","max-video-preview":"max-video-preview:-1"},"canonical":"https:\/\/mes-arquitectes.com\/es\/servicios-arquitectura","og_locale":"es_ES","og_type":"article","og_title":"Servicios de arquitectura - Mes Arquitectes","og_description":"[vc_row][vc_column offset=\u00bbvc_hidden-xs\u00bb][vc_row_inner][vc_column_inner width=\u00bb1\/2&#8243;][\/vc_column_inner][vc_column_inner width=\u00bb1\/2&#8243;][\/vc_column_inner][\/vc_row_inner][vc_row_inner][vc_column_inner width=\u00bb1\/2&#8243;][\/vc_column_inner][vc_column_inner width=\u00bb1\/2&#8243;][\/vc_column_inner][\/vc_row_inner][vc_row_inner][vc_column_inner width=\u00bb1\/2&#8243;][\/vc_column_inner][vc_column_inner width=\u00bb1\/2&#8243;][\/vc_column_inner][\/vc_row_inner][vc_row_inner][vc_column_inner width=\u00bb1\/2&#8243;][\/vc_column_inner][vc_column_inner width=\u00bb1\/2&#8243;][\/vc_column_inner][\/vc_row_inner][vc_row_inner][vc_column_inner width=\u00bb1\/2&#8243;][\/vc_column_inner][vc_column_inner width=\u00bb1\/2&#8243;][\/vc_column_inner][\/vc_row_inner][vc_row_inner][vc_column_inner width=\u00bb1\/2&#8243;][\/vc_column_inner][vc_column_inner width=\u00bb1\/2&#8243;][\/vc_column_inner][\/vc_row_inner][\/vc_column][\/vc_row][vc_row row_content_width=\u00bbgrid\u00bb][vc_column offset=\u00bbvc_hidden-lg vc_hidden-md vc_hidden-sm\u00bb][vc_row_inner][vc_column_inner width=\u00bb1\/2&#8243;][vc_column_text css=\u00bb\u00bb] Arquitectura Dise\u00f1amos espacios funcionales y c\u00f3modos adaptados de estilo de vida ideal de las personas. [\/vc_column_text][vc_empty_space][vc_empty_space][\/vc_column_inner][vc_column_inner width=\u00bb1\/2&#8243;][\/vc_column_inner][\/vc_row_inner][vc_row_inner css=\u00bb.vc_custom_1770296903379{margin-top: 50px !important;margin-bottom: [&hellip;]","og_url":"https:\/\/mes-arquitectes.com\/es\/servicios-arquitectura","og_site_name":"Mes Arquitectes","article_modified_time":"2026-02-05T14:34:50+00:00","twitter_card":"summary_large_image","twitter_misc":{"Tiempo de lectura":"9 minutos"},"schema":{"@context":"https:\/\/schema.org","@graph":[{"@type":"WebPage","@id":"https:\/\/mes-arquitectes.com\/es\/servicios-arquitectura","url":"https:\/\/mes-arquitectes.com\/es\/servicios-arquitectura","name":"Servicios de arquitectura - Mes Arquitectes","isPartOf":{"@id":"https:\/\/mes-arquitectes.com\/es#website"},"datePublished":"2017-04-26T08:20:16+00:00","dateModified":"2026-02-05T14:34:50+00:00","breadcrumb":{"@id":"https:\/\/mes-arquitectes.com\/es\/servicios-arquitectura#breadcrumb"},"inLanguage":"es","potentialAction":[{"@type":"ReadAction","target":["https:\/\/mes-arquitectes.com\/es\/servicios-arquitectura"]}]},{"@type":"BreadcrumbList","@id":"https:\/\/mes-arquitectes.com\/es\/servicios-arquitectura#breadcrumb","itemListElement":[{"@type":"ListItem","position":1,"name":"Portada","item":"https:\/\/mes-arquitectes.com\/es"},{"@type":"ListItem","position":2,"name":"Servicios de arquitectura"}]},{"@type":"WebSite","@id":"https:\/\/mes-arquitectes.com\/es#website","url":"https:\/\/mes-arquitectes.com\/es","name":"Mes Arquitectes","description":"Arquitectes i interioristes de Barcelona","potentialAction":[{"@type":"SearchAction","target":{"@type":"EntryPoint","urlTemplate":"https:\/\/mes-arquitectes.com\/es?s={search_term_string}"},"query-input":{"@type":"PropertyValueSpecification","valueRequired":true,"valueName":"search_term_string"}}],"inLanguage":"es"}]}},"_links":{"self":[{"href":"https:\/\/mes-arquitectes.com\/es\/wp-json\/wp\/v2\/pages\/10731","targetHints":{"allow":["GET"]}}],"collection":[{"href":"https:\/\/mes-arquitectes.com\/es\/wp-json\/wp\/v2\/pages"}],"about":[{"href":"https:\/\/mes-arquitectes.com\/es\/wp-json\/wp\/v2\/types\/page"}],"author":[{"embeddable":true,"href":"https:\/\/mes-arquitectes.com\/es\/wp-json\/wp\/v2\/users\/1"}],"replies":[{"embeddable":true,"href":"https:\/\/mes-arquitectes.com\/es\/wp-json\/wp\/v2\/comments?post=10731"}],"version-history":[{"count":24,"href":"https:\/\/mes-arquitectes.com\/es\/wp-json\/wp\/v2\/pages\/10731\/revisions"}],"predecessor-version":[{"id":10896,"href":"https:\/\/mes-arquitectes.com\/es\/wp-json\/wp\/v2\/pages\/10731\/revisions\/10896"}],"wp:attachment":[{"href":"https:\/\/mes-arquitectes.com\/es\/wp-json\/wp\/v2\/media?parent=10731"}],"curies":[{"name":"wp","href":"https:\/\/api.w.org\/{rel}","templated":true}]}}