{"id":10733,"date":"2026-01-27T17:11:59","date_gmt":"2026-01-27T16:11:59","guid":{"rendered":"https:\/\/mes-arquitectes.com\/sostenibilitat"},"modified":"2026-02-04T10:00:23","modified_gmt":"2026-02-04T10:00:23","slug":"sostenibilidad","status":"publish","type":"page","link":"https:\/\/mes-arquitectes.com\/es\/sostenibilidad","title":{"rendered":"Sostenibilidad"},"content":{"rendered":"<div class=\"wpb-content-wrapper\"><p>[vc_row][vc_column]<div class=\"edgtf-section-title-holder edgtf-st-standard edgtf-st-title-left edgtf-st-normal-space \" style=\"text-align: center\">\n\t<div class=\"edgtf-st-inner\">\n\t\t\t\t\t<h3 class=\"edgtf-st-title\" >\n\t\t\t\tLa Casa Pasiva y los edificios EEC<br \/>\n(Edificio Energ\u00eda neta Zero)\t\t\t<\/h3>\n\t\t\t\t\t\t\t<h5 class=\"edgtf-st-text\" >\n\t\t\t\tDISE\u00d1O, AHORRO, SALUD Y MEDIO AMBIENTE\t\t\t<\/h5>\n\t\t\t<\/div>\n<\/div>[vc_empty_space height=\u00bb20px\u00bb][vc_column_text css=\u00bb\u00bb]<img loading=\"lazy\" decoding=\"async\" class=\"alignright wp-image-10492\" src=\"https:\/\/mes-arquitectes.com\/wp-content\/uploads\/2026\/01\/13-logo-certified-passive-house-150x150.jpg\" alt=\"\" width=\"94\" height=\"94\" srcset=\"https:\/\/mes-arquitectes.com\/wp-content\/uploads\/2026\/01\/13-logo-certified-passive-house-150x150.jpg 150w, https:\/\/mes-arquitectes.com\/wp-content\/uploads\/2026\/01\/13-logo-certified-passive-house-300x298.jpg 300w, https:\/\/mes-arquitectes.com\/wp-content\/uploads\/2026\/01\/13-logo-certified-passive-house-550x550.jpg 550w, https:\/\/mes-arquitectes.com\/wp-content\/uploads\/2026\/01\/13-logo-certified-passive-house.jpg 692w\" sizes=\"auto, (max-width: 94px) 100vw, 94px\" \/>El concepto \u201c<strong><em>Pasiva<\/em><\/strong>\u201d se usa para definir la capacidad de la edificaci\u00f3n para aprovechar al m\u00e1ximo los recursos naturales de su entorno, persiguiendo un funcionamiento lo m\u00e1s aut\u00f3nomo posible, minimizando la aportaci\u00f3n de energ\u00eda adicional y la dependencia de los elementos mec\u00e1nicos (\u00abSistemas Activos\u00bb).[\/vc_column_text][vc_empty_space height=\u00bb50px\u00bb][\/vc_column][\/vc_row][vc_row equal_height=\u00bbyes\u00bb content_placement=\u00bbmiddle\u00bb][vc_column width=\u00bb1\/2&#8243;][vc_column_text css=\u00bb\u00bb]<\/p>\n<h5><strong>Durante el proceso de dise\u00f1o es importante tener en cuenta los siguientes conceptos:<\/strong><\/h5>\n<p>[\/vc_column_text][vc_empty_space height=\u00bb25px\u00bb]<div class=\"edgtf-icon-list-holder\" style=\"margin-bottom: 10px\">\n\t<div class=\"edgtf-il-icon-holder\">\n\t\t<span aria-hidden=\"true\" class=\"edgtf-icon-font-elegant icon_box-checked \" style=\"color: #000000;font-size: 20px\"><\/span>\t<\/div>\n\t<p class=\"edgtf-il-text\" style=\"color: #000000;padding-left: 20px\">Correcta orientaci\u00f3n solar<\/p>\n<\/div>[vc_column_text css=\u00bb\u00bb]Buscar la entrada del Sol hacia el interior de la vivienda durante los meses fr\u00edos y protegerse de los mismos durante los meses c\u00e1lidos.[\/vc_column_text][vc_empty_space height=\u00bb25px\u00bb]<div class=\"edgtf-icon-list-holder\" style=\"margin-bottom: 10px\">\n\t<div class=\"edgtf-il-icon-holder\">\n\t\t<span aria-hidden=\"true\" class=\"edgtf-icon-font-elegant icon_box-checked \" style=\"color: #000000;font-size: 20px\"><\/span>\t<\/div>\n\t<p class=\"edgtf-il-text\" style=\"color: #000000;padding-left: 20px\">Aislamiento t\u00e9rmico<\/p>\n<\/div>[vc_column_text css=\u00bb\u00bb]Los grosores adecuados permiten gozar de confort en el interior de la vivienda, tanto en verano como en invierno sin necesidad de consumo energ\u00e9tico. El aislamiento debe se continuo y evitar las p\u00e9rdidas por puentes t\u00e9rmicos.[\/vc_column_text][vc_empty_space height=\u00bb25px\u00bb]<div class=\"edgtf-icon-list-holder\" style=\"margin-bottom: 10px\">\n\t<div class=\"edgtf-il-icon-holder\">\n\t\t<span aria-hidden=\"true\" class=\"edgtf-icon-font-elegant icon_box-checked \" style=\"color: #000000;font-size: 20px\"><\/span>\t<\/div>\n\t<p class=\"edgtf-il-text\" style=\"color: #000000;padding-left: 20px\">Sistemas de ventilaci\u00f3n natural<\/p>\n<\/div>[vc_column_text css=\u00bb\u00bb]Ventilaci\u00f3n cruzada y recuperadores de energ\u00eda.[\/vc_column_text][vc_empty_space height=\u00bb25px\u00bb]<div class=\"edgtf-icon-list-holder\" style=\"margin-bottom: 10px\">\n\t<div class=\"edgtf-il-icon-holder\">\n\t\t<span aria-hidden=\"true\" class=\"edgtf-icon-font-elegant icon_box-checked \" style=\"color: #000000;font-size: 20px\"><\/span>\t<\/div>\n\t<p class=\"edgtf-il-text\" style=\"color: #000000;padding-left: 20px\">Sistemas activos de alto rendimiento<\/p>\n<\/div>[vc_column_text css=\u00bb\u00bb]Minimizado el uso de \u00e9stos, es importante que las instalaciones sean de alta eficiencia.[\/vc_column_text][\/vc_column][vc_column width=\u00bb1\/2&#8243;][vc_single_image image=\u00bb10736&#8243; img_size=\u00bbfull\u00bb onclick=\u00bbzoom\u00bb css=\u00bb\u00bb][\/vc_column][\/vc_row][vc_row full_width=\u00bbstretch_row\u00bb equal_height=\u00bbyes\u00bb css=\u00bb.vc_custom_1769696328879{margin-top: 50px !important;margin-bottom: 30px !important;padding-top: 40px !important;padding-bottom: 40px !important;background-color: #F5F5F5 !important;}\u00bb][vc_column width=\u00bb1\/2&#8243;][vc_single_image image=\u00bb10737&#8243; img_size=\u00bbfull\u00bb css=\u00bb\u00bb][vc_column_text css=\u00bb\u00bb]<strong>Mucho m\u00e1s que una etiqueta<\/strong><br \/>\nLa calificaci\u00f3n energ\u00e9tica A supone al cabo del a\u00f1o un importante ahorro energ\u00e9tico y econ\u00f3mico.[\/vc_column_text][\/vc_column][vc_column width=\u00bb1\/2&#8243;][vc_single_image image=\u00bb10738&#8243; img_size=\u00bbfull\u00bb css=\u00bb\u00bb][vc_column_text css=\u00bb\u00bb]<strong>ANTES Y DESPU\u00c9S<\/strong><br \/>\nContol de p\u00e9rdida t\u00e9rmica.[\/vc_column_text][\/vc_column][\/vc_row][vc_row][vc_column]<div class=\"edgtf-section-title-holder edgtf-st-standard edgtf-st-title-left edgtf-st-normal-space \" style=\"text-align: center\">\n\t<div class=\"edgtf-st-inner\">\n\t\t\t\t\t<h3 class=\"edgtf-st-title\" >\n\t\t\t\tReforma Bioclim\u00e1tica\t\t\t<\/h3>\n\t\t\t\t\t\t\t<h5 class=\"edgtf-st-text\" >\n\t\t\t\tINTERIORISMO Y AHORRO ENERG\u00c9TICO\t\t\t<\/h5>\n\t\t\t<\/div>\n<\/div>[vc_empty_space height=\u00bb20px\u00bb][vc_column_text css=\u00bb\u00bb]<\/p>\n<p style=\"text-align: center;\">Al realizar una reforma integral tenemos en cuenta varios aspectos, adem\u00e1s de la redistribuci\u00f3n del espacio o del cambio de materiales, ofrecemos mejoras en:<\/p>\n<p>[\/vc_column_text][vc_empty_space height=\u00bb50px\u00bb][vc_row_inner equal_height=\u00bbyes\u00bb content_text_aligment=\u00bbcenter\u00bb][vc_column_inner width=\u00bb1\/5&#8243;]    <span class=\"edgtf-icon-shortcode edgtf-circle edgtf-icon-medium\" style=\"width: 100px;height: 100px;line-height: 100px\" >\n                    <i class=\"edgtf-icon-font-awesome fa fa-lightbulb-o edgtf-icon-element\" style=\"\" ><\/i>            <\/span>\n[vc_column_text css=\u00bb\u00bb]Eficiencia energ\u00e9tica y por tanto ahorro econ\u00f3mico.[\/vc_column_text][vc_empty_space][\/vc_column_inner][vc_column_inner width=\u00bb1\/5&#8243;]    <span class=\"edgtf-icon-shortcode edgtf-circle edgtf-icon-medium\" style=\"width: 100px;height: 100px;line-height: 100px\" >\n                    <i class=\"edgtf-icon-font-awesome fa fa-home edgtf-icon-element\" style=\"\" ><\/i>            <\/span>\n[vc_column_text css=\u00bb\u00bb]Salud, calidad de vida, bienestar y confort del espacio.[\/vc_column_text][vc_empty_space][\/vc_column_inner][vc_column_inner width=\u00bb1\/5&#8243;]    <span class=\"edgtf-icon-shortcode edgtf-circle edgtf-icon-medium\" style=\"width: 100px;height: 100px;line-height: 100px\" >\n                    <i class=\"edgtf-icon-font-awesome fa fa-paint-brush edgtf-icon-element\" style=\"\" ><\/i>            <\/span>\n[vc_column_text css=\u00bb\u00bb]Interiorismo y estilo, porque un entorno est\u00e9tico y a tu gusto forma parte del bienestar.[\/vc_column_text][vc_empty_space][\/vc_column_inner][vc_column_inner width=\u00bb1\/5&#8243;]    <span class=\"edgtf-icon-shortcode edgtf-circle edgtf-icon-medium\" style=\"width: 100px;height: 100px;line-height: 100px\" >\n                    <i class=\"edgtf-icon-font-awesome fa fa-leaf edgtf-icon-element\" style=\"\" ><\/i>            <\/span>\n[vc_column_text css=\u00bb\u00bb]Mejora del medio ambiente: el mejor lugar para contribuir a la sostenibilidad global empieza en tu propio hogar.[\/vc_column_text][vc_empty_space][\/vc_column_inner][vc_column_inner width=\u00bb1\/5&#8243;]    <span class=\"edgtf-icon-shortcode edgtf-circle edgtf-icon-medium\" style=\"width: 100px;height: 100px;line-height: 100px\" >\n                    <i class=\"edgtf-icon-font-awesome fa fa-money edgtf-icon-element\" style=\"\" ><\/i>            <\/span>\n[vc_column_text css=\u00bb\u00bb]Es una buena inversi\u00f3n: una vivienda bioclim\u00e1tica consume y se desgasta menos, al ser m\u00e1s sana envejece mejor, se conseguir\u00e1 una mejor certificaci\u00f3n energ\u00e9tica y si alg\u00fan d\u00eda se vende se conseguir\u00e1 por ella un mejor precio.[\/vc_column_text][vc_empty_space][\/vc_column_inner][\/vc_row_inner][\/vc_column][\/vc_row][vc_row full_width=\u00bbstretch_row\u00bb css=\u00bb.vc_custom_1769696851247{margin-top: 50px !important;padding-top: 40px !important;padding-bottom: 40px !important;background-color: #F5F5F5 !important;}\u00bb][vc_column]<div class=\"edgtf-section-title-holder edgtf-st-standard edgtf-st-title-left edgtf-st-normal-space \" style=\"text-align: center\">\n\t<div class=\"edgtf-st-inner\">\n\t\t\t\t\t<h4 class=\"edgtf-st-title\" >\n\t\t\t\tSalud y materiales naturales\t\t\t<\/h4>\n\t\t\t\t\t\t\t<h5 class=\"edgtf-st-text\" >\n\t\t\t\tDEC\u00c1LOGO DE UNA VIVIENDA SALUDABLE\t\t\t<\/h5>\n\t\t\t<\/div>\n<\/div>[vc_empty_space height=\u00bb50px\u00bb][vc_row_inner][vc_column_inner width=\u00bb1\/2&#8243;][vc_column_text css=\u00bb\u00bb]<\/p>\n<p><strong>1- VIVIENDA Y ENTORNO:<\/strong><br \/>\nElecci\u00f3n del emplazamiento de la vivienda ambientalmente m\u00e1s favorable e integraci\u00f3n urban\u00edstica positiva acorde con la arquitectura local y con el entorno (campo, pueblo, ciudad\u2026), primando los espacios exteriores cuidados y abundante vegetaci\u00f3n (zonas arboladas o boscosas, parques\u2026).<\/p>\n<p><strong>2- EVALUACI\u00d3N GLOBAL DE LOS FACTORES DE RIESGO EN TORNO A LA VIVIENDA:<\/strong><br \/>\nRuido y contaminaci\u00f3n ac\u00fastica, fuentes de contaminaci\u00f3n electromagn\u00e9tica (l\u00edneas de alta tensi\u00f3n, subestaciones el\u00e9ctricas, transformadores, antenas de telefon\u00eda m\u00f3vil o de telecomunicaciones) o fuentes de contaminaci\u00f3n ambiental (vertederos, industrias contaminantes, incineradoras\u2026) que impidan a una vivienda ser saludable para sus moradores al estar en un entorno saludable.<\/p>\n<p><strong>3- ESTUDIO GEOBIOL\u00d3GICO DEL EMPLAZAMIENTO DE LA VIVIENDA:<\/strong><br \/>\nY especialmente de los espacios de larga permanencia (dormitorios, lugares de trabajo, descanso\u2026) evitando las zonas de intensa radiaci\u00f3n terrestre, las alteraciones tel\u00faricas o geof\u00edsicas y los cruces de bandas geomagn\u00e9ticas, eligiendo las zonas denominadas de \u201cBuen Sitio\u201d favorables para la salud y la vida.<\/p>\n<p><strong>4- AUSENCIA DE CONTAMINACI\u00d3N EL\u00c9CTRICA O ELECTROMAGN\u00c9TICA EN EL INTERIOR DE LA VIVIENDA:<\/strong><br \/>\nEvitando la proximidad de fuentes de contaminaci\u00f3n electromagn\u00e9tica y realizando instalaciones el\u00e9ctricas biocompatibles en la vivienda (apantallamiento de cables, correctas tomas de tierra, sistemas de desconexi\u00f3n el\u00e9ctrica autom\u00e1ticos\u2026).<\/p>\n<p><strong>5- CRITERIOS DE BIOCONSTRUCCI\u00d3N:<\/strong><br \/>\nDise\u00f1o bioclim\u00e1tico que aprovecha los recursos de la naturaleza para climatizar el edificio. Elecci\u00f3n razonada de los sistemas constructivos y de los materiales, primando el que sean lo m\u00e1s eficientes, confortables, saludables y ecol\u00f3gicos posible. Primar el ahorro energ\u00e9tico y el uso de energ\u00edas limpias y renovables.<\/p>\n<p>[\/vc_column_text][\/vc_column_inner][vc_column_inner width=\u00bb1\/2&#8243;][vc_column_text css=\u00bb\u00bb]<\/p>\n<p><strong>6- MATERIALES SANOS Y ECOL\u00d3GICOS:<\/strong><br \/>\nElecci\u00f3n de los materiales, pinturas, acabados, mobiliario y elementos decorativos, seg\u00fan criterios de biocompatibilidad y medioambientalmente respetuosos (ecol\u00f3gicos). Los materiales deben propiciar la salud de los moradores, ser transpirables, de baja emisi\u00f3n radiactiva y ausentes de compuestos qu\u00edmicos potencialmente t\u00f3xicos.<\/p>\n<p><strong>7- CALIDAD DEL AIRE INTERIOR:<\/strong><br \/>\nMantener una constante renovaci\u00f3n del aire interior y una adecuada ionizaci\u00f3n. Evitar la introducci\u00f3n en la vivienda de elementos de construcci\u00f3n o de decoraci\u00f3n y de productos de limpieza, con sustancias qu\u00edmicas potencialmente t\u00f3xicas para la salud o agresivas para el medio ambiente. Optar por una \u201cqu\u00edmica suave\u201d y poco agresiva. Hacer amplio uso de las plantas para la purificaci\u00f3n y limpieza del aire interior.<\/p>\n<p><strong>8- ILUMINACI\u00d3N NATURAL:<\/strong><br \/>\nOrientaci\u00f3n de las fachadas principales al sol, amplias aperturas y elecci\u00f3n de l\u00e1mparas y sistemas de iluminaci\u00f3n artificial de m\u00e1xima eficiencia, bajo consumo energ\u00e9tico y alta calidad biol\u00f3gica (espectro solar completo).<\/p>\n<p><strong>9- \u00d3PTIMA GESTI\u00d3N DE LOS RESIDUOS NATURALES:<\/strong><br \/>\nEvitar la generaci\u00f3n de excesivos residuos dom\u00e9sticos, con un consumo responsable y la separaci\u00f3n selectiva en la vivienda. Gesti\u00f3n responsable del agua (ahorro, reciclaje y depuraci\u00f3n ecol\u00f3gica).<\/p>\n<p><strong>10- RESPONSABILIDAD DE LA VIVIENDA CON LA VIDA, LA SALUD Y EN ENTORNO:<\/strong><br \/>\nPromoviendo que las viviendas sean dise\u00f1adas, construidas o rehabilitadas con criterios de conciencia y responsabilidad medioambiental, siendo conscientes de la implicaci\u00f3n que la vivienda ejerce sobre la salud de sus moradores y como factor de riesgo o de impacto medioambiental. Y procurando que las viviendas y lugares de trabajo, cumplan en la medida de lo posible con unos criterios m\u00ednimos de higiene energ\u00e9tica e implementen de forma progresiva los criterios de biohabitabilidad.<\/p>\n<p>[\/vc_column_text][\/vc_column_inner][\/vc_row_inner][\/vc_column][\/vc_row]<\/p>\n<\/div>","protected":false},"excerpt":{"rendered":"<p>[vc_row][vc_column][vc_empty_space height=\u00bb20px\u00bb][vc_column_text css=\u00bb\u00bb]El concepto \u201cPasiva\u201d se usa para definir la capacidad de la edificaci\u00f3n para aprovechar al m\u00e1ximo los recursos naturales de su entorno, persiguiendo un funcionamiento lo m\u00e1s aut\u00f3nomo posible, minimizando la aportaci\u00f3n de energ\u00eda adicional y la dependencia [&hellip;]<\/p>\n","protected":false},"author":1,"featured_media":0,"parent":0,"menu_order":0,"comment_status":"closed","ping_status":"closed","template":"","meta":{"footnotes":""},"class_list":["post-10733","page","type-page","status-publish","hentry"],"yoast_head":"<!-- This site is optimized with the Yoast SEO plugin v26.9 - https:\/\/yoast.com\/product\/yoast-seo-wordpress\/ -->\n<title>Sostenibilidad - Mes Arquitectes<\/title>\n<meta name=\"robots\" content=\"index, follow, max-snippet:-1, max-image-preview:large, max-video-preview:-1\" \/>\n<link rel=\"canonical\" href=\"https:\/\/mes-arquitectes.com\/es\/sostenibilidad\" \/>\n<meta property=\"og:locale\" content=\"es_ES\" \/>\n<meta property=\"og:type\" content=\"article\" \/>\n<meta property=\"og:title\" content=\"Sostenibilidad - Mes Arquitectes\" \/>\n<meta property=\"og:description\" content=\"[vc_row][vc_column][vc_empty_space height=\u00bb20px\u00bb][vc_column_text css=\u00bb\u00bb]El concepto \u201cPasiva\u201d se usa para definir la capacidad de la edificaci\u00f3n para aprovechar al m\u00e1ximo los recursos naturales de su entorno, persiguiendo un funcionamiento lo m\u00e1s aut\u00f3nomo posible, minimizando la aportaci\u00f3n de energ\u00eda adicional y la dependencia [&hellip;]\" \/>\n<meta property=\"og:url\" content=\"https:\/\/mes-arquitectes.com\/es\/sostenibilidad\" \/>\n<meta property=\"og:site_name\" content=\"Mes Arquitectes\" \/>\n<meta property=\"article:modified_time\" content=\"2026-02-04T10:00:23+00:00\" \/>\n<meta property=\"og:image\" content=\"https:\/\/mes-arquitectes.com\/wp-content\/uploads\/2026\/01\/13-logo-certified-passive-house.jpg\" \/>\n\t<meta property=\"og:image:width\" content=\"692\" \/>\n\t<meta property=\"og:image:height\" content=\"688\" \/>\n\t<meta property=\"og:image:type\" content=\"image\/jpeg\" \/>\n<meta name=\"twitter:card\" content=\"summary_large_image\" \/>\n<meta name=\"twitter:label1\" content=\"Tiempo de lectura\" \/>\n\t<meta name=\"twitter:data1\" content=\"7 minutos\" \/>\n<script type=\"application\/ld+json\" class=\"yoast-schema-graph\">{\"@context\":\"https:\/\/schema.org\",\"@graph\":[{\"@type\":\"WebPage\",\"@id\":\"https:\/\/mes-arquitectes.com\/es\/sostenibilidad\",\"url\":\"https:\/\/mes-arquitectes.com\/es\/sostenibilidad\",\"name\":\"Sostenibilidad - Mes Arquitectes\",\"isPartOf\":{\"@id\":\"https:\/\/mes-arquitectes.com\/es#website\"},\"primaryImageOfPage\":{\"@id\":\"https:\/\/mes-arquitectes.com\/es\/sostenibilidad#primaryimage\"},\"image\":{\"@id\":\"https:\/\/mes-arquitectes.com\/es\/sostenibilidad#primaryimage\"},\"thumbnailUrl\":\"https:\/\/mes-arquitectes.com\/wp-content\/uploads\/2026\/01\/13-logo-certified-passive-house-150x150.jpg\",\"datePublished\":\"2026-01-27T16:11:59+00:00\",\"dateModified\":\"2026-02-04T10:00:23+00:00\",\"breadcrumb\":{\"@id\":\"https:\/\/mes-arquitectes.com\/es\/sostenibilidad#breadcrumb\"},\"inLanguage\":\"es\",\"potentialAction\":[{\"@type\":\"ReadAction\",\"target\":[\"https:\/\/mes-arquitectes.com\/es\/sostenibilidad\"]}]},{\"@type\":\"ImageObject\",\"inLanguage\":\"es\",\"@id\":\"https:\/\/mes-arquitectes.com\/es\/sostenibilidad#primaryimage\",\"url\":\"https:\/\/mes-arquitectes.com\/wp-content\/uploads\/2026\/01\/13-logo-certified-passive-house-150x150.jpg\",\"contentUrl\":\"https:\/\/mes-arquitectes.com\/wp-content\/uploads\/2026\/01\/13-logo-certified-passive-house-150x150.jpg\"},{\"@type\":\"BreadcrumbList\",\"@id\":\"https:\/\/mes-arquitectes.com\/es\/sostenibilidad#breadcrumb\",\"itemListElement\":[{\"@type\":\"ListItem\",\"position\":1,\"name\":\"Portada\",\"item\":\"https:\/\/mes-arquitectes.com\/es\"},{\"@type\":\"ListItem\",\"position\":2,\"name\":\"Sostenibilidad\"}]},{\"@type\":\"WebSite\",\"@id\":\"https:\/\/mes-arquitectes.com\/es#website\",\"url\":\"https:\/\/mes-arquitectes.com\/es\",\"name\":\"Mes Arquitectes\",\"description\":\"Arquitectes i interioristes de Barcelona\",\"potentialAction\":[{\"@type\":\"SearchAction\",\"target\":{\"@type\":\"EntryPoint\",\"urlTemplate\":\"https:\/\/mes-arquitectes.com\/es?s={search_term_string}\"},\"query-input\":{\"@type\":\"PropertyValueSpecification\",\"valueRequired\":true,\"valueName\":\"search_term_string\"}}],\"inLanguage\":\"es\"}]}<\/script>\n<!-- \/ Yoast SEO plugin. -->","yoast_head_json":{"title":"Sostenibilidad - Mes Arquitectes","robots":{"index":"index","follow":"follow","max-snippet":"max-snippet:-1","max-image-preview":"max-image-preview:large","max-video-preview":"max-video-preview:-1"},"canonical":"https:\/\/mes-arquitectes.com\/es\/sostenibilidad","og_locale":"es_ES","og_type":"article","og_title":"Sostenibilidad - Mes Arquitectes","og_description":"[vc_row][vc_column][vc_empty_space height=\u00bb20px\u00bb][vc_column_text css=\u00bb\u00bb]El concepto \u201cPasiva\u201d se usa para definir la capacidad de la edificaci\u00f3n para aprovechar al m\u00e1ximo los recursos naturales de su entorno, persiguiendo un funcionamiento lo m\u00e1s aut\u00f3nomo posible, minimizando la aportaci\u00f3n de energ\u00eda adicional y la dependencia [&hellip;]","og_url":"https:\/\/mes-arquitectes.com\/es\/sostenibilidad","og_site_name":"Mes Arquitectes","article_modified_time":"2026-02-04T10:00:23+00:00","og_image":[{"width":692,"height":688,"url":"https:\/\/mes-arquitectes.com\/wp-content\/uploads\/2026\/01\/13-logo-certified-passive-house.jpg","type":"image\/jpeg"}],"twitter_card":"summary_large_image","twitter_misc":{"Tiempo de lectura":"7 minutos"},"schema":{"@context":"https:\/\/schema.org","@graph":[{"@type":"WebPage","@id":"https:\/\/mes-arquitectes.com\/es\/sostenibilidad","url":"https:\/\/mes-arquitectes.com\/es\/sostenibilidad","name":"Sostenibilidad - Mes Arquitectes","isPartOf":{"@id":"https:\/\/mes-arquitectes.com\/es#website"},"primaryImageOfPage":{"@id":"https:\/\/mes-arquitectes.com\/es\/sostenibilidad#primaryimage"},"image":{"@id":"https:\/\/mes-arquitectes.com\/es\/sostenibilidad#primaryimage"},"thumbnailUrl":"https:\/\/mes-arquitectes.com\/wp-content\/uploads\/2026\/01\/13-logo-certified-passive-house-150x150.jpg","datePublished":"2026-01-27T16:11:59+00:00","dateModified":"2026-02-04T10:00:23+00:00","breadcrumb":{"@id":"https:\/\/mes-arquitectes.com\/es\/sostenibilidad#breadcrumb"},"inLanguage":"es","potentialAction":[{"@type":"ReadAction","target":["https:\/\/mes-arquitectes.com\/es\/sostenibilidad"]}]},{"@type":"ImageObject","inLanguage":"es","@id":"https:\/\/mes-arquitectes.com\/es\/sostenibilidad#primaryimage","url":"https:\/\/mes-arquitectes.com\/wp-content\/uploads\/2026\/01\/13-logo-certified-passive-house-150x150.jpg","contentUrl":"https:\/\/mes-arquitectes.com\/wp-content\/uploads\/2026\/01\/13-logo-certified-passive-house-150x150.jpg"},{"@type":"BreadcrumbList","@id":"https:\/\/mes-arquitectes.com\/es\/sostenibilidad#breadcrumb","itemListElement":[{"@type":"ListItem","position":1,"name":"Portada","item":"https:\/\/mes-arquitectes.com\/es"},{"@type":"ListItem","position":2,"name":"Sostenibilidad"}]},{"@type":"WebSite","@id":"https:\/\/mes-arquitectes.com\/es#website","url":"https:\/\/mes-arquitectes.com\/es","name":"Mes Arquitectes","description":"Arquitectes i interioristes de Barcelona","potentialAction":[{"@type":"SearchAction","target":{"@type":"EntryPoint","urlTemplate":"https:\/\/mes-arquitectes.com\/es?s={search_term_string}"},"query-input":{"@type":"PropertyValueSpecification","valueRequired":true,"valueName":"search_term_string"}}],"inLanguage":"es"}]}},"_links":{"self":[{"href":"https:\/\/mes-arquitectes.com\/es\/wp-json\/wp\/v2\/pages\/10733","targetHints":{"allow":["GET"]}}],"collection":[{"href":"https:\/\/mes-arquitectes.com\/es\/wp-json\/wp\/v2\/pages"}],"about":[{"href":"https:\/\/mes-arquitectes.com\/es\/wp-json\/wp\/v2\/types\/page"}],"author":[{"embeddable":true,"href":"https:\/\/mes-arquitectes.com\/es\/wp-json\/wp\/v2\/users\/1"}],"replies":[{"embeddable":true,"href":"https:\/\/mes-arquitectes.com\/es\/wp-json\/wp\/v2\/comments?post=10733"}],"version-history":[{"count":5,"href":"https:\/\/mes-arquitectes.com\/es\/wp-json\/wp\/v2\/pages\/10733\/revisions"}],"predecessor-version":[{"id":10744,"href":"https:\/\/mes-arquitectes.com\/es\/wp-json\/wp\/v2\/pages\/10733\/revisions\/10744"}],"wp:attachment":[{"href":"https:\/\/mes-arquitectes.com\/es\/wp-json\/wp\/v2\/media?parent=10733"}],"curies":[{"name":"wp","href":"https:\/\/api.w.org\/{rel}","templated":true}]}}