{"id":10747,"date":"2026-01-22T16:58:20","date_gmt":"2026-01-22T15:58:20","guid":{"rendered":"https:\/\/mes-arquitectes.com\/serveis\/arquitectura"},"modified":"2026-02-04T17:11:43","modified_gmt":"2026-02-04T17:11:43","slug":"arquitectura","status":"publish","type":"page","link":"https:\/\/mes-arquitectes.com\/es\/servicios-arquitectura\/arquitectura","title":{"rendered":"Arquitectura"},"content":{"rendered":"<div class=\"wpb-content-wrapper\"><p>[vc_row equal_height=\u00bbyes\u00bb content_placement=\u00bbmiddle\u00bb css=\u00bb.vc_custom_1769102006256{margin-top: 30px !important;margin-bottom: 50px !important;}\u00bb][vc_column width=\u00bb1\/2&#8243;][vc_column_text css=\u00bb\u00bb]<\/p>\n<p style=\"text-align: left;\">Tener en cuenta el lugar, aprovechar sus puntos fuertes y darle la vuelta a los inconvenientes para que el problema se convierta en soluci\u00f3n. Racionalidad, fluidez espacial y luminosidad.<\/p>\n<p style=\"text-align: left;\">Dise\u00f1amos espacios funcionales y confortables adaptados al modo de vida ideal de las personas, ya sea en el hogar, en el trabajo o en cualquier otro tipo de edificaci\u00f3n. Ayudamos a encontrar el estilo de cada uno de nuestros clientes de acuerdo con su personalidad, persiguiendo la atemporalidad y la creaci\u00f3n \u00fanica en cada obra. Mediante el proceso del proyecto definimos la creaci\u00f3n arquitect\u00f3nica con la que despu\u00e9s va a interactuar el usuario, entendiendo el dise\u00f1o del espacio y sus objetos como algo capaz de mejorar nuestras vidas.<\/p>\n<h4>La vida es un proyecto.<\/h4>\n<p>[\/vc_column_text][\/vc_column][vc_column width=\u00bb1\/2&#8243;][vc_single_image image=\u00bb10749&#8243; img_size=\u00bbfull\u00bb css=\u00bb\u00bb][\/vc_column][\/vc_row][vc_row css=\u00bb.vc_custom_1769510038763{margin-top: 50px !important;margin-bottom: 50px !important;}\u00bb][vc_column][vc_column_text css=\u00bb\u00bb]<\/p>\n<blockquote>\n<p style=\"text-align: left;\"><strong>\u201cArquitectura es cosa de arte, un fen\u00f3meno de emociones, que queda fuera y m\u00e1s all\u00e1 de las cuestiones constructivas. El prop\u00f3sito de la construcci\u00f3n es mantener las cosas juntas y el de la arquitectura es deleitarnos.\u201d<\/strong><\/p>\n<p style=\"text-align: left;\"><em>(Charles-\u00c9douard Jeanneret-Gris, Le Corbusier, arquitecto suizo)<\/em><\/p>\n<\/blockquote>\n<p>[\/vc_column_text][\/vc_column][\/vc_row][vc_row full_width=\u00bbstretch_row\u00bb content_text_aligment=\u00bbcenter\u00bb css=\u00bb.vc_custom_1769697000758{margin-top: 30px !important;margin-bottom: 30px !important;padding-top: 40px !important;padding-bottom: 70px !important;background-color: #F5F5F5 !important;}\u00bb][vc_column]<div class=\"edgtf-section-title-holder edgtf-st-standard edgtf-st-title-left edgtf-st-normal-space \" style=\"text-align: center\">\n\t<div class=\"edgtf-st-inner\">\n\t\t\t\t\t<h4 class=\"edgtf-st-title\" >\n\t\t\t\tProyectos de arquitectura\t\t\t<\/h4>\n\t\t\t\t\t\t\t<h5 class=\"edgtf-st-text\" >\n\t\t\t\tDescubre los \u00faltimos proyectos de Mes Arquitectes.\t\t\t<\/h5>\n\t\t\t<\/div>\n<\/div>[vc_empty_space height=\u00bb60px\u00bb]<div class=\"edgtf-portfolio-slider-holder edgtf-pl-custom-743949  edgtf-skin-light\"><div class=\"edgtf-portfolio-list-holder edgtf-pl-gallery edgtf-pl-normal-space edgtf-pl-three-columns edgtf-pl-standard-shader edgtf-skin-light    edgtf-pl-pag-no-pagination     edgtf-pag-below-slider\"  data-type=gallery data-number-of-columns=3 data-space-between-items=normal data-number-of-items=6 data-image-proportions=landscape data-enable-fixed-proportions=no data-enable-image-shadow=no data-order-by=date data-order=ASC data-item-style=standard-shader data-overlay-skin=light data-enable-title=yes data-title-tag=h5 data-enable-category=no data-enable-count-images=yes data-enable-excerpt=no data-excerpt-length=20 data-pagination-type=no-pagination data-filter=no data-filter-order-by=name data-enable-article-animation=no data-portfolio-slider-on=yes data-enable-loop=yes data-enable-autoplay=yes data-slider-speed=5000 data-slider-speed-animation=600 data-enable-navigation=yes data-enable-pagination=yes data-pagination-position=below-slider data-custom-class=edgtf-pl-custom-743949 data-max-num-pages=5 data-next-page=2>\n\t\t\n\t<div class=\"edgtf-pl-inner edgtf-owl-slider edgtf-pl-is-slider clearfix\">\n\t\t\n<article class=\"edgtf-pl-item  post-10968 portfolio-item type-portfolio-item status-publish has-post-thumbnail hentry portfolio-category-vivienda\"  >\n\t<div class=\"edgtf-pl-item-inner\">\n\t\t<div class=\"edgtf-pli-image \">\n\t\t\t\t<img loading=\"lazy\" decoding=\"async\" width=\"936\" height=\"550\" src=\"https:\/\/mes-arquitectes.com\/wp-content\/uploads\/2026\/01\/01-casa-sitges00-936x550.jpg\" class=\"attachment-maison_image_landscape size-maison_image_landscape wp-post-image\" alt=\"\" \/>\t<\/div>\n<div class=\"edgtf-pli-text-holder\">\n\t<div class=\"edgtf-pli-text-wrapper\">\n\t\t<div class=\"edgtf-pli-text\">\n\t\t\t\t<h5 itemprop=\"name\" class=\"edgtf-pli-title entry-title\" >\n\t\tCasa en Sitges\t<\/h5>\n\n\t\t\t\n\t\t\t\t\t<\/div>\n\t<\/div>\n<\/div>\t\t\t\n\t\t\t\t\t<a itemprop=\"url\" class=\"edgtf-pli-link edgtf-block-drag-link\" href=\"https:\/\/mes-arquitectes.com\/es\/proyecto\/casa-en-sitges\" target=\"_self\"><\/a>\n\t\t\t<\/div>\n<\/article>\n<article class=\"edgtf-pl-item  post-10928 portfolio-item type-portfolio-item status-publish has-post-thumbnail hentry portfolio-category-interior\"  >\n\t<div class=\"edgtf-pl-item-inner\">\n\t\t<div class=\"edgtf-pli-image \">\n\t\t\t\t<img loading=\"lazy\" decoding=\"async\" width=\"936\" height=\"550\" src=\"https:\/\/mes-arquitectes.com\/wp-content\/uploads\/2026\/01\/mes-arquitectes-barcelona-empresa-reformes-pisos-habitatges-1-936x550.jpg\" class=\"attachment-maison_image_landscape size-maison_image_landscape wp-post-image\" alt=\"\" \/>\t<\/div>\n<div class=\"edgtf-pli-text-holder\">\n\t<div class=\"edgtf-pli-text-wrapper\">\n\t\t<div class=\"edgtf-pli-text\">\n\t\t\t\t<h5 itemprop=\"name\" class=\"edgtf-pli-title entry-title\" >\n\t\tReforma de vivienda en Mar\u00eda Cristina\t<\/h5>\n\n\t\t\t\n\t\t\t\t\t<\/div>\n\t<\/div>\n<\/div>\t\t\t\n\t\t\t\t\t<a itemprop=\"url\" class=\"edgtf-pli-link edgtf-block-drag-link\" href=\"https:\/\/mes-arquitectes.com\/es\/proyecto\/reforma-de-vivienda-en-maria-cristina-barcelona\" target=\"_self\"><\/a>\n\t\t\t<\/div>\n<\/article>\n<article class=\"edgtf-pl-item  post-10921 portfolio-item type-portfolio-item status-publish has-post-thumbnail hentry portfolio-category-equipamientos\"  >\n\t<div class=\"edgtf-pl-item-inner\">\n\t\t<div class=\"edgtf-pli-image \">\n\t\t\t\t<img loading=\"lazy\" decoding=\"async\" width=\"1100\" height=\"550\" src=\"https:\/\/mes-arquitectes.com\/wp-content\/uploads\/2026\/01\/01-escola-primaria-massanet-pati-1100x550.jpg\" class=\"attachment-maison_image_landscape size-maison_image_landscape wp-post-image\" alt=\"\" \/>\t<\/div>\n<div class=\"edgtf-pli-text-holder\">\n\t<div class=\"edgtf-pli-text-wrapper\">\n\t\t<div class=\"edgtf-pli-text\">\n\t\t\t\t<h5 itemprop=\"name\" class=\"edgtf-pli-title entry-title\" >\n\t\tEscuela en Ma\u00e7anet\t<\/h5>\n\n\t\t\t\n\t\t\t\t\t<\/div>\n\t<\/div>\n<\/div>\t\t\t\n\t\t\t\t\t<a itemprop=\"url\" class=\"edgtf-pli-link edgtf-block-drag-link\" href=\"https:\/\/mes-arquitectes.com\/es\/proyecto\/escuela-en-macanet\" target=\"_self\"><\/a>\n\t\t\t<\/div>\n<\/article>\n<article class=\"edgtf-pl-item  post-10982 portfolio-item type-portfolio-item status-publish has-post-thumbnail hentry portfolio-category-vivienda\"  >\n\t<div class=\"edgtf-pl-item-inner\">\n\t\t<div class=\"edgtf-pli-image \">\n\t\t\t\t<img loading=\"lazy\" decoding=\"async\" width=\"936\" height=\"550\" src=\"https:\/\/mes-arquitectes.com\/wp-content\/uploads\/2026\/01\/01-casa-bellaterra-cerdanyola-exterior-936x550.jpg\" class=\"attachment-maison_image_landscape size-maison_image_landscape wp-post-image\" alt=\"\" \/>\t<\/div>\n<div class=\"edgtf-pli-text-holder\">\n\t<div class=\"edgtf-pli-text-wrapper\">\n\t\t<div class=\"edgtf-pli-text\">\n\t\t\t\t<h5 itemprop=\"name\" class=\"edgtf-pli-title entry-title\" >\n\t\tCasa en Bellaterra\t<\/h5>\n\n\t\t\t\n\t\t\t\t\t<\/div>\n\t<\/div>\n<\/div>\t\t\t\n\t\t\t\t\t<a itemprop=\"url\" class=\"edgtf-pli-link edgtf-block-drag-link\" href=\"https:\/\/mes-arquitectes.com\/es\/proyecto\/casa-en-bellaterra\" target=\"_self\"><\/a>\n\t\t\t<\/div>\n<\/article>\n<article class=\"edgtf-pl-item  post-10692 portfolio-item type-portfolio-item status-publish has-post-thumbnail hentry portfolio-category-vivienda\"  >\n\t<div class=\"edgtf-pl-item-inner\">\n\t\t<div class=\"edgtf-pli-image \">\n\t\t\t\t<img loading=\"lazy\" decoding=\"async\" width=\"936\" height=\"550\" src=\"https:\/\/mes-arquitectes.com\/wp-content\/uploads\/2026\/01\/02-casa-maresme-936x550.jpg\" class=\"attachment-maison_image_landscape size-maison_image_landscape wp-post-image\" alt=\"\" \/>\t<\/div>\n<div class=\"edgtf-pli-text-holder\">\n\t<div class=\"edgtf-pli-text-wrapper\">\n\t\t<div class=\"edgtf-pli-text\">\n\t\t\t\t<h5 itemprop=\"name\" class=\"edgtf-pli-title entry-title\" >\n\t\tCasa en el Maresme\t<\/h5>\n\n\t\t\t\n\t\t\t\t\t<\/div>\n\t<\/div>\n<\/div>\t\t\t\n\t\t\t\t\t<a itemprop=\"url\" class=\"edgtf-pli-link edgtf-block-drag-link\" href=\"https:\/\/mes-arquitectes.com\/es\/proyecto\/casa-en-el-maresme\" target=\"_self\"><\/a>\n\t\t\t<\/div>\n<\/article>\n<article class=\"edgtf-pl-item  post-10962 portfolio-item type-portfolio-item status-publish has-post-thumbnail hentry portfolio-category-equipamientos\"  >\n\t<div class=\"edgtf-pl-item-inner\">\n\t\t<div class=\"edgtf-pli-image \">\n\t\t\t\t<img loading=\"lazy\" decoding=\"async\" width=\"936\" height=\"550\" src=\"https:\/\/mes-arquitectes.com\/wp-content\/uploads\/2026\/01\/mes-arquitectes-barcelona-oficines-estudi-arquitectura-936x550.jpg\" class=\"attachment-maison_image_landscape size-maison_image_landscape wp-post-image\" alt=\"\" \/>\t<\/div>\n<div class=\"edgtf-pli-text-holder\">\n\t<div class=\"edgtf-pli-text-wrapper\">\n\t\t<div class=\"edgtf-pli-text\">\n\t\t\t\t<h5 itemprop=\"name\" class=\"edgtf-pli-title entry-title\" >\n\t\tArquitectura Postcovid\t<\/h5>\n\n\t\t\t\n\t\t\t\t\t<\/div>\n\t<\/div>\n<\/div>\t\t\t\n\t\t\t\t\t<a itemprop=\"url\" class=\"edgtf-pli-link edgtf-block-drag-link\" href=\"https:\/\/mes-arquitectes.com\/es\/proyecto\/arquitectura-postcovid-el-lugar-de-trabajo-en-el-epicentro-de-la-transformacion-urbana\" target=\"_self\"><\/a>\n\t\t\t<\/div>\n<\/article>\t<\/div>\n\t\n\t<\/div><\/div>[vc_empty_space height=\u00bb40px\u00bb]<a itemprop=\"url\" href=\"\/es\/proyectos-arquitectura\" target=\"_self\"  class=\"edgtf-btn edgtf-btn-medium edgtf-btn-outline\"  >\n    <span class=\"edgtf-btn-text\">Ver todos los proyectos<\/span>\n    <\/a>[\/vc_column][\/vc_row][vc_row full_width=\u00bbstretch_row\u00bb simple_background_color=\u00bb#F5F5F5&#8243; css=\u00bb.vc_custom_1769696964309{padding-top: 40px !important;padding-bottom: 40px !important;background-color: #FFFFFF !important;}\u00bb][vc_column]<div class=\"edgtf-call-to-action-holder  edgtf-normal-layout edgtf-content-in-grid edgtf-three-quarters-columns\">\n\t<div class=\"edgtf-cta-inner  edgtf-grid\">\n\t\t<div class=\"edgtf-cta-text-holder\">\n\t\t\t<div class=\"edgtf-cta-text\">\n<h4><strong>\u00bfNecesitas m\u00e1s informaci\u00f3n sobre nuestros servicios de arquitectura?<\/strong><\/h4>\n<h5>P\u00eddenos presupuesto sin compromiso<\/h5>\n<\/div>\n\t\t<\/div>\n\t\t<div class=\"edgtf-cta-button-holder\" >\n\t\t\t<div class=\"edgtf-cta-button\"><a itemprop=\"url\" href=\"\/es\/contacto\" target=\"_self\"  class=\"edgtf-btn edgtf-btn-medium edgtf-btn-solid\"  >    <span class=\"edgtf-btn-text\">Cont\u00e1ctanos<\/span>    <\/a><\/div>\n\t\t<\/div>\n\t<\/div>\n<\/div>[\/vc_column][\/vc_row]<\/p>\n<\/div>","protected":false},"excerpt":{"rendered":"<p>[vc_row equal_height=\u00bbyes\u00bb content_placement=\u00bbmiddle\u00bb css=\u00bb.vc_custom_1769102006256{margin-top: 30px !important;margin-bottom: 50px !important;}\u00bb][vc_column width=\u00bb1\/2&#8243;][vc_column_text css=\u00bb\u00bb] Tener en cuenta el lugar, aprovechar sus puntos fuertes y darle la vuelta a los inconvenientes para que el problema se convierta en soluci\u00f3n. Racionalidad, fluidez espacial y luminosidad. Dise\u00f1amos [&hellip;]<\/p>\n","protected":false},"author":1,"featured_media":0,"parent":10731,"menu_order":0,"comment_status":"closed","ping_status":"closed","template":"","meta":{"footnotes":""},"class_list":["post-10747","page","type-page","status-publish","hentry"],"yoast_head":"<!-- This site is optimized with the Yoast SEO plugin v26.9 - https:\/\/yoast.com\/product\/yoast-seo-wordpress\/ -->\n<title>Arquitectura - Mes Arquitectes<\/title>\n<meta name=\"robots\" content=\"index, follow, max-snippet:-1, max-image-preview:large, max-video-preview:-1\" \/>\n<link rel=\"canonical\" href=\"https:\/\/mes-arquitectes.com\/es\/servicios-arquitectura\/arquitectura\" \/>\n<meta property=\"og:locale\" content=\"es_ES\" \/>\n<meta property=\"og:type\" content=\"article\" \/>\n<meta property=\"og:title\" content=\"Arquitectura - Mes Arquitectes\" \/>\n<meta property=\"og:description\" content=\"[vc_row equal_height=\u00bbyes\u00bb content_placement=\u00bbmiddle\u00bb css=\u00bb.vc_custom_1769102006256{margin-top: 30px !important;margin-bottom: 50px !important;}\u00bb][vc_column width=\u00bb1\/2&#8243;][vc_column_text css=\u00bb\u00bb] Tener en cuenta el lugar, aprovechar sus puntos fuertes y darle la vuelta a los inconvenientes para que el problema se convierta en soluci\u00f3n. Racionalidad, fluidez espacial y luminosidad. Dise\u00f1amos [&hellip;]\" \/>\n<meta property=\"og:url\" content=\"https:\/\/mes-arquitectes.com\/es\/servicios-arquitectura\/arquitectura\" \/>\n<meta property=\"og:site_name\" content=\"Mes Arquitectes\" \/>\n<meta property=\"article:modified_time\" content=\"2026-02-04T17:11:43+00:00\" \/>\n<meta name=\"twitter:card\" content=\"summary_large_image\" \/>\n<meta name=\"twitter:label1\" content=\"Tiempo de lectura\" \/>\n\t<meta name=\"twitter:data1\" content=\"2 minutos\" \/>\n<script type=\"application\/ld+json\" class=\"yoast-schema-graph\">{\"@context\":\"https:\/\/schema.org\",\"@graph\":[{\"@type\":\"WebPage\",\"@id\":\"https:\/\/mes-arquitectes.com\/es\/servicios-arquitectura\/arquitectura\",\"url\":\"https:\/\/mes-arquitectes.com\/es\/servicios-arquitectura\/arquitectura\",\"name\":\"Arquitectura - Mes Arquitectes\",\"isPartOf\":{\"@id\":\"https:\/\/mes-arquitectes.com\/es#website\"},\"datePublished\":\"2026-01-22T15:58:20+00:00\",\"dateModified\":\"2026-02-04T17:11:43+00:00\",\"breadcrumb\":{\"@id\":\"https:\/\/mes-arquitectes.com\/es\/servicios-arquitectura\/arquitectura#breadcrumb\"},\"inLanguage\":\"es\",\"potentialAction\":[{\"@type\":\"ReadAction\",\"target\":[\"https:\/\/mes-arquitectes.com\/es\/servicios-arquitectura\/arquitectura\"]}]},{\"@type\":\"BreadcrumbList\",\"@id\":\"https:\/\/mes-arquitectes.com\/es\/servicios-arquitectura\/arquitectura#breadcrumb\",\"itemListElement\":[{\"@type\":\"ListItem\",\"position\":1,\"name\":\"Portada\",\"item\":\"https:\/\/mes-arquitectes.com\/es\"},{\"@type\":\"ListItem\",\"position\":2,\"name\":\"Servicios de arquitectura\",\"item\":\"https:\/\/mes-arquitectes.com\/es\/servicios-arquitectura\"},{\"@type\":\"ListItem\",\"position\":3,\"name\":\"Arquitectura\"}]},{\"@type\":\"WebSite\",\"@id\":\"https:\/\/mes-arquitectes.com\/es#website\",\"url\":\"https:\/\/mes-arquitectes.com\/es\",\"name\":\"Mes Arquitectes\",\"description\":\"Arquitectes i interioristes de Barcelona\",\"potentialAction\":[{\"@type\":\"SearchAction\",\"target\":{\"@type\":\"EntryPoint\",\"urlTemplate\":\"https:\/\/mes-arquitectes.com\/es?s={search_term_string}\"},\"query-input\":{\"@type\":\"PropertyValueSpecification\",\"valueRequired\":true,\"valueName\":\"search_term_string\"}}],\"inLanguage\":\"es\"}]}<\/script>\n<!-- \/ Yoast SEO plugin. -->","yoast_head_json":{"title":"Arquitectura - Mes Arquitectes","robots":{"index":"index","follow":"follow","max-snippet":"max-snippet:-1","max-image-preview":"max-image-preview:large","max-video-preview":"max-video-preview:-1"},"canonical":"https:\/\/mes-arquitectes.com\/es\/servicios-arquitectura\/arquitectura","og_locale":"es_ES","og_type":"article","og_title":"Arquitectura - Mes Arquitectes","og_description":"[vc_row equal_height=\u00bbyes\u00bb content_placement=\u00bbmiddle\u00bb css=\u00bb.vc_custom_1769102006256{margin-top: 30px !important;margin-bottom: 50px !important;}\u00bb][vc_column width=\u00bb1\/2&#8243;][vc_column_text css=\u00bb\u00bb] Tener en cuenta el lugar, aprovechar sus puntos fuertes y darle la vuelta a los inconvenientes para que el problema se convierta en soluci\u00f3n. Racionalidad, fluidez espacial y luminosidad. Dise\u00f1amos [&hellip;]","og_url":"https:\/\/mes-arquitectes.com\/es\/servicios-arquitectura\/arquitectura","og_site_name":"Mes Arquitectes","article_modified_time":"2026-02-04T17:11:43+00:00","twitter_card":"summary_large_image","twitter_misc":{"Tiempo de lectura":"2 minutos"},"schema":{"@context":"https:\/\/schema.org","@graph":[{"@type":"WebPage","@id":"https:\/\/mes-arquitectes.com\/es\/servicios-arquitectura\/arquitectura","url":"https:\/\/mes-arquitectes.com\/es\/servicios-arquitectura\/arquitectura","name":"Arquitectura - Mes Arquitectes","isPartOf":{"@id":"https:\/\/mes-arquitectes.com\/es#website"},"datePublished":"2026-01-22T15:58:20+00:00","dateModified":"2026-02-04T17:11:43+00:00","breadcrumb":{"@id":"https:\/\/mes-arquitectes.com\/es\/servicios-arquitectura\/arquitectura#breadcrumb"},"inLanguage":"es","potentialAction":[{"@type":"ReadAction","target":["https:\/\/mes-arquitectes.com\/es\/servicios-arquitectura\/arquitectura"]}]},{"@type":"BreadcrumbList","@id":"https:\/\/mes-arquitectes.com\/es\/servicios-arquitectura\/arquitectura#breadcrumb","itemListElement":[{"@type":"ListItem","position":1,"name":"Portada","item":"https:\/\/mes-arquitectes.com\/es"},{"@type":"ListItem","position":2,"name":"Servicios de arquitectura","item":"https:\/\/mes-arquitectes.com\/es\/servicios-arquitectura"},{"@type":"ListItem","position":3,"name":"Arquitectura"}]},{"@type":"WebSite","@id":"https:\/\/mes-arquitectes.com\/es#website","url":"https:\/\/mes-arquitectes.com\/es","name":"Mes Arquitectes","description":"Arquitectes i interioristes de Barcelona","potentialAction":[{"@type":"SearchAction","target":{"@type":"EntryPoint","urlTemplate":"https:\/\/mes-arquitectes.com\/es?s={search_term_string}"},"query-input":{"@type":"PropertyValueSpecification","valueRequired":true,"valueName":"search_term_string"}}],"inLanguage":"es"}]}},"_links":{"self":[{"href":"https:\/\/mes-arquitectes.com\/es\/wp-json\/wp\/v2\/pages\/10747","targetHints":{"allow":["GET"]}}],"collection":[{"href":"https:\/\/mes-arquitectes.com\/es\/wp-json\/wp\/v2\/pages"}],"about":[{"href":"https:\/\/mes-arquitectes.com\/es\/wp-json\/wp\/v2\/types\/page"}],"author":[{"embeddable":true,"href":"https:\/\/mes-arquitectes.com\/es\/wp-json\/wp\/v2\/users\/1"}],"replies":[{"embeddable":true,"href":"https:\/\/mes-arquitectes.com\/es\/wp-json\/wp\/v2\/comments?post=10747"}],"version-history":[{"count":5,"href":"https:\/\/mes-arquitectes.com\/es\/wp-json\/wp\/v2\/pages\/10747\/revisions"}],"predecessor-version":[{"id":10812,"href":"https:\/\/mes-arquitectes.com\/es\/wp-json\/wp\/v2\/pages\/10747\/revisions\/10812"}],"up":[{"embeddable":true,"href":"https:\/\/mes-arquitectes.com\/es\/wp-json\/wp\/v2\/pages\/10731"}],"wp:attachment":[{"href":"https:\/\/mes-arquitectes.com\/es\/wp-json\/wp\/v2\/media?parent=10747"}],"curies":[{"name":"wp","href":"https:\/\/api.w.org\/{rel}","templated":true}]}}