{"id":10807,"date":"2026-01-22T10:39:45","date_gmt":"2026-01-22T09:39:45","guid":{"rendered":"https:\/\/mes-arquitectes.com\/politica-de-privacitat"},"modified":"2026-02-04T16:49:43","modified_gmt":"2026-02-04T16:49:43","slug":"politica-de-privacidad","status":"publish","type":"page","link":"https:\/\/mes-arquitectes.com\/es\/politica-de-privacidad","title":{"rendered":"Pol\u00edtica de privacidad"},"content":{"rendered":"<div class=\"wpb-content-wrapper\"><p>[vc_row css=\u00bb.vc_custom_1769513529350{margin-bottom: 50px !important;}\u00bb][vc_column][vc_column_text css=\u00bb\u00bb]<\/p>\n<div class=\"et_pb_text_inner\">\n<h4><strong>RESPONSABILIDAD LEGAL POR EL CONTENIDO<\/strong><\/h4>\n<p>Mes arquitectes contiene textos elaborados con fines meramente informativos o divulgativos que pueden no reflejar el estado actual de la legislaci\u00f3n o la jurisprudencia y que se refieren a situaciones generales por lo que su contenido no puede ser aplicado nunca por el usuario a casos concretos.<\/p>\n<p>Las opiniones vertidas en los mismos no reflejan necesariamente los puntos de vista de Mes arquitectes.<\/p>\n<p>El contenido de los art\u00edculos publicados en Mes arquitectes no puede ser considerado, en ning\u00fan caso, sustitutivo de asesoramiento legal.<\/p>\n<p>El usuario no debe actuar sobre la base de la informaci\u00f3n contenida en Mes arquitectes sin recurrir previamente al correspondiente asesoramiento profesional.<\/p>\n<h5><strong>Derechos de propiedad intelectual e industrial<\/strong><\/h5>\n<p>Mediante estas Condiciones Generales no se cede ning\u00fan derecho de propiedad intelectual o industrial sobre el\u00a0 portal Mes arquitectes ni sobre ninguno de sus elementos integrantes, quedando expresamente prohibidos al Usuario la reproducci\u00f3n, transformaci\u00f3n, distribuci\u00f3n, comunicaci\u00f3n p\u00fablica, puesta a disposici\u00f3n del p\u00fablico, extracci\u00f3n, reutilizaci\u00f3n, reenv\u00edo o la utilizaci\u00f3n de cualquier naturaleza, por cualquier medio o procedimiento, de cualquiera de ellos, salvo en los casos en que est\u00e9 legalmente permitido o sea autorizado por el titular de los correspondientes derechos.<\/p>\n<p>El usuario conoce y acepta que la totalidad del sitio web, conteniendo sin car\u00e1cter exhaustivo el texto, las im\u00e1genes, los dise\u00f1os,\u00a0 software, contenidos (incluyendo estructura, selecci\u00f3n, ordenaci\u00f3n y presentaci\u00f3n de los mismos), material audiovisual y gr\u00e1ficos, est\u00e1 protegida por marcas, derechos de autor y otros derechos leg\u00edtimos registrados, de acuerdo con los tratados internacionales en los que Espa\u00f1a es parte y otros derechos de propiedad y leyes de Espa\u00f1a.<\/p>\n<p>En el caso de que un usuario o un tercero consideren que se ha producido una violaci\u00f3n de sus leg\u00edtimos derechos de propiedad intelectual por la introducci\u00f3n de un determinado contenido en Mes arquitectes, deber\u00e1 notificar dicha circunstancia a Mes arquitectes indicando:<\/p>\n<ul>\n<li>Datos personales del interesado titular de los derechos presuntamente infringidos, o indicar la representaci\u00f3n con la que act\u00faa en caso de que la reclamaci\u00f3n la presente un tercero distinto del interesado.<\/li>\n<\/ul>\n<p>Se\u00f1alar los contenidos protegidos por los derechos de propiedad intelectual y su ubicaci\u00f3n en Mes arquitectes, la acreditaci\u00f3n de los derechos de propiedad intelectual se\u00f1alados y declaraci\u00f3n expresa en la que el interesado se responsabiliza de la veracidad de las informaciones facilitadas en la notificaci\u00f3n.<\/p>\n<h5><strong>Normativa y resoluci\u00f3n de conflictos<\/strong><\/h5>\n<p>Las presentes condiciones de uso de Mes arquitectes se rigen en todos y cada uno de sus extremos por la ley espa\u00f1ola. El idioma de redacci\u00f3n e interpretaci\u00f3n de este aviso legal es el espa\u00f1ol.<\/p>\n<p>Este aviso legal no se archivar\u00e1 individualmente para cada usuario sino que permanecer\u00e1 accesible por medio de Internet en Mes arquitectes.<\/p>\n<p>Los usuarios pueden someterse al Sistema Arbitral de Consumo del que Mes arquitectes formar\u00e1 parte para resolver cualquier controversia o reclamaci\u00f3n derivada del presente texto o de cualquier actividad de Tu Yo Director, excepto para solventar aquellos conflictos que traigan causa del desarrollo de una actividad que requiera colegiaci\u00f3n, en cuyo caso el usuario deber\u00e1 dirigirse al \u00f3rgano correspondiente del colegio de abogados oportuno.<\/p>\n<p>Los usuarios que tengan la condici\u00f3n de consumidores o usuarios conforme los define la normativa espa\u00f1ola y residan en la Uni\u00f3n Europea, si han tenido un problema con una compra online realizada a Mes arquitectes, para tratar de llegar a un acuerdo extrajudicial pueden acudir a la<a href=\"https:\/\/ec.europa.eu\/consumers\/odr\/main\/index.cfm?event=main.home.chooseLanguage\" target=\"_blank\" rel=\"noopener\">\u00a0Plataforma de Resoluci\u00f3n de Litigios en L\u00ednea<\/a>, creada por la Uni\u00f3n Europea y desarrollada por la Comisi\u00f3n Europea al amparo del\u00a0<a href=\"http:\/\/eur-lex.europa.eu\/legal-content\/ES\/TXT\/?uri=celex%3A32013R0524\" target=\"_blank\" rel=\"noopener\">Reglamento (UE) 524\/2013<\/a>.<\/p>\n<p>Siempre que el usuario no sea consumidor o usuario, y cuando no haya una norma que obligue a otra cosa, las partes acuerdan someterse a los Juzgados y Tribunales de Madrid capital, por ser este el lugar de celebraci\u00f3n del contrato, con renuncia expresa a cualquier otra jurisdicci\u00f3n que pudiera corresponderles.<\/p>\n<h4><strong>QU\u00c9 ESPERAMOS DE LOS USUARIOS<\/strong><\/h4>\n<p>El acceso y\/o uso de Mes arquitectes a quien lo realiza la condici\u00f3n de Usuario, aceptando, desde este mismo momento, plenamente y sin reserva alguna, el presente aviso legal, as\u00ed como las condiciones particulares que, en su caso, lo complementen, en relaci\u00f3n con determinados servicios y contenidos de Mes arquitectes.<\/p>\n<p>El usuario queda informado, y acepta, que el acceso a Mes arquitectes no supone, en modo alguno, el inicio de una relaci\u00f3n comercial con Mes arquitectes. De esta forma, el usuario se compromete a utilizar el sitio Web, sus servicios y contenidos sin contravenir la legislaci\u00f3n vigente, la buena fe y el orden p\u00fablico.<\/p>\n<p>Queda prohibido el uso de la web con fines il\u00edcitos o lesivos, o que, de cualquier forma, puedan causar perjuicio o impedir el normal funcionamiento del sitio web. Respecto de los contenidos de este sitio web, se proh\u00edbe:<\/p>\n<ul>\n<li>Su reproducci\u00f3n, distribuci\u00f3n o modificaci\u00f3n, total o parcial, a menos que se cuente con la autorizaci\u00f3n de sus leg\u00edtimos titulares.<\/li>\n<li>Cualquier vulneraci\u00f3n de los derechos del prestador o de los leg\u00edtimos titulares.<\/li>\n<li>Su utilizaci\u00f3n para fines comerciales o publicitarios.<\/li>\n<\/ul>\n<h5><strong>Enlaces Externos<\/strong><\/h5>\n<p>Las p\u00e1ginas del sitio web Mes arquitectes proporcionan enlaces a otros sitios web propios y contenidos que son propiedad de terceros la de fabricantes o proveedores.<\/p>\n<p>El \u00fanico objeto de los enlaces es proporcionar al Usuario la posibilidad de acceder a dichos enlaces y conocer nuestros productos, aunque Mes arquitectes no se responsabiliza en ning\u00fan caso de los resultados que puedan derivarse al usuario por acceso a dichos enlaces.<\/p>\n<p>El usuario que se proponga establecer cualquier dispositivo t\u00e9cnico de enlace desde su sitio web al portal Mes arquitectes deber\u00e1 obtener la autorizaci\u00f3n previa y escrita de Mes arquitectes.<\/p>\n<p>El establecimiento del enlace no implica en ning\u00fan caso la existencia de relaciones entre Mes arquitectes y el propietario del sitio en el que se establezca el enlace, ni la aceptaci\u00f3n o aprobaci\u00f3n por parte de Mes arquitectes de sus contenidos o servicios.<\/p>\n<h5><strong>Remarketing<\/strong><\/h5>\n<p>La funci\u00f3n de\u00a0<a href=\"https:\/\/support.google.com\/adwords\/answer\/1752338\" target=\"_blank\" rel=\"noopener\">remarketing<\/a>\u00a0o de audiencias similares de AdWords nos permiten llegar a las personas que hayan visitado nuestro sitio web anteriormente y ayudarlos a completar su proceso de venta.<\/p>\n<p>Como usuario, cuando entres en nuestra web, te instalaremos una cookie de remarketing (puede ser de Google Adwords, de Criteo o de otros servicios que ofrezcan remarketing).<\/p>\n<ul>\n<li>Esa cookie almacena informaci\u00f3n del visitante, como por ejemplo los productos que ha visitado o si ha abandonado el carrito de la compra.<\/li>\n<li>Cuando el visitante abandona nuestra web, la cookie de remarketing sigue en su navegador.<\/li>\n<\/ul>\n<h5><strong>Otras condiciones de uso de este sitio web<\/strong><\/h5>\n<p>El usuario se compromete a hacer un uso diligente del sitio web y de los servicios accesibles desde el mismo, con total sujeci\u00f3n a la Ley, a las buenas costumbres y al presente aviso legal.<\/p>\n<p>Asimismo, se compromete, salvo autorizaci\u00f3n previa, expresa y escrita de Tu Yo Director a utilizar la informaci\u00f3n contenida en el sitio web, exclusivamente para su informaci\u00f3n, no pudiendo realizar ni directa ni indirectamente una explotaci\u00f3n comercial de los contenidos a los que tiene acceso.<\/p>\n<p>Este sitio almacena un fichero de datos relativos a los comentarios enviados a este sitio.<\/p>\n<p>Podr\u00e1 ejercitar sus derechos de acceso, rectificaci\u00f3n, cancelaci\u00f3n u oposici\u00f3n mediante un env\u00edo de un correo electr\u00f3nico a la direcci\u00f3n <a href=\"mailto:jmestrich@coac.net\">jmestrich@coac.net<\/a>.<\/p>\n<p>Este sitio web contiene hiperenlaces que conducen a otras p\u00e1ginas web gestionadas por terceros ajenos a nuestra organizaci\u00f3n. Mes arquitectes no garantiza ni se hace responsable del contenido que se recoja en dichas p\u00e1ginas web.<\/p>\n<p>Salvo autorizaci\u00f3n expresa, previa y por escrito de Mes arquitectes, queda terminantemente prohibida la reproducci\u00f3n, excepto para uso privado, la transformaci\u00f3n, y en general cualquier otra forma de explotaci\u00f3n, por cualquier procedimiento, de todo o parte de los contenidos de este sitio web.<\/p>\n<p>Queda terminantemente prohibido realizar, sin el previo consentimiento de Mes arquitectes cualquier manipulaci\u00f3n o alteraci\u00f3n de este sitio web.<\/p>\n<p>Consecuentemente, Mes arquitectes asumir\u00e1 ninguna responsabilidad derivada, o que pudiera derivarse, de dicha alteraci\u00f3n o manipulaci\u00f3n por terceros.<\/p>\n<h4><strong>Ejercicio de derechos ARCO<\/strong><\/h4>\n<p>Podr\u00e1s ejercitar, respecto de los datos recabados, los derechos reconocidos en la Ley Org\u00e1nica 15\/1999, de acceso, rectificaci\u00f3n o cancelaci\u00f3n de datos y oposici\u00f3n.<\/p>\n<p>Antes de los 10 d\u00edas responderemos a tu solicitud para confirmarte la ejecuci\u00f3n del derecho que hayas solicitado ejercer.<\/p>\n<h5><strong>Exclusi\u00f3n de garant\u00edas y responsabilidad<\/strong><\/h5>\n<p>Mes arquitectes no otorga ninguna garant\u00eda ni se hace responsable, en ning\u00fan caso, de los da\u00f1os y perjuicios de cualquier naturaleza que pudieran traer causa de:<\/p>\n<ul>\n<li>La falta de disponibilidad, mantenimiento y efectivo funcionamiento de la web o de sus servicios y contenidos;<\/li>\n<li>La existencia de virus, programas maliciosos o lesivos en los contenidos;<\/li>\n<li>El uso il\u00edcito, negligente, fraudulento o contrario a este Aviso Legal;<\/li>\n<li>La falta de licitud, calidad, fiabilidad, utilidad y disponibilidad de los servicios prestados por terceros y puestos a disposici\u00f3n de los usuarios en el sitio web.<\/li>\n<\/ul>\n<p>Mes arquitectes no se hace responsable bajo ning\u00fan concepto de los da\u00f1os que pudieran dimanar del uso ilegal o indebido del presente sitio web.<\/p>\n<h5><strong>Plataforma Europea de resoluci\u00f3n de litigios en l\u00ednea<\/strong><\/h5>\n<p>La Comisi\u00f3n Europea facilita una plataforma de resoluci\u00f3n de litigios en l\u00ednea que se encuentra disponible en el siguiente enlace:\u00a0<a href=\"http:\/\/ec.europa.eu\/consumers\/odr\/\">http:\/\/ec.europa.eu\/consumers\/odr\/<\/a>. Los consumidores podr\u00e1n someter sus reclamaciones a trav\u00e9s de la plataforma de resoluci\u00f3n de litigios en l\u00ednea<\/p>\n<h5><strong>Ley aplicable y jurisdicci\u00f3n<\/strong><\/h5>\n<p>Con car\u00e1cter general las relaciones entre Mes arquitectes con los usuarios de sus servicios telem\u00e1ticos, presentes en este sitio web, se encuentran sometidas a la legislaci\u00f3n y jurisdicci\u00f3n espa\u00f1olas.<\/p>\n<p><strong>Siempre estaremos localizables: Nuestro contacto<\/strong><\/p>\n<p>En caso de que cualquier usuario tuviese alguna duda acerca de estas condiciones legales o cualquier comentario sobre el portal Mes arquitectes, por favor dir\u00edgete a <a href=\"mailto:jmestrich@coac.net\">jmestrich@coac.net<\/a> o utiliza el formulario de contacto disponible en el sitio web.<\/p>\n<p>Nuestra pol\u00edtica de privacidad describe como recogemos, guardamos o utilizamos la informaci\u00f3n que recabamos a trav\u00e9s de los diferentes servicios o p\u00e1ginas disponibles en este sitio.<\/p>\n<p>Es importante que entiendas qu\u00e9 informaci\u00f3n recogemos y c\u00f3mo la utilizamos ya que el acceso a este sitio implica la aceptaci\u00f3n nuestra pol\u00edtica de privacidad.<\/p>\n<h5><strong>Aceptaci\u00f3n y consentimiento<\/strong><\/h5>\n<p>El usuario declara haber sido informado de las condiciones sobre protecci\u00f3n de datos de car\u00e1cter personal, aceptando y consintiendo el tratamiento de los mismos por parte de Mes arquitectes, en la forma y para las finalidades indicadas en la presente pol\u00edtica de privacidad.<\/p>\n<h5><strong>Correos comerciales<\/strong><\/h5>\n<p>De acuerdo con la legislaci\u00f3n vigente, Mes arquitectes no realiza pr\u00e1cticas de SPAM, por lo que no env\u00eda correos comerciales por v\u00eda electr\u00f3nica que no hayan sido previamente solicitados o autorizados por el usuario.<\/p>\n<p>En consecuencia, en cada uno de los formularios habidos en Mes arquitectes, el Usuario tiene la posibilidad de dar su consentimiento expreso para recibir nuestra Newsletter\/bolet\u00edn, con independencia de la informaci\u00f3n comercial puntualmente solicitada.<\/p>\n<\/div>\n<p>[\/vc_column_text][\/vc_column][\/vc_row]<\/p>\n<\/div>","protected":false},"excerpt":{"rendered":"<p>[vc_row css=\u00bb.vc_custom_1769513529350{margin-bottom: 50px !important;}\u00bb][vc_column][vc_column_text css=\u00bb\u00bb] RESPONSABILIDAD LEGAL POR EL CONTENIDO Mes arquitectes contiene textos elaborados con fines meramente informativos o divulgativos que pueden no reflejar el estado actual de la legislaci\u00f3n o la jurisprudencia y que se refieren a situaciones [&hellip;]<\/p>\n","protected":false},"author":1,"featured_media":0,"parent":0,"menu_order":0,"comment_status":"closed","ping_status":"closed","template":"","meta":{"footnotes":""},"class_list":["post-10807","page","type-page","status-publish","hentry"],"yoast_head":"<!-- This site is optimized with the Yoast SEO plugin v26.9 - https:\/\/yoast.com\/product\/yoast-seo-wordpress\/ -->\n<title>Pol\u00edtica de privacidad - Mes Arquitectes<\/title>\n<meta name=\"robots\" content=\"index, follow, max-snippet:-1, max-image-preview:large, max-video-preview:-1\" \/>\n<link rel=\"canonical\" href=\"https:\/\/mes-arquitectes.com\/es\/politica-de-privacidad\" \/>\n<meta property=\"og:locale\" content=\"es_ES\" \/>\n<meta property=\"og:type\" content=\"article\" \/>\n<meta property=\"og:title\" content=\"Pol\u00edtica de privacidad - Mes Arquitectes\" \/>\n<meta property=\"og:description\" content=\"[vc_row css=\u00bb.vc_custom_1769513529350{margin-bottom: 50px !important;}\u00bb][vc_column][vc_column_text css=\u00bb\u00bb] RESPONSABILIDAD LEGAL POR EL CONTENIDO Mes arquitectes contiene textos elaborados con fines meramente informativos o divulgativos que pueden no reflejar el estado actual de la legislaci\u00f3n o la jurisprudencia y que se refieren a situaciones [&hellip;]\" \/>\n<meta property=\"og:url\" content=\"https:\/\/mes-arquitectes.com\/es\/politica-de-privacidad\" \/>\n<meta property=\"og:site_name\" content=\"Mes Arquitectes\" \/>\n<meta property=\"article:modified_time\" content=\"2026-02-04T16:49:43+00:00\" \/>\n<meta name=\"twitter:card\" content=\"summary_large_image\" \/>\n<meta name=\"twitter:label1\" content=\"Tiempo de lectura\" \/>\n\t<meta name=\"twitter:data1\" content=\"10 minutos\" \/>\n<script type=\"application\/ld+json\" class=\"yoast-schema-graph\">{\"@context\":\"https:\/\/schema.org\",\"@graph\":[{\"@type\":\"WebPage\",\"@id\":\"https:\/\/mes-arquitectes.com\/es\/politica-de-privacidad\",\"url\":\"https:\/\/mes-arquitectes.com\/es\/politica-de-privacidad\",\"name\":\"Pol\u00edtica de privacidad - Mes Arquitectes\",\"isPartOf\":{\"@id\":\"https:\/\/mes-arquitectes.com\/es#website\"},\"datePublished\":\"2026-01-22T09:39:45+00:00\",\"dateModified\":\"2026-02-04T16:49:43+00:00\",\"breadcrumb\":{\"@id\":\"https:\/\/mes-arquitectes.com\/es\/politica-de-privacidad#breadcrumb\"},\"inLanguage\":\"es\",\"potentialAction\":[{\"@type\":\"ReadAction\",\"target\":[\"https:\/\/mes-arquitectes.com\/es\/politica-de-privacidad\"]}]},{\"@type\":\"BreadcrumbList\",\"@id\":\"https:\/\/mes-arquitectes.com\/es\/politica-de-privacidad#breadcrumb\",\"itemListElement\":[{\"@type\":\"ListItem\",\"position\":1,\"name\":\"Portada\",\"item\":\"https:\/\/mes-arquitectes.com\/es\"},{\"@type\":\"ListItem\",\"position\":2,\"name\":\"Pol\u00edtica de privacidad\"}]},{\"@type\":\"WebSite\",\"@id\":\"https:\/\/mes-arquitectes.com\/es#website\",\"url\":\"https:\/\/mes-arquitectes.com\/es\",\"name\":\"Mes Arquitectes\",\"description\":\"Arquitectes i interioristes de Barcelona\",\"potentialAction\":[{\"@type\":\"SearchAction\",\"target\":{\"@type\":\"EntryPoint\",\"urlTemplate\":\"https:\/\/mes-arquitectes.com\/es?s={search_term_string}\"},\"query-input\":{\"@type\":\"PropertyValueSpecification\",\"valueRequired\":true,\"valueName\":\"search_term_string\"}}],\"inLanguage\":\"es\"}]}<\/script>\n<!-- \/ Yoast SEO plugin. -->","yoast_head_json":{"title":"Pol\u00edtica de privacidad - Mes Arquitectes","robots":{"index":"index","follow":"follow","max-snippet":"max-snippet:-1","max-image-preview":"max-image-preview:large","max-video-preview":"max-video-preview:-1"},"canonical":"https:\/\/mes-arquitectes.com\/es\/politica-de-privacidad","og_locale":"es_ES","og_type":"article","og_title":"Pol\u00edtica de privacidad - Mes Arquitectes","og_description":"[vc_row css=\u00bb.vc_custom_1769513529350{margin-bottom: 50px !important;}\u00bb][vc_column][vc_column_text css=\u00bb\u00bb] RESPONSABILIDAD LEGAL POR EL CONTENIDO Mes arquitectes contiene textos elaborados con fines meramente informativos o divulgativos que pueden no reflejar el estado actual de la legislaci\u00f3n o la jurisprudencia y que se refieren a situaciones [&hellip;]","og_url":"https:\/\/mes-arquitectes.com\/es\/politica-de-privacidad","og_site_name":"Mes Arquitectes","article_modified_time":"2026-02-04T16:49:43+00:00","twitter_card":"summary_large_image","twitter_misc":{"Tiempo de lectura":"10 minutos"},"schema":{"@context":"https:\/\/schema.org","@graph":[{"@type":"WebPage","@id":"https:\/\/mes-arquitectes.com\/es\/politica-de-privacidad","url":"https:\/\/mes-arquitectes.com\/es\/politica-de-privacidad","name":"Pol\u00edtica de privacidad - Mes Arquitectes","isPartOf":{"@id":"https:\/\/mes-arquitectes.com\/es#website"},"datePublished":"2026-01-22T09:39:45+00:00","dateModified":"2026-02-04T16:49:43+00:00","breadcrumb":{"@id":"https:\/\/mes-arquitectes.com\/es\/politica-de-privacidad#breadcrumb"},"inLanguage":"es","potentialAction":[{"@type":"ReadAction","target":["https:\/\/mes-arquitectes.com\/es\/politica-de-privacidad"]}]},{"@type":"BreadcrumbList","@id":"https:\/\/mes-arquitectes.com\/es\/politica-de-privacidad#breadcrumb","itemListElement":[{"@type":"ListItem","position":1,"name":"Portada","item":"https:\/\/mes-arquitectes.com\/es"},{"@type":"ListItem","position":2,"name":"Pol\u00edtica de privacidad"}]},{"@type":"WebSite","@id":"https:\/\/mes-arquitectes.com\/es#website","url":"https:\/\/mes-arquitectes.com\/es","name":"Mes Arquitectes","description":"Arquitectes i interioristes de Barcelona","potentialAction":[{"@type":"SearchAction","target":{"@type":"EntryPoint","urlTemplate":"https:\/\/mes-arquitectes.com\/es?s={search_term_string}"},"query-input":{"@type":"PropertyValueSpecification","valueRequired":true,"valueName":"search_term_string"}}],"inLanguage":"es"}]}},"_links":{"self":[{"href":"https:\/\/mes-arquitectes.com\/es\/wp-json\/wp\/v2\/pages\/10807","targetHints":{"allow":["GET"]}}],"collection":[{"href":"https:\/\/mes-arquitectes.com\/es\/wp-json\/wp\/v2\/pages"}],"about":[{"href":"https:\/\/mes-arquitectes.com\/es\/wp-json\/wp\/v2\/types\/page"}],"author":[{"embeddable":true,"href":"https:\/\/mes-arquitectes.com\/es\/wp-json\/wp\/v2\/users\/1"}],"replies":[{"embeddable":true,"href":"https:\/\/mes-arquitectes.com\/es\/wp-json\/wp\/v2\/comments?post=10807"}],"version-history":[{"count":2,"href":"https:\/\/mes-arquitectes.com\/es\/wp-json\/wp\/v2\/pages\/10807\/revisions"}],"predecessor-version":[{"id":10809,"href":"https:\/\/mes-arquitectes.com\/es\/wp-json\/wp\/v2\/pages\/10807\/revisions\/10809"}],"wp:attachment":[{"href":"https:\/\/mes-arquitectes.com\/es\/wp-json\/wp\/v2\/media?parent=10807"}],"curies":[{"name":"wp","href":"https:\/\/api.w.org\/{rel}","templated":true}]}}