{"id":10813,"date":"2026-01-29T14:54:45","date_gmt":"2026-01-29T13:54:45","guid":{"rendered":"https:\/\/mes-arquitectes.com\/servicios-arquitectura\/interiorisme"},"modified":"2026-02-04T17:12:52","modified_gmt":"2026-02-04T17:12:52","slug":"interiorismo","status":"publish","type":"page","link":"https:\/\/mes-arquitectes.com\/es\/servicios-arquitectura\/interiorismo","title":{"rendered":"Interiorismo"},"content":{"rendered":"<div class=\"wpb-content-wrapper\"><p>[vc_row equal_height=\u00bbyes\u00bb content_placement=\u00bbmiddle\u00bb css=\u00bb.vc_custom_1769102006256{margin-top: 30px !important;margin-bottom: 50px !important;}\u00bb][vc_column width=\u00bb1\/2&#8243;][vc_column_text css=\u00bb\u00bb]<\/p>\n<p style=\"text-align: left;\">Adaptar los espacios a nuestras nuevas necesidades teniendo en cuenta los valores hist\u00f3ricos prexistentes y saber combinarlos con los nuevos. Aprovechar las nuevas herramientas, las nuevas tecnolog\u00edas y respetar las antiguas.<\/p>\n<p style=\"text-align: left;\">Estudiando cada caso podemos dar respuesta y ofrecer soluciones altamente efectivas sin grandes dispendios presupuestarios, ya sea modificando la distribuci\u00f3n, alterando los elementos estructurales, cambiando los acabados o incluso interviniendo \u00fanicamente en el mobiliario y la iluminaci\u00f3n.<\/p>\n<p style=\"text-align: left;\">El adecuado dise\u00f1o a medida del mobiliario es otra parte importante a tener en cuenta para lograr la correcta coherencia en los espacios definidos por el proyecto.<\/p>\n<p style=\"text-align: left;\">En determinadas ocasiones es necesario modificar una entidad mediante la divisi\u00f3n horizontal, el cambio de uso urban\u00edstico o proponer una ampliaci\u00f3n en altura, seg\u00fan el tipo de proyecto se deber\u00e1n tener en cuenta las distintas normativas vigentes que permitan realizar los objetivos marcados por el cliente.<\/p>\n<p>[\/vc_column_text][\/vc_column][vc_column width=\u00bb1\/2&#8243;][vc_single_image image=\u00bb10732&#8243; img_size=\u00bbfull\u00bb css=\u00bb\u00bb][\/vc_column][\/vc_row][vc_row css=\u00bb.vc_custom_1769510038763{margin-top: 50px !important;margin-bottom: 50px !important;}\u00bb][vc_column][vc_column_text css=\u00bb\u00bb]<\/p>\n<blockquote><p><strong>\u201cLa arquitectura es la voluntad de la \u00e9poca traducida a espacio.\u201d<\/strong><\/p>\n<p>(Ludwig Mies Van Der Rohe, arquitecto alem\u00e1n)<\/p><\/blockquote>\n<p>[\/vc_column_text][\/vc_column][\/vc_row][vc_row full_width=\u00bbstretch_row\u00bb content_text_aligment=\u00bbcenter\u00bb css=\u00bb.vc_custom_1769697000758{margin-top: 30px !important;margin-bottom: 30px !important;padding-top: 40px !important;padding-bottom: 70px !important;background-color: #F5F5F5 !important;}\u00bb][vc_column]<div class=\"edgtf-section-title-holder edgtf-st-standard edgtf-st-title-left edgtf-st-normal-space \" style=\"text-align: center\">\n\t<div class=\"edgtf-st-inner\">\n\t\t\t\t\t<h4 class=\"edgtf-st-title\" >\n\t\t\t\tProyectos de interiorismo\t\t\t<\/h4>\n\t\t\t\t\t\t\t<h5 class=\"edgtf-st-text\" >\n\t\t\t\tDescubre los \u00faltimos proyectos de M\u00e1s arquitectos.\t\t\t<\/h5>\n\t\t\t<\/div>\n<\/div>[vc_empty_space height=\u00bb60px\u00bb]<div class=\"edgtf-portfolio-slider-holder edgtf-pl-custom-295944  edgtf-skin-light\"><div class=\"edgtf-portfolio-list-holder edgtf-pl-gallery edgtf-pl-normal-space edgtf-pl-three-columns edgtf-pl-standard-shader edgtf-skin-light    edgtf-pl-pag-no-pagination     edgtf-pag-below-slider\"  data-type=gallery data-number-of-columns=3 data-space-between-items=normal data-number-of-items=6 data-image-proportions=landscape data-enable-fixed-proportions=no data-enable-image-shadow=no data-category=interior data-order-by=date data-order=ASC data-item-style=standard-shader data-overlay-skin=light data-enable-title=yes data-title-tag=h5 data-enable-category=no data-enable-count-images=yes data-enable-excerpt=no data-excerpt-length=20 data-pagination-type=no-pagination data-filter=no data-filter-order-by=name data-enable-article-animation=no data-portfolio-slider-on=yes data-enable-loop=yes data-enable-autoplay=yes data-slider-speed=5000 data-slider-speed-animation=600 data-enable-navigation=yes data-enable-pagination=yes data-pagination-position=below-slider data-custom-class=edgtf-pl-custom-295944 data-max-num-pages=2 data-next-page=2>\n\t\t\n\t<div class=\"edgtf-pl-inner edgtf-owl-slider edgtf-pl-is-slider clearfix\">\n\t\t\n<article class=\"edgtf-pl-item  post-10928 portfolio-item type-portfolio-item status-publish has-post-thumbnail hentry portfolio-category-interior\"  >\n\t<div class=\"edgtf-pl-item-inner\">\n\t\t<div class=\"edgtf-pli-image \">\n\t\t\t\t<img loading=\"lazy\" decoding=\"async\" width=\"936\" height=\"550\" src=\"https:\/\/mes-arquitectes.com\/wp-content\/uploads\/2026\/01\/mes-arquitectes-barcelona-empresa-reformes-pisos-habitatges-1-936x550.jpg\" class=\"attachment-maison_image_landscape size-maison_image_landscape wp-post-image\" alt=\"\" \/>\t<\/div>\n<div class=\"edgtf-pli-text-holder\">\n\t<div class=\"edgtf-pli-text-wrapper\">\n\t\t<div class=\"edgtf-pli-text\">\n\t\t\t\t<h5 itemprop=\"name\" class=\"edgtf-pli-title entry-title\" >\n\t\tReforma de vivienda en Mar\u00eda Cristina\t<\/h5>\n\n\t\t\t\n\t\t\t\t\t<\/div>\n\t<\/div>\n<\/div>\t\t\t\n\t\t\t\t\t<a itemprop=\"url\" class=\"edgtf-pli-link edgtf-block-drag-link\" href=\"https:\/\/mes-arquitectes.com\/es\/proyecto\/reforma-de-vivienda-en-maria-cristina-barcelona\" target=\"_self\"><\/a>\n\t\t\t<\/div>\n<\/article>\n<article class=\"edgtf-pl-item  post-10936 portfolio-item type-portfolio-item status-publish has-post-thumbnail hentry portfolio-category-interior\"  >\n\t<div class=\"edgtf-pl-item-inner\">\n\t\t<div class=\"edgtf-pli-image \">\n\t\t\t\t<img loading=\"lazy\" decoding=\"async\" width=\"936\" height=\"550\" src=\"https:\/\/mes-arquitectes.com\/wp-content\/uploads\/2026\/01\/mes-arquitectes-barcelona-reformes-habitatges-poble-sec-936x550.jpg\" class=\"attachment-maison_image_landscape size-maison_image_landscape wp-post-image\" alt=\"\" \/>\t<\/div>\n<div class=\"edgtf-pli-text-holder\">\n\t<div class=\"edgtf-pli-text-wrapper\">\n\t\t<div class=\"edgtf-pli-text\">\n\t\t\t\t<h5 itemprop=\"name\" class=\"edgtf-pli-title entry-title\" >\n\t\tReforma en el Poble-sec\t<\/h5>\n\n\t\t\t\n\t\t\t\t\t<\/div>\n\t<\/div>\n<\/div>\t\t\t\n\t\t\t\t\t<a itemprop=\"url\" class=\"edgtf-pli-link edgtf-block-drag-link\" href=\"https:\/\/mes-arquitectes.com\/es\/proyecto\/reforma-de-vivienda-en-barcelona-poble-sec\" target=\"_self\"><\/a>\n\t\t\t<\/div>\n<\/article>\n<article class=\"edgtf-pl-item  post-10948 portfolio-item type-portfolio-item status-publish has-post-thumbnail hentry portfolio-category-interior\"  >\n\t<div class=\"edgtf-pl-item-inner\">\n\t\t<div class=\"edgtf-pli-image \">\n\t\t\t\t<img loading=\"lazy\" decoding=\"async\" width=\"936\" height=\"550\" src=\"https:\/\/mes-arquitectes.com\/wp-content\/uploads\/2026\/01\/mes-arquitectes-interiors-oficines-barcelona-936x550.jpg\" class=\"attachment-maison_image_landscape size-maison_image_landscape wp-post-image\" alt=\"\" \/>\t<\/div>\n<div class=\"edgtf-pli-text-holder\">\n\t<div class=\"edgtf-pli-text-wrapper\">\n\t\t<div class=\"edgtf-pli-text\">\n\t\t\t\t<h5 itemprop=\"name\" class=\"edgtf-pli-title entry-title\" >\n\t\tOficinas para una Fundaci\u00f3n Social\t<\/h5>\n\n\t\t\t\n\t\t\t\t\t<\/div>\n\t<\/div>\n<\/div>\t\t\t\n\t\t\t\t\t<a itemprop=\"url\" class=\"edgtf-pli-link edgtf-block-drag-link\" href=\"https:\/\/mes-arquitectes.com\/es\/proyecto\/oficinas-para-una-fundacion-social\" target=\"_self\"><\/a>\n\t\t\t<\/div>\n<\/article>\n<article class=\"edgtf-pl-item  post-11301 portfolio-item type-portfolio-item status-publish has-post-thumbnail hentry portfolio-category-interior\"  >\n\t<div class=\"edgtf-pl-item-inner\">\n\t\t<div class=\"edgtf-pli-image \">\n\t\t\t\t<img loading=\"lazy\" decoding=\"async\" width=\"936\" height=\"550\" src=\"https:\/\/mes-arquitectes.com\/wp-content\/uploads\/2026\/07\/01-facana-carrer-reforma-premia-mar-936x550.jpg\" class=\"attachment-maison_image_landscape size-maison_image_landscape wp-post-image\" alt=\"\" \/>\t<\/div>\n<div class=\"edgtf-pli-text-holder\">\n\t<div class=\"edgtf-pli-text-wrapper\">\n\t\t<div class=\"edgtf-pli-text\">\n\t\t\t\t<h5 itemprop=\"name\" class=\"edgtf-pli-title entry-title\" >\n\t\tCasa en Premi\u00e0 de Mar\t<\/h5>\n\n\t\t\t\n\t\t\t\t\t<\/div>\n\t<\/div>\n<\/div>\t\t\t\n\t\t\t\t\t<a itemprop=\"url\" class=\"edgtf-pli-link edgtf-block-drag-link\" href=\"https:\/\/mes-arquitectes.com\/es\/proyecto\/reforma-casa-en-premia-de-mar\" target=\"_self\"><\/a>\n\t\t\t<\/div>\n<\/article>\n<article class=\"edgtf-pl-item  post-11334 portfolio-item type-portfolio-item status-publish has-post-thumbnail hentry portfolio-category-interior\"  >\n\t<div class=\"edgtf-pl-item-inner\">\n\t\t<div class=\"edgtf-pli-image \">\n\t\t\t\t<img loading=\"lazy\" decoding=\"async\" width=\"936\" height=\"550\" src=\"https:\/\/mes-arquitectes.com\/wp-content\/uploads\/2026\/07\/mes-arquitectes-barcelona-reforma-pis-sant-antoni-936x550.jpg\" class=\"attachment-maison_image_landscape size-maison_image_landscape wp-post-image\" alt=\"\" \/>\t<\/div>\n<div class=\"edgtf-pli-text-holder\">\n\t<div class=\"edgtf-pli-text-wrapper\">\n\t\t<div class=\"edgtf-pli-text\">\n\t\t\t\t<h5 itemprop=\"name\" class=\"edgtf-pli-title entry-title\" >\n\t\tReforma en Sant Antoni\t<\/h5>\n\n\t\t\t\n\t\t\t\t\t<\/div>\n\t<\/div>\n<\/div>\t\t\t\n\t\t\t\t\t<a itemprop=\"url\" class=\"edgtf-pli-link edgtf-block-drag-link\" href=\"https:\/\/mes-arquitectes.com\/es\/proyecto\/reforma-en-sant-antoni\" target=\"_self\"><\/a>\n\t\t\t<\/div>\n<\/article>\n<article class=\"edgtf-pl-item  post-11398 portfolio-item type-portfolio-item status-publish has-post-thumbnail hentry portfolio-category-interior\"  >\n\t<div class=\"edgtf-pl-item-inner\">\n\t\t<div class=\"edgtf-pli-image \">\n\t\t\t\t<img loading=\"lazy\" decoding=\"async\" width=\"936\" height=\"550\" src=\"https:\/\/mes-arquitectes.com\/wp-content\/uploads\/2026\/07\/01-reforma-pis-barcelona-menjador-rebedor-sala-936x550.jpg\" class=\"attachment-maison_image_landscape size-maison_image_landscape wp-post-image\" alt=\"\" \/>\t<\/div>\n<div class=\"edgtf-pli-text-holder\">\n\t<div class=\"edgtf-pli-text-wrapper\">\n\t\t<div class=\"edgtf-pli-text\">\n\t\t\t\t<h5 itemprop=\"name\" class=\"edgtf-pli-title entry-title\" >\n\t\tReforma de un piso en Barcelona\t<\/h5>\n\n\t\t\t\n\t\t\t\t\t<\/div>\n\t<\/div>\n<\/div>\t\t\t\n\t\t\t\t\t<a itemprop=\"url\" class=\"edgtf-pli-link edgtf-block-drag-link\" href=\"https:\/\/mes-arquitectes.com\/es\/proyecto\/reforma-de-un-piso-en-barcelona\" target=\"_self\"><\/a>\n\t\t\t<\/div>\n<\/article>\t<\/div>\n\t\n\t<\/div><\/div>[vc_empty_space height=\u00bb40px\u00bb]<a itemprop=\"url\" href=\"https:\/\/mes-arquitectes.com\/es\/proyectos-arquitectura\" target=\"_self\"  class=\"edgtf-btn edgtf-btn-medium edgtf-btn-outline\"  >\n    <span class=\"edgtf-btn-text\">Ver todos los proyectos<\/span>\n    <\/a>[\/vc_column][\/vc_row][vc_row full_width=\u00bbstretch_row\u00bb simple_background_color=\u00bb#F5F5F5&#8243; css=\u00bb.vc_custom_1769696964309{padding-top: 40px !important;padding-bottom: 40px !important;background-color: #FFFFFF !important;}\u00bb][vc_column]<div class=\"edgtf-call-to-action-holder  edgtf-normal-layout edgtf-content-in-grid edgtf-three-quarters-columns\">\n\t<div class=\"edgtf-cta-inner  edgtf-grid\">\n\t\t<div class=\"edgtf-cta-text-holder\">\n\t\t\t<div class=\"edgtf-cta-text\">\n<h4><strong>\u00bfNecesitas m\u00e1s informaci\u00f3n sobre nuestros servicios de interiorismo?<\/strong><\/h4>\n<h5>P\u00eddenos presupuesto sin compromiso<\/h5>\n<\/div>\n\t\t<\/div>\n\t\t<div class=\"edgtf-cta-button-holder\" >\n\t\t\t<div class=\"edgtf-cta-button\"><a itemprop=\"url\" href=\"\/es\/contacto\" target=\"_self\"  class=\"edgtf-btn edgtf-btn-medium edgtf-btn-solid\"  >    <span class=\"edgtf-btn-text\">Cont\u00e1ctanos<\/span>    <\/a><\/div>\n\t\t<\/div>\n\t<\/div>\n<\/div>[\/vc_column][\/vc_row]<\/p>\n<\/div>","protected":false},"excerpt":{"rendered":"<p>[vc_row equal_height=\u00bbyes\u00bb content_placement=\u00bbmiddle\u00bb css=\u00bb.vc_custom_1769102006256{margin-top: 30px !important;margin-bottom: 50px !important;}\u00bb][vc_column width=\u00bb1\/2&#8243;][vc_column_text css=\u00bb\u00bb] Adaptar los espacios a nuestras nuevas necesidades teniendo en cuenta los valores hist\u00f3ricos prexistentes y saber combinarlos con los nuevos. Aprovechar las nuevas herramientas, las nuevas tecnolog\u00edas y respetar las [&hellip;]<\/p>\n","protected":false},"author":1,"featured_media":0,"parent":10731,"menu_order":0,"comment_status":"closed","ping_status":"closed","template":"","meta":{"footnotes":""},"class_list":["post-10813","page","type-page","status-publish","hentry"],"yoast_head":"<!-- This site is optimized with the Yoast SEO plugin v26.9 - https:\/\/yoast.com\/product\/yoast-seo-wordpress\/ -->\n<title>Interiorismo - Mes Arquitectes<\/title>\n<meta name=\"robots\" content=\"index, follow, max-snippet:-1, max-image-preview:large, max-video-preview:-1\" \/>\n<link rel=\"canonical\" href=\"https:\/\/mes-arquitectes.com\/es\/servicios-arquitectura\/interiorismo\" \/>\n<meta property=\"og:locale\" content=\"es_ES\" \/>\n<meta property=\"og:type\" content=\"article\" \/>\n<meta property=\"og:title\" content=\"Interiorismo - Mes Arquitectes\" \/>\n<meta property=\"og:description\" content=\"[vc_row equal_height=\u00bbyes\u00bb content_placement=\u00bbmiddle\u00bb css=\u00bb.vc_custom_1769102006256{margin-top: 30px !important;margin-bottom: 50px !important;}\u00bb][vc_column width=\u00bb1\/2&#8243;][vc_column_text css=\u00bb\u00bb] Adaptar los espacios a nuestras nuevas necesidades teniendo en cuenta los valores hist\u00f3ricos prexistentes y saber combinarlos con los nuevos. Aprovechar las nuevas herramientas, las nuevas tecnolog\u00edas y respetar las [&hellip;]\" \/>\n<meta property=\"og:url\" content=\"https:\/\/mes-arquitectes.com\/es\/servicios-arquitectura\/interiorismo\" \/>\n<meta property=\"og:site_name\" content=\"Mes Arquitectes\" \/>\n<meta property=\"article:modified_time\" content=\"2026-02-04T17:12:52+00:00\" \/>\n<meta name=\"twitter:card\" content=\"summary_large_image\" \/>\n<meta name=\"twitter:label1\" content=\"Tiempo de lectura\" \/>\n\t<meta name=\"twitter:data1\" content=\"2 minutos\" \/>\n<script type=\"application\/ld+json\" class=\"yoast-schema-graph\">{\"@context\":\"https:\/\/schema.org\",\"@graph\":[{\"@type\":\"WebPage\",\"@id\":\"https:\/\/mes-arquitectes.com\/es\/servicios-arquitectura\/interiorismo\",\"url\":\"https:\/\/mes-arquitectes.com\/es\/servicios-arquitectura\/interiorismo\",\"name\":\"Interiorismo - Mes Arquitectes\",\"isPartOf\":{\"@id\":\"https:\/\/mes-arquitectes.com\/es#website\"},\"datePublished\":\"2026-01-29T13:54:45+00:00\",\"dateModified\":\"2026-02-04T17:12:52+00:00\",\"breadcrumb\":{\"@id\":\"https:\/\/mes-arquitectes.com\/es\/servicios-arquitectura\/interiorismo#breadcrumb\"},\"inLanguage\":\"es\",\"potentialAction\":[{\"@type\":\"ReadAction\",\"target\":[\"https:\/\/mes-arquitectes.com\/es\/servicios-arquitectura\/interiorismo\"]}]},{\"@type\":\"BreadcrumbList\",\"@id\":\"https:\/\/mes-arquitectes.com\/es\/servicios-arquitectura\/interiorismo#breadcrumb\",\"itemListElement\":[{\"@type\":\"ListItem\",\"position\":1,\"name\":\"Portada\",\"item\":\"https:\/\/mes-arquitectes.com\/es\"},{\"@type\":\"ListItem\",\"position\":2,\"name\":\"Servicios de arquitectura\",\"item\":\"https:\/\/mes-arquitectes.com\/es\/servicios-arquitectura\"},{\"@type\":\"ListItem\",\"position\":3,\"name\":\"Interiorismo\"}]},{\"@type\":\"WebSite\",\"@id\":\"https:\/\/mes-arquitectes.com\/es#website\",\"url\":\"https:\/\/mes-arquitectes.com\/es\",\"name\":\"Mes Arquitectes\",\"description\":\"Arquitectes i interioristes de Barcelona\",\"potentialAction\":[{\"@type\":\"SearchAction\",\"target\":{\"@type\":\"EntryPoint\",\"urlTemplate\":\"https:\/\/mes-arquitectes.com\/es?s={search_term_string}\"},\"query-input\":{\"@type\":\"PropertyValueSpecification\",\"valueRequired\":true,\"valueName\":\"search_term_string\"}}],\"inLanguage\":\"es\"}]}<\/script>\n<!-- \/ Yoast SEO plugin. -->","yoast_head_json":{"title":"Interiorismo - Mes Arquitectes","robots":{"index":"index","follow":"follow","max-snippet":"max-snippet:-1","max-image-preview":"max-image-preview:large","max-video-preview":"max-video-preview:-1"},"canonical":"https:\/\/mes-arquitectes.com\/es\/servicios-arquitectura\/interiorismo","og_locale":"es_ES","og_type":"article","og_title":"Interiorismo - Mes Arquitectes","og_description":"[vc_row equal_height=\u00bbyes\u00bb content_placement=\u00bbmiddle\u00bb css=\u00bb.vc_custom_1769102006256{margin-top: 30px !important;margin-bottom: 50px !important;}\u00bb][vc_column width=\u00bb1\/2&#8243;][vc_column_text css=\u00bb\u00bb] Adaptar los espacios a nuestras nuevas necesidades teniendo en cuenta los valores hist\u00f3ricos prexistentes y saber combinarlos con los nuevos. Aprovechar las nuevas herramientas, las nuevas tecnolog\u00edas y respetar las [&hellip;]","og_url":"https:\/\/mes-arquitectes.com\/es\/servicios-arquitectura\/interiorismo","og_site_name":"Mes Arquitectes","article_modified_time":"2026-02-04T17:12:52+00:00","twitter_card":"summary_large_image","twitter_misc":{"Tiempo de lectura":"2 minutos"},"schema":{"@context":"https:\/\/schema.org","@graph":[{"@type":"WebPage","@id":"https:\/\/mes-arquitectes.com\/es\/servicios-arquitectura\/interiorismo","url":"https:\/\/mes-arquitectes.com\/es\/servicios-arquitectura\/interiorismo","name":"Interiorismo - Mes Arquitectes","isPartOf":{"@id":"https:\/\/mes-arquitectes.com\/es#website"},"datePublished":"2026-01-29T13:54:45+00:00","dateModified":"2026-02-04T17:12:52+00:00","breadcrumb":{"@id":"https:\/\/mes-arquitectes.com\/es\/servicios-arquitectura\/interiorismo#breadcrumb"},"inLanguage":"es","potentialAction":[{"@type":"ReadAction","target":["https:\/\/mes-arquitectes.com\/es\/servicios-arquitectura\/interiorismo"]}]},{"@type":"BreadcrumbList","@id":"https:\/\/mes-arquitectes.com\/es\/servicios-arquitectura\/interiorismo#breadcrumb","itemListElement":[{"@type":"ListItem","position":1,"name":"Portada","item":"https:\/\/mes-arquitectes.com\/es"},{"@type":"ListItem","position":2,"name":"Servicios de arquitectura","item":"https:\/\/mes-arquitectes.com\/es\/servicios-arquitectura"},{"@type":"ListItem","position":3,"name":"Interiorismo"}]},{"@type":"WebSite","@id":"https:\/\/mes-arquitectes.com\/es#website","url":"https:\/\/mes-arquitectes.com\/es","name":"Mes Arquitectes","description":"Arquitectes i interioristes de Barcelona","potentialAction":[{"@type":"SearchAction","target":{"@type":"EntryPoint","urlTemplate":"https:\/\/mes-arquitectes.com\/es?s={search_term_string}"},"query-input":{"@type":"PropertyValueSpecification","valueRequired":true,"valueName":"search_term_string"}}],"inLanguage":"es"}]}},"_links":{"self":[{"href":"https:\/\/mes-arquitectes.com\/es\/wp-json\/wp\/v2\/pages\/10813","targetHints":{"allow":["GET"]}}],"collection":[{"href":"https:\/\/mes-arquitectes.com\/es\/wp-json\/wp\/v2\/pages"}],"about":[{"href":"https:\/\/mes-arquitectes.com\/es\/wp-json\/wp\/v2\/types\/page"}],"author":[{"embeddable":true,"href":"https:\/\/mes-arquitectes.com\/es\/wp-json\/wp\/v2\/users\/1"}],"replies":[{"embeddable":true,"href":"https:\/\/mes-arquitectes.com\/es\/wp-json\/wp\/v2\/comments?post=10813"}],"version-history":[{"count":3,"href":"https:\/\/mes-arquitectes.com\/es\/wp-json\/wp\/v2\/pages\/10813\/revisions"}],"predecessor-version":[{"id":10816,"href":"https:\/\/mes-arquitectes.com\/es\/wp-json\/wp\/v2\/pages\/10813\/revisions\/10816"}],"up":[{"embeddable":true,"href":"https:\/\/mes-arquitectes.com\/es\/wp-json\/wp\/v2\/pages\/10731"}],"wp:attachment":[{"href":"https:\/\/mes-arquitectes.com\/es\/wp-json\/wp\/v2\/media?parent=10813"}],"curies":[{"name":"wp","href":"https:\/\/api.w.org\/{rel}","templated":true}]}}