{"id":10851,"date":"2026-02-03T11:20:28","date_gmt":"2026-02-03T10:20:28","guid":{"rendered":"https:\/\/mes-arquitectes.com\/servicios-arquitectura\/serveis-a-empreses"},"modified":"2026-07-17T13:25:47","modified_gmt":"2026-07-17T11:25:47","slug":"servicios-a-empresas","status":"publish","type":"page","link":"https:\/\/mes-arquitectes.com\/es\/servicios-arquitectura\/servicios-a-empresas","title":{"rendered":"Servicios a empresas"},"content":{"rendered":"<div class=\"wpb-content-wrapper\"><p>[vc_row equal_height=\u00bbyes\u00bb content_placement=\u00bbmiddle\u00bb css=\u00bb.vc_custom_1769102006256{margin-top: 30px !important;margin-bottom: 50px !important;}\u00bb][vc_column width=\u00bb1\/2&#8243;][vc_column_text css=\u00bb\u00bb]<\/p>\n<div class=\"et_pb_text_inner\">\n<p style=\"text-align: left;\">\u00bfPor qu\u00e9 es tan importante el interiorismo corporativo hoy en d\u00eda? No se trata solamente de una cuesti\u00f3n est\u00e9tica. Se trata de una filosof\u00eda y de la manera de funcionar de una empresa. Las empresas deben renovarse, buscar nuevas f\u00f3rmulas de funcionamiento, reinventarse o morir.<\/p>\n<p style=\"text-align: left;\">Las empresas que hoy triunfan son las que m\u00e1s innovaron y pensaron distinto. El espacio de trabajo es importante y nos influye m\u00e1s de lo que imaginamos en aspectos como el confort, la toma de decisiones, la productividad o la creatividad. Por lo tanto, repercute inevitablemente sobre nuestro trabajo diario y sobre los resultados.<\/p>\n<p style=\"text-align: left;\">Debemos hacer de nuestro espacio de trabajo un lugar confortable. En definitiva, es el lugar donde pasamos m\u00e1s horas a lo largo del d\u00eda y nos deber\u00eda apetecer ir al lugar de trabajo. Est\u00e1 demostrado que los integrantes de una empresa que est\u00e1n a gusto con su entorno aumentan considerablemente su rendimiento y productividad.<\/p>\n<p style=\"text-align: left;\">No hay que ser <em>Google<\/em> o <em>Apple<\/em> para tener unas oficinas modernas y confortables que propicien el rendimiento, la creatividad o la diversi\u00f3n durante las pausas. Cualquier centro de trabajo puede ser mejorado para sacar a la luz lo mejor de cada uno de sus integrantes, ya sea una empresa grande o peque\u00f1a.<\/p>\n<p style=\"text-align: left;\"><strong><em>\u201cI wish I worked there!\u201d <\/em><\/strong><\/p>\n<\/div>\n<p>[\/vc_column_text][\/vc_column][vc_column width=\u00bb1\/2&#8243;][vc_single_image image=\u00bb10754&#8243; img_size=\u00bb635&#215;350&#8243; css=\u00bb\u00bb][\/vc_column][\/vc_row][vc_row css=\u00bb.vc_custom_1769510038763{margin-top: 50px !important;margin-bottom: 50px !important;}\u00bb][vc_column][vc_column_text css=\u00bb\u00bb]<\/p>\n<blockquote>\n<p><strong>\u201cLa creatividad es un h\u00e1bito. No es algo que ocurre en la ducha.\u201d<\/strong><\/p>\n<p>(Nick Law, director creativo de R \/ GA Global)<\/p>\n<\/blockquote>\n<p>[\/vc_column_text][\/vc_column][\/vc_row][vc_row full_width=\u00bbstretch_row\u00bb css=\u00bb.vc_custom_1770117692905{margin-top: 30px !important;margin-bottom: 30px !important;padding-top: 40px !important;padding-bottom: 70px !important;background-color: #F5F5F5 !important;}\u00bb][vc_column][vc_column_text css=\u00bb\u00bb]<\/p>\n<h5><strong>Conceptos clave:<\/strong><\/h5>\n<p>[\/vc_column_text][vc_row_inner][vc_column_inner width=\u00bb1\/2&#8243;][vc_empty_space height=\u00bb25px\u00bb]<div class=\"edgtf-icon-list-holder\" style=\"margin-bottom: 10px\">\n\t<div class=\"edgtf-il-icon-holder\">\n\t\t<span aria-hidden=\"true\" class=\"edgtf-icon-font-elegant icon_box-checked \" style=\"color: #000000;font-size: 20px\"><\/span>\t<\/div>\n\t<p class=\"edgtf-il-text\" style=\"color: #000000;padding-left: 20px\">Espacios que estimulan<\/p>\n<\/div>[vc_column_text css=\u00bb\u00bb]Ejemplos de espacios empresariales que invitan a trabajar de una forma distinta a la habitual: laboratorios de ideas, salas sensoriales, espacios para explicar historias\u2026[\/vc_column_text][vc_empty_space height=\u00bb25px\u00bb]<div class=\"edgtf-icon-list-holder\" style=\"margin-bottom: 10px\">\n\t<div class=\"edgtf-il-icon-holder\">\n\t\t<span aria-hidden=\"true\" class=\"edgtf-icon-font-elegant icon_box-checked \" style=\"color: #000000;font-size: 20px\"><\/span>\t<\/div>\n\t<p class=\"edgtf-il-text\" style=\"color: #000000;padding-left: 20px\">Espacios de reflexi\u00f3n<\/p>\n<\/div>[vc_column_text css=\u00bb\u00bb]C\u00f3mo la relajaci\u00f3n promueve estados cerebrales diferentes, propicios a la creatividad: uso de colores, patios, salas de relajaci\u00f3n\u2026[\/vc_column_text][vc_empty_space height=\u00bb25px\u00bb]<div class=\"edgtf-icon-list-holder\" style=\"margin-bottom: 10px\">\n\t<div class=\"edgtf-il-icon-holder\">\n\t\t<span aria-hidden=\"true\" class=\"edgtf-icon-font-elegant icon_box-checked \" style=\"color: #000000;font-size: 20px\"><\/span>\t<\/div>\n\t<p class=\"edgtf-il-text\" style=\"color: #000000;padding-left: 20px\">Espacios para colaborar<\/p>\n<\/div>[vc_column_text css=\u00bb\u00bb]Dise\u00f1ados especialmente para fomentar la cooperaci\u00f3n entre equipos, el trabajo interdisciplinar: micrococinas, salas de dibujo, anfiteatros, caf\u00e9s\u2026 Se analizan tambi\u00e9n los avances tecnol\u00f3gicos que favorecen el trabajo colaborativo.[\/vc_column_text][\/vc_column_inner][vc_column_inner width=\u00bb1\/2&#8243;][vc_empty_space height=\u00bb25px\u00bb]<div class=\"edgtf-icon-list-holder\" style=\"margin-bottom: 10px\">\n\t<div class=\"edgtf-il-icon-holder\">\n\t\t<span aria-hidden=\"true\" class=\"edgtf-icon-font-elegant icon_box-checked \" style=\"color: #000000;font-size: 20px\"><\/span>\t<\/div>\n\t<p class=\"edgtf-il-text\" style=\"color: #000000;padding-left: 20px\">Espacios para jugar<\/p>\n<\/div>[vc_column_text css=\u00bb\u00bb]Salas de co-creaci\u00f3n con los clientes, espacios para el role-play y la exploraci\u00f3n conjunta de ideas, espacios con facilidades para el trabajo etnogr\u00e1fico.[\/vc_column_text][vc_empty_space height=\u00bb25px\u00bb]<div class=\"edgtf-icon-list-holder\" style=\"margin-bottom: 10px\">\n\t<div class=\"edgtf-il-icon-holder\">\n\t\t<span aria-hidden=\"true\" class=\"edgtf-icon-font-elegant icon_box-checked \" style=\"color: #000000;font-size: 20px\"><\/span>\t<\/div>\n\t<p class=\"edgtf-il-text\" style=\"color: #000000;padding-left: 20px\">Espacios para crear<\/p>\n<\/div>[vc_column_text css=\u00bb\u00bb]Salas profusamente equipadas para hacer reuniones de creatividad. Tormentas de ideas, mapas mentales, etc.[\/vc_column_text][\/vc_column_inner][\/vc_row_inner][\/vc_column][\/vc_row][vc_row full_width=\u00bbstretch_row\u00bb simple_background_color=\u00bb#F5F5F5&#8243; css=\u00bb.vc_custom_1769696964309{padding-top: 40px !important;padding-bottom: 40px !important;background-color: #FFFFFF !important;}\u00bb][vc_column]<div class=\"edgtf-call-to-action-holder  edgtf-normal-layout edgtf-content-in-grid edgtf-three-quarters-columns\">\n\t<div class=\"edgtf-cta-inner  edgtf-grid\">\n\t\t<div class=\"edgtf-cta-text-holder\">\n\t\t\t<div class=\"edgtf-cta-text\">\n<h4><strong>\u00bfNecesitas m\u00e1s informaci\u00f3n sobre nuestros servicios?<\/strong><\/h4>\n<h5>P\u00eddenos presupuesto sin compromiso<\/h5>\n<\/div>\n\t\t<\/div>\n\t\t<div class=\"edgtf-cta-button-holder\" >\n\t\t\t<div class=\"edgtf-cta-button\"><a itemprop=\"url\" href=\"\/contacte\" target=\"_self\"  class=\"edgtf-btn edgtf-btn-medium edgtf-btn-solid\"  >    <span class=\"edgtf-btn-text\">Cont\u00e1ctanos<\/span>    <\/a><\/div>\n\t\t<\/div>\n\t<\/div>\n<\/div>[\/vc_column][\/vc_row]<\/p>\n<\/div>","protected":false},"excerpt":{"rendered":"<p>[vc_row equal_height=\u00bbyes\u00bb content_placement=\u00bbmiddle\u00bb css=\u00bb.vc_custom_1769102006256{margin-top: 30px !important;margin-bottom: 50px !important;}\u00bb][vc_column width=\u00bb1\/2&#8243;][vc_column_text css=\u00bb\u00bb] \u00bfPor qu\u00e9 es tan importante el interiorismo corporativo hoy en d\u00eda? No se trata solamente de una cuesti\u00f3n est\u00e9tica. Se trata de una filosof\u00eda y de la manera de funcionar [&hellip;]<\/p>\n","protected":false},"author":1,"featured_media":0,"parent":10731,"menu_order":0,"comment_status":"closed","ping_status":"closed","template":"","meta":{"footnotes":""},"class_list":["post-10851","page","type-page","status-publish","hentry"],"yoast_head":"<!-- This site is optimized with the Yoast SEO plugin v26.9 - https:\/\/yoast.com\/product\/yoast-seo-wordpress\/ -->\n<title>Servicios a empresas - Mes Arquitectes<\/title>\n<meta name=\"robots\" content=\"index, follow, max-snippet:-1, max-image-preview:large, max-video-preview:-1\" \/>\n<link rel=\"canonical\" href=\"https:\/\/mes-arquitectes.com\/es\/servicios-arquitectura\/servicios-a-empresas\" \/>\n<meta property=\"og:locale\" content=\"es_ES\" \/>\n<meta property=\"og:type\" content=\"article\" \/>\n<meta property=\"og:title\" content=\"Servicios a empresas - Mes Arquitectes\" \/>\n<meta property=\"og:description\" content=\"[vc_row equal_height=\u00bbyes\u00bb content_placement=\u00bbmiddle\u00bb css=\u00bb.vc_custom_1769102006256{margin-top: 30px !important;margin-bottom: 50px !important;}\u00bb][vc_column width=\u00bb1\/2&#8243;][vc_column_text css=\u00bb\u00bb] \u00bfPor qu\u00e9 es tan importante el interiorismo corporativo hoy en d\u00eda? No se trata solamente de una cuesti\u00f3n est\u00e9tica. Se trata de una filosof\u00eda y de la manera de funcionar [&hellip;]\" \/>\n<meta property=\"og:url\" content=\"https:\/\/mes-arquitectes.com\/es\/servicios-arquitectura\/servicios-a-empresas\" \/>\n<meta property=\"og:site_name\" content=\"Mes Arquitectes\" \/>\n<meta property=\"article:modified_time\" content=\"2026-07-17T11:25:47+00:00\" \/>\n<meta name=\"twitter:card\" content=\"summary_large_image\" \/>\n<meta name=\"twitter:label1\" content=\"Tiempo de lectura\" \/>\n\t<meta name=\"twitter:data1\" content=\"3 minutos\" \/>\n<script type=\"application\/ld+json\" class=\"yoast-schema-graph\">{\"@context\":\"https:\/\/schema.org\",\"@graph\":[{\"@type\":\"WebPage\",\"@id\":\"https:\/\/mes-arquitectes.com\/es\/servicios-arquitectura\/servicios-a-empresas\",\"url\":\"https:\/\/mes-arquitectes.com\/es\/servicios-arquitectura\/servicios-a-empresas\",\"name\":\"Servicios a empresas - Mes Arquitectes\",\"isPartOf\":{\"@id\":\"https:\/\/mes-arquitectes.com\/es#website\"},\"datePublished\":\"2026-02-03T10:20:28+00:00\",\"dateModified\":\"2026-07-17T11:25:47+00:00\",\"breadcrumb\":{\"@id\":\"https:\/\/mes-arquitectes.com\/es\/servicios-arquitectura\/servicios-a-empresas#breadcrumb\"},\"inLanguage\":\"es\",\"potentialAction\":[{\"@type\":\"ReadAction\",\"target\":[\"https:\/\/mes-arquitectes.com\/es\/servicios-arquitectura\/servicios-a-empresas\"]}]},{\"@type\":\"BreadcrumbList\",\"@id\":\"https:\/\/mes-arquitectes.com\/es\/servicios-arquitectura\/servicios-a-empresas#breadcrumb\",\"itemListElement\":[{\"@type\":\"ListItem\",\"position\":1,\"name\":\"Portada\",\"item\":\"https:\/\/mes-arquitectes.com\/es\"},{\"@type\":\"ListItem\",\"position\":2,\"name\":\"Servicios de arquitectura\",\"item\":\"https:\/\/mes-arquitectes.com\/es\/servicios-arquitectura\"},{\"@type\":\"ListItem\",\"position\":3,\"name\":\"Servicios a empresas\"}]},{\"@type\":\"WebSite\",\"@id\":\"https:\/\/mes-arquitectes.com\/es#website\",\"url\":\"https:\/\/mes-arquitectes.com\/es\",\"name\":\"Mes Arquitectes\",\"description\":\"Arquitectes i interioristes de Barcelona\",\"potentialAction\":[{\"@type\":\"SearchAction\",\"target\":{\"@type\":\"EntryPoint\",\"urlTemplate\":\"https:\/\/mes-arquitectes.com\/es?s={search_term_string}\"},\"query-input\":{\"@type\":\"PropertyValueSpecification\",\"valueRequired\":true,\"valueName\":\"search_term_string\"}}],\"inLanguage\":\"es\"}]}<\/script>\n<!-- \/ Yoast SEO plugin. -->","yoast_head_json":{"title":"Servicios a empresas - Mes Arquitectes","robots":{"index":"index","follow":"follow","max-snippet":"max-snippet:-1","max-image-preview":"max-image-preview:large","max-video-preview":"max-video-preview:-1"},"canonical":"https:\/\/mes-arquitectes.com\/es\/servicios-arquitectura\/servicios-a-empresas","og_locale":"es_ES","og_type":"article","og_title":"Servicios a empresas - Mes Arquitectes","og_description":"[vc_row equal_height=\u00bbyes\u00bb content_placement=\u00bbmiddle\u00bb css=\u00bb.vc_custom_1769102006256{margin-top: 30px !important;margin-bottom: 50px !important;}\u00bb][vc_column width=\u00bb1\/2&#8243;][vc_column_text css=\u00bb\u00bb] \u00bfPor qu\u00e9 es tan importante el interiorismo corporativo hoy en d\u00eda? No se trata solamente de una cuesti\u00f3n est\u00e9tica. Se trata de una filosof\u00eda y de la manera de funcionar [&hellip;]","og_url":"https:\/\/mes-arquitectes.com\/es\/servicios-arquitectura\/servicios-a-empresas","og_site_name":"Mes Arquitectes","article_modified_time":"2026-07-17T11:25:47+00:00","twitter_card":"summary_large_image","twitter_misc":{"Tiempo de lectura":"3 minutos"},"schema":{"@context":"https:\/\/schema.org","@graph":[{"@type":"WebPage","@id":"https:\/\/mes-arquitectes.com\/es\/servicios-arquitectura\/servicios-a-empresas","url":"https:\/\/mes-arquitectes.com\/es\/servicios-arquitectura\/servicios-a-empresas","name":"Servicios a empresas - Mes Arquitectes","isPartOf":{"@id":"https:\/\/mes-arquitectes.com\/es#website"},"datePublished":"2026-02-03T10:20:28+00:00","dateModified":"2026-07-17T11:25:47+00:00","breadcrumb":{"@id":"https:\/\/mes-arquitectes.com\/es\/servicios-arquitectura\/servicios-a-empresas#breadcrumb"},"inLanguage":"es","potentialAction":[{"@type":"ReadAction","target":["https:\/\/mes-arquitectes.com\/es\/servicios-arquitectura\/servicios-a-empresas"]}]},{"@type":"BreadcrumbList","@id":"https:\/\/mes-arquitectes.com\/es\/servicios-arquitectura\/servicios-a-empresas#breadcrumb","itemListElement":[{"@type":"ListItem","position":1,"name":"Portada","item":"https:\/\/mes-arquitectes.com\/es"},{"@type":"ListItem","position":2,"name":"Servicios de arquitectura","item":"https:\/\/mes-arquitectes.com\/es\/servicios-arquitectura"},{"@type":"ListItem","position":3,"name":"Servicios a empresas"}]},{"@type":"WebSite","@id":"https:\/\/mes-arquitectes.com\/es#website","url":"https:\/\/mes-arquitectes.com\/es","name":"Mes Arquitectes","description":"Arquitectes i interioristes de Barcelona","potentialAction":[{"@type":"SearchAction","target":{"@type":"EntryPoint","urlTemplate":"https:\/\/mes-arquitectes.com\/es?s={search_term_string}"},"query-input":{"@type":"PropertyValueSpecification","valueRequired":true,"valueName":"search_term_string"}}],"inLanguage":"es"}]}},"_links":{"self":[{"href":"https:\/\/mes-arquitectes.com\/es\/wp-json\/wp\/v2\/pages\/10851","targetHints":{"allow":["GET"]}}],"collection":[{"href":"https:\/\/mes-arquitectes.com\/es\/wp-json\/wp\/v2\/pages"}],"about":[{"href":"https:\/\/mes-arquitectes.com\/es\/wp-json\/wp\/v2\/types\/page"}],"author":[{"embeddable":true,"href":"https:\/\/mes-arquitectes.com\/es\/wp-json\/wp\/v2\/users\/1"}],"replies":[{"embeddable":true,"href":"https:\/\/mes-arquitectes.com\/es\/wp-json\/wp\/v2\/comments?post=10851"}],"version-history":[{"count":5,"href":"https:\/\/mes-arquitectes.com\/es\/wp-json\/wp\/v2\/pages\/10851\/revisions"}],"predecessor-version":[{"id":11939,"href":"https:\/\/mes-arquitectes.com\/es\/wp-json\/wp\/v2\/pages\/10851\/revisions\/11939"}],"up":[{"embeddable":true,"href":"https:\/\/mes-arquitectes.com\/es\/wp-json\/wp\/v2\/pages\/10731"}],"wp:attachment":[{"href":"https:\/\/mes-arquitectes.com\/es\/wp-json\/wp\/v2\/media?parent=10851"}],"curies":[{"name":"wp","href":"https:\/\/api.w.org\/{rel}","templated":true}]}}