{"id":10855,"date":"2026-02-03T11:50:55","date_gmt":"2026-02-03T10:50:55","guid":{"rendered":"https:\/\/mes-arquitectes.com\/servicios-arquitectura\/arquitectura-sostenible"},"modified":"2026-02-05T13:40:59","modified_gmt":"2026-02-05T13:40:59","slug":"arquitectura-sostenible","status":"publish","type":"page","link":"https:\/\/mes-arquitectes.com\/es\/servicios-arquitectura\/arquitectura-sostenible","title":{"rendered":"Arquitectura sostenible"},"content":{"rendered":"<div class=\"wpb-content-wrapper\"><p>[vc_row equal_height=\u00bbyes\u00bb content_placement=\u00bbmiddle\u00bb css=\u00bb.vc_custom_1769102006256{margin-top: 30px !important;margin-bottom: 50px !important;}\u00bb][vc_column width=\u00bb1\/2&#8243;][vc_column_text css=\u00bb\u00bb]<\/p>\n<p style=\"text-align: left;\">Solamente en la Uni\u00f3n Europea, el sector de la construcci\u00f3n genera un 40% de las emisiones de CO2 que se lanzan a la atm\u00f3sfera. Podemos contribuir a evitar emisiones eligiendo materiales certificados, naturales, de proximidad, de procedencia controlada y de extracci\u00f3n poco agresiva con el medio ambiente. El an\u00e1lisis de la huella ecol\u00f3gica que emite cada material de construcci\u00f3n as\u00ed como su transporte al emplazamiento de la obra son factores clave para contribuir a mejorar el aire de nuestro entorno. A su vez, la elecci\u00f3n de materiales naturales contribuye a nuestro confort tanto f\u00edsico como psicol\u00f3gico.<\/p>\n<p style=\"text-align: left;\">El dise\u00f1o y construcci\u00f3n de edificios pasivos, ya sea en viviendas de obra nueva, en reforma o en equipamientos, son recursos sencillos y econ\u00f3micos que permiten evitar grandes emisiones de di\u00f3xido de carbono as\u00ed como ofrecernos un importante ahorro econ\u00f3mico muy a corto plazo. Todo ello se consigue analizando el emplazamiento y su entorno en fase de proyecto para aprovechar al m\u00e1ximo los recursos naturales de los que se disponga (como por ejemplo buscando la correcta orientaci\u00f3n solar o recuperando el agua de lluvia para su posterior uso).<\/p>\n<p style=\"text-align: left;\">Otros elementos pasivos que contribuyen al ahorro energ\u00e9tico son los correctos grosores de aislamiento t\u00e9rmico en muros y cubiertas, evitar los denominados puentes t\u00e9rmicos (puntos sin aislamiento t\u00e9rmico), garantizar la estanqueidad del edificio y utilizar ventanas de baja transmitancia t\u00e9rmica, as\u00ed como dise\u00f1ar adecuadamente los sistemas de ventilaci\u00f3n natural.<\/p>\n<p>[\/vc_column_text][\/vc_column][vc_column width=\u00bb1\/2&#8243;][vc_single_image image=\u00bb10734&#8243; img_size=\u00bb635&#215;350&#8243; css=\u00bb\u00bb][\/vc_column][\/vc_row][vc_row css=\u00bb.vc_custom_1769510038763{margin-top: 50px !important;margin-bottom: 50px !important;}\u00bb][vc_column][vc_column_text css=\u00bb\u00bb]<\/p>\n<blockquote><p><strong>\u201cSer sostenible no es s\u00f3lo lavar las culpas ni s\u00f3lo cuidar el medio ambiente, sino ser socialmente justo, responsable con el ambiente y, por lo tanto, tambi\u00e9n econ\u00f3micamente viable.\u201d<\/strong><\/p>\n<p>(Cecilia Goya de Riviello, directora general de Natura)<\/p><\/blockquote>\n<p>[\/vc_column_text][\/vc_column][\/vc_row][vc_row full_width=\u00bbstretch_row\u00bb simple_background_color=\u00bb#F5F5F5&#8243; css=\u00bb.vc_custom_1770029708799{padding-top: 40px !important;padding-bottom: 40px !important;background-color: #F5F5F5 !important;}\u00bb][vc_column]<div class=\"edgtf-call-to-action-holder  edgtf-normal-layout edgtf-content-in-grid edgtf-three-quarters-columns\">\n\t<div class=\"edgtf-cta-inner  edgtf-grid\">\n\t\t<div class=\"edgtf-cta-text-holder\">\n\t\t\t<div class=\"edgtf-cta-text\">\n<h4><strong>\u00bfNecesitas m\u00e1s informaci\u00f3n sobre nuestros servicios?<\/strong><\/h4>\n<h5>P\u00eddenos presupuesto sin compromiso<\/h5>\n<\/div>\n\t\t<\/div>\n\t\t<div class=\"edgtf-cta-button-holder\" >\n\t\t\t<div class=\"edgtf-cta-button\"><a itemprop=\"url\" href=\"\/contacte\" target=\"_self\"  class=\"edgtf-btn edgtf-btn-medium edgtf-btn-solid\"  >    <span class=\"edgtf-btn-text\">Cont\u00e1ctanos<\/span>    <\/a><\/div>\n\t\t<\/div>\n\t<\/div>\n<\/div>[\/vc_column][\/vc_row]<\/p>\n<\/div>","protected":false},"excerpt":{"rendered":"<p>[vc_row equal_height=\u00bbyes\u00bb content_placement=\u00bbmiddle\u00bb css=\u00bb.vc_custom_1769102006256{margin-top: 30px !important;margin-bottom: 50px !important;}\u00bb][vc_column width=\u00bb1\/2&#8243;][vc_column_text css=\u00bb\u00bb] Solamente en la Uni\u00f3n Europea, el sector de la construcci\u00f3n genera un 40% de las emisiones de CO2 que se lanzan a la atm\u00f3sfera. Podemos contribuir a evitar emisiones eligiendo [&hellip;]<\/p>\n","protected":false},"author":1,"featured_media":0,"parent":10731,"menu_order":0,"comment_status":"closed","ping_status":"closed","template":"","meta":{"footnotes":""},"class_list":["post-10855","page","type-page","status-publish","hentry"],"yoast_head":"<!-- This site is optimized with the Yoast SEO plugin v26.9 - https:\/\/yoast.com\/product\/yoast-seo-wordpress\/ -->\n<title>Arquitectura sostenible - Mes Arquitectes<\/title>\n<meta name=\"robots\" content=\"index, follow, max-snippet:-1, max-image-preview:large, max-video-preview:-1\" \/>\n<link rel=\"canonical\" href=\"https:\/\/mes-arquitectes.com\/es\/servicios-arquitectura\/arquitectura-sostenible\" \/>\n<meta property=\"og:locale\" content=\"es_ES\" \/>\n<meta property=\"og:type\" content=\"article\" \/>\n<meta property=\"og:title\" content=\"Arquitectura sostenible - Mes Arquitectes\" \/>\n<meta property=\"og:description\" content=\"[vc_row equal_height=\u00bbyes\u00bb content_placement=\u00bbmiddle\u00bb css=\u00bb.vc_custom_1769102006256{margin-top: 30px !important;margin-bottom: 50px !important;}\u00bb][vc_column width=\u00bb1\/2&#8243;][vc_column_text css=\u00bb\u00bb] Solamente en la Uni\u00f3n Europea, el sector de la construcci\u00f3n genera un 40% de las emisiones de CO2 que se lanzan a la atm\u00f3sfera. Podemos contribuir a evitar emisiones eligiendo [&hellip;]\" \/>\n<meta property=\"og:url\" content=\"https:\/\/mes-arquitectes.com\/es\/servicios-arquitectura\/arquitectura-sostenible\" \/>\n<meta property=\"og:site_name\" content=\"Mes Arquitectes\" \/>\n<meta property=\"article:modified_time\" content=\"2026-02-05T13:40:59+00:00\" \/>\n<meta name=\"twitter:card\" content=\"summary_large_image\" \/>\n<meta name=\"twitter:label1\" content=\"Tiempo de lectura\" \/>\n\t<meta name=\"twitter:data1\" content=\"2 minutos\" \/>\n<script type=\"application\/ld+json\" class=\"yoast-schema-graph\">{\"@context\":\"https:\/\/schema.org\",\"@graph\":[{\"@type\":\"WebPage\",\"@id\":\"https:\/\/mes-arquitectes.com\/es\/servicios-arquitectura\/arquitectura-sostenible\",\"url\":\"https:\/\/mes-arquitectes.com\/es\/servicios-arquitectura\/arquitectura-sostenible\",\"name\":\"Arquitectura sostenible - Mes Arquitectes\",\"isPartOf\":{\"@id\":\"https:\/\/mes-arquitectes.com\/es#website\"},\"datePublished\":\"2026-02-03T10:50:55+00:00\",\"dateModified\":\"2026-02-05T13:40:59+00:00\",\"breadcrumb\":{\"@id\":\"https:\/\/mes-arquitectes.com\/es\/servicios-arquitectura\/arquitectura-sostenible#breadcrumb\"},\"inLanguage\":\"es\",\"potentialAction\":[{\"@type\":\"ReadAction\",\"target\":[\"https:\/\/mes-arquitectes.com\/es\/servicios-arquitectura\/arquitectura-sostenible\"]}]},{\"@type\":\"BreadcrumbList\",\"@id\":\"https:\/\/mes-arquitectes.com\/es\/servicios-arquitectura\/arquitectura-sostenible#breadcrumb\",\"itemListElement\":[{\"@type\":\"ListItem\",\"position\":1,\"name\":\"Portada\",\"item\":\"https:\/\/mes-arquitectes.com\/es\"},{\"@type\":\"ListItem\",\"position\":2,\"name\":\"Servicios de arquitectura\",\"item\":\"https:\/\/mes-arquitectes.com\/es\/servicios-arquitectura\"},{\"@type\":\"ListItem\",\"position\":3,\"name\":\"Arquitectura sostenible\"}]},{\"@type\":\"WebSite\",\"@id\":\"https:\/\/mes-arquitectes.com\/es#website\",\"url\":\"https:\/\/mes-arquitectes.com\/es\",\"name\":\"Mes Arquitectes\",\"description\":\"Arquitectes i interioristes de Barcelona\",\"potentialAction\":[{\"@type\":\"SearchAction\",\"target\":{\"@type\":\"EntryPoint\",\"urlTemplate\":\"https:\/\/mes-arquitectes.com\/es?s={search_term_string}\"},\"query-input\":{\"@type\":\"PropertyValueSpecification\",\"valueRequired\":true,\"valueName\":\"search_term_string\"}}],\"inLanguage\":\"es\"}]}<\/script>\n<!-- \/ Yoast SEO plugin. -->","yoast_head_json":{"title":"Arquitectura sostenible - Mes Arquitectes","robots":{"index":"index","follow":"follow","max-snippet":"max-snippet:-1","max-image-preview":"max-image-preview:large","max-video-preview":"max-video-preview:-1"},"canonical":"https:\/\/mes-arquitectes.com\/es\/servicios-arquitectura\/arquitectura-sostenible","og_locale":"es_ES","og_type":"article","og_title":"Arquitectura sostenible - Mes Arquitectes","og_description":"[vc_row equal_height=\u00bbyes\u00bb content_placement=\u00bbmiddle\u00bb css=\u00bb.vc_custom_1769102006256{margin-top: 30px !important;margin-bottom: 50px !important;}\u00bb][vc_column width=\u00bb1\/2&#8243;][vc_column_text css=\u00bb\u00bb] Solamente en la Uni\u00f3n Europea, el sector de la construcci\u00f3n genera un 40% de las emisiones de CO2 que se lanzan a la atm\u00f3sfera. Podemos contribuir a evitar emisiones eligiendo [&hellip;]","og_url":"https:\/\/mes-arquitectes.com\/es\/servicios-arquitectura\/arquitectura-sostenible","og_site_name":"Mes Arquitectes","article_modified_time":"2026-02-05T13:40:59+00:00","twitter_card":"summary_large_image","twitter_misc":{"Tiempo de lectura":"2 minutos"},"schema":{"@context":"https:\/\/schema.org","@graph":[{"@type":"WebPage","@id":"https:\/\/mes-arquitectes.com\/es\/servicios-arquitectura\/arquitectura-sostenible","url":"https:\/\/mes-arquitectes.com\/es\/servicios-arquitectura\/arquitectura-sostenible","name":"Arquitectura sostenible - Mes Arquitectes","isPartOf":{"@id":"https:\/\/mes-arquitectes.com\/es#website"},"datePublished":"2026-02-03T10:50:55+00:00","dateModified":"2026-02-05T13:40:59+00:00","breadcrumb":{"@id":"https:\/\/mes-arquitectes.com\/es\/servicios-arquitectura\/arquitectura-sostenible#breadcrumb"},"inLanguage":"es","potentialAction":[{"@type":"ReadAction","target":["https:\/\/mes-arquitectes.com\/es\/servicios-arquitectura\/arquitectura-sostenible"]}]},{"@type":"BreadcrumbList","@id":"https:\/\/mes-arquitectes.com\/es\/servicios-arquitectura\/arquitectura-sostenible#breadcrumb","itemListElement":[{"@type":"ListItem","position":1,"name":"Portada","item":"https:\/\/mes-arquitectes.com\/es"},{"@type":"ListItem","position":2,"name":"Servicios de arquitectura","item":"https:\/\/mes-arquitectes.com\/es\/servicios-arquitectura"},{"@type":"ListItem","position":3,"name":"Arquitectura sostenible"}]},{"@type":"WebSite","@id":"https:\/\/mes-arquitectes.com\/es#website","url":"https:\/\/mes-arquitectes.com\/es","name":"Mes Arquitectes","description":"Arquitectes i interioristes de Barcelona","potentialAction":[{"@type":"SearchAction","target":{"@type":"EntryPoint","urlTemplate":"https:\/\/mes-arquitectes.com\/es?s={search_term_string}"},"query-input":{"@type":"PropertyValueSpecification","valueRequired":true,"valueName":"search_term_string"}}],"inLanguage":"es"}]}},"_links":{"self":[{"href":"https:\/\/mes-arquitectes.com\/es\/wp-json\/wp\/v2\/pages\/10855","targetHints":{"allow":["GET"]}}],"collection":[{"href":"https:\/\/mes-arquitectes.com\/es\/wp-json\/wp\/v2\/pages"}],"about":[{"href":"https:\/\/mes-arquitectes.com\/es\/wp-json\/wp\/v2\/types\/page"}],"author":[{"embeddable":true,"href":"https:\/\/mes-arquitectes.com\/es\/wp-json\/wp\/v2\/users\/1"}],"replies":[{"embeddable":true,"href":"https:\/\/mes-arquitectes.com\/es\/wp-json\/wp\/v2\/comments?post=10855"}],"version-history":[{"count":3,"href":"https:\/\/mes-arquitectes.com\/es\/wp-json\/wp\/v2\/pages\/10855\/revisions"}],"predecessor-version":[{"id":10858,"href":"https:\/\/mes-arquitectes.com\/es\/wp-json\/wp\/v2\/pages\/10855\/revisions\/10858"}],"up":[{"embeddable":true,"href":"https:\/\/mes-arquitectes.com\/es\/wp-json\/wp\/v2\/pages\/10731"}],"wp:attachment":[{"href":"https:\/\/mes-arquitectes.com\/es\/wp-json\/wp\/v2\/media?parent=10855"}],"curies":[{"name":"wp","href":"https:\/\/api.w.org\/{rel}","templated":true}]}}