{"id":10863,"date":"2026-02-03T17:15:02","date_gmt":"2026-02-03T16:15:02","guid":{"rendered":"https:\/\/mes-arquitectes.com\/servicios-arquitectura\/salut-als-edificis"},"modified":"2026-02-05T13:54:09","modified_gmt":"2026-02-05T13:54:09","slug":"salud-en-los-edificios","status":"publish","type":"page","link":"https:\/\/mes-arquitectes.com\/es\/servicios-arquitectura\/salud-en-los-edificios","title":{"rendered":"Salud en los edificios"},"content":{"rendered":"<div class=\"wpb-content-wrapper\"><p>[vc_row equal_height=\u00bbyes\u00bb content_placement=\u00bbmiddle\u00bb css=\u00bb.vc_custom_1769102006256{margin-top: 30px !important;margin-bottom: 50px !important;}\u00bb][vc_column width=\u00bb1\/2&#8243;][vc_column_text css=\u00bb\u00bb]La salud de los usuarios en los edificios ya sea en el hogar, el lugar de trabajo o en cualquier equipamiento, debe ser un requisito imprescindible puesto que supone un impacto constante y directo hacia nuestro bienestar, siendo \u00e9ste un factor m\u00e1s en la prevenci\u00f3n de ciertas enfermedades.<\/p>\n<p>En las \u00faltimas d\u00e9cadas, hemos aceptado el uso de determinados materiales y productos sint\u00e9ticos como algo inevitable con lo que hay que convivir. Sin embargo, una correcta elecci\u00f3n de los materiales adecuados durante la fase de proyecto (o la sustituci\u00f3n de determinados productos nocivos en viviendas existentes) puede suponer la diferencia entre vivir en un entorno saludable o un entorno hostil que vaya desgastando lenta y progresivamente nuestra salud.<\/p>\n<p style=\"text-align: left;\">La m\u00e1s conocida de las patolog\u00edas en los edificios que afectan a nuestra salud y que ha generado una mayor alarma social debido a la rapidez de sus evidentes efectos es el denominado <a href=\"https:\/\/ca.wikipedia.org\/wiki\/S%C3%ADndrome_de_l%27edifici_malalt\" target=\"_blank\" rel=\"noopener\"><em>S\u00edndrome del Edificio Enfermo<\/em><\/a> (baja humedad relativa para cierta temperatura, en un ambiente excesivamente sint\u00e9tico y tecnificado). Sin embargo no se trata de la \u00fanica patolog\u00eda posible y no todos los efectos de \u00e9stas son tan inmediatos, surgiendo las consecuencias en nuestra salud al cabo de los a\u00f1os debido a la micro acumulaci\u00f3n de elementos nocivos (peque\u00f1as cantidades aunque de manera constante y regular). En la actualidad son todav\u00eda muy pocas las viviendas o edificios que gocen de los criterios adecuados para garantizar un entorno saludable a los integrantes de sus espacios, algo que siempre incluimos en los servicios que ofrecemos a nuestros clientes.<\/p>\n<p>[\/vc_column_text][\/vc_column][vc_column width=\u00bb1\/2&#8243;][vc_single_image image=\u00bb10756&#8243; img_size=\u00bb635&#215;350&#8243; css=\u00bb\u00bb][\/vc_column][\/vc_row][vc_row css=\u00bb.vc_custom_1769510038763{margin-top: 50px !important;margin-bottom: 50px !important;}\u00bb][vc_column][vc_column_text css=\u00bb\u00bb]<\/p>\n<blockquote><p><strong>\u201cEl futuro pertenece a aquellos que entienden que hacer m\u00e1s con menos es compasivo, pr\u00f3spero, duradero, m\u00e1s inteligente y m\u00e1s competitivo.\u201d<\/strong><\/p>\n<p>(Paul Hawken, ambientalista y emprendedor estadounidense)<\/p><\/blockquote>\n<p>[\/vc_column_text][\/vc_column][\/vc_row][vc_row full_width=\u00bbstretch_row\u00bb css=\u00bb.vc_custom_1770117692905{margin-top: 30px !important;margin-bottom: 30px !important;padding-top: 40px !important;padding-bottom: 70px !important;background-color: #F5F5F5 !important;}\u00bb][vc_column][vc_column_text css=\u00bb\u00bb]<\/p>\n<h5>El proyecto debe controlar principalmente los siguientes aspectos:<\/h5>\n<p>[\/vc_column_text][vc_row_inner][vc_column_inner width=\u00bb1\/2&#8243;][vc_empty_space height=\u00bb25px\u00bb]<div class=\"edgtf-icon-list-holder\" style=\"margin-bottom: 10px\">\n\t<div class=\"edgtf-il-icon-holder\">\n\t\t<span aria-hidden=\"true\" class=\"edgtf-icon-font-elegant icon_box-checked \" style=\"color: #000000;font-size: 20px\"><\/span>\t<\/div>\n\t<p class=\"edgtf-il-text\" style=\"color: #000000;padding-left: 20px\">Calidad del aire interior<\/p>\n<\/div>[vc_column_text css=\u00bb\u00bb]Correcta ventilaci\u00f3n interior sin alterar la eficiencia de la climatizaci\u00f3n y el confort de los usuarios: an\u00e1lisis de la humedad, temperatura, composici\u00f3n y electro poluci\u00f3n. Evitar la suciedad y (COVs, al\u00e9rgenos, polvo, etc) en los elementos de ventilaci\u00f3n y climatizaci\u00f3n.[\/vc_column_text][vc_empty_space height=\u00bb25px\u00bb]<div class=\"edgtf-icon-list-holder\" style=\"margin-bottom: 10px\">\n\t<div class=\"edgtf-il-icon-holder\">\n\t\t<span aria-hidden=\"true\" class=\"edgtf-icon-font-elegant icon_box-checked \" style=\"color: #000000;font-size: 20px\"><\/span>\t<\/div>\n\t<p class=\"edgtf-il-text\" style=\"color: #000000;padding-left: 20px\">Uso de materiales no t\u00f3xicos<\/p>\n<\/div>[vc_column_text css=\u00bb\u00bb]Muchos de los materiales de construcci\u00f3n (pinturas, mobiliario, etc) emiten part\u00edculas qu\u00edmicas t\u00f3xicas en peque\u00f1as cantidades.[\/vc_column_text][vc_empty_space height=\u00bb25px\u00bb][\/vc_column_inner][vc_column_inner width=\u00bb1\/2&#8243;][vc_empty_space height=\u00bb25px\u00bb]<div class=\"edgtf-icon-list-holder\" style=\"margin-bottom: 10px\">\n\t<div class=\"edgtf-il-icon-holder\">\n\t\t<span aria-hidden=\"true\" class=\"edgtf-icon-font-elegant icon_box-checked \" style=\"color: #000000;font-size: 20px\"><\/span>\t<\/div>\n\t<p class=\"edgtf-il-text\" style=\"color: #000000;padding-left: 20px\">Protecci\u00f3n contra las radiaciones artificiales y naturales<\/p>\n<\/div>[vc_column_text css=\u00bb\u00bb]Existen radiaciones nocivas producidas por elementos artificiales (redes inal\u00e1mbricas, electroest\u00e1tica, campos electromagn\u00e9ticos, etc.) y tambi\u00e9n por los elementos naturales (l\u00edneas de agua subterr\u00e1nea, l\u00edneas de origen geol\u00f3gico: Hartman y Curry, gas rad\u00f3n, radiaci\u00f3n de ciertos materiales naturales, etc.) que deben ser analizadas y evitadas o corregidas.[\/vc_column_text][vc_empty_space height=\u00bb25px\u00bb]<div class=\"edgtf-icon-list-holder\" style=\"margin-bottom: 10px\">\n\t<div class=\"edgtf-il-icon-holder\">\n\t\t<span aria-hidden=\"true\" class=\"edgtf-icon-font-elegant icon_box-checked \" style=\"color: #000000;font-size: 20px\"><\/span>\t<\/div>\n\t<p class=\"edgtf-il-text\" style=\"color: #000000;padding-left: 20px\">Uso eficiente de los recursos energ\u00e9ticos<\/p>\n<\/div>[vc_column_text css=\u00bb\u00bb]Un menor consumo energ\u00e9tico va a suponer una reducci\u00f3n dr\u00e1stica de muchos de los elementos nocivos anteriormente descritos.[\/vc_column_text][\/vc_column_inner][\/vc_row_inner][\/vc_column][\/vc_row][vc_row full_width=\u00bbstretch_row\u00bb simple_background_color=\u00bb#00000000&#8243; css=\u00bb.vc_custom_1770299646889{padding-top: 40px !important;padding-bottom: 40px !important;}\u00bb][vc_column]<div class=\"edgtf-call-to-action-holder  edgtf-normal-layout edgtf-content-in-grid edgtf-three-quarters-columns\">\n\t<div class=\"edgtf-cta-inner  edgtf-grid\">\n\t\t<div class=\"edgtf-cta-text-holder\">\n\t\t\t<div class=\"edgtf-cta-text\">\n<h4><strong>\u00bfNecesitas m\u00e1s informaci\u00f3n sobre nuestros servicios?<\/strong><\/h4>\n<h5>P\u00eddenos presupuesto sin compromiso<\/h5>\n<\/div>\n\t\t<\/div>\n\t\t<div class=\"edgtf-cta-button-holder\" >\n\t\t\t<div class=\"edgtf-cta-button\"><a itemprop=\"url\" href=\"\/contacte\" target=\"_self\"  class=\"edgtf-btn edgtf-btn-medium edgtf-btn-solid\"  >    <span class=\"edgtf-btn-text\">Cont\u00e1ctanos<\/span>    <\/a><\/div>\n\t\t<\/div>\n\t<\/div>\n<\/div>[\/vc_column][\/vc_row]<\/p>\n<\/div>","protected":false},"excerpt":{"rendered":"<p>[vc_row equal_height=\u00bbyes\u00bb content_placement=\u00bbmiddle\u00bb css=\u00bb.vc_custom_1769102006256{margin-top: 30px !important;margin-bottom: 50px !important;}\u00bb][vc_column width=\u00bb1\/2&#8243;][vc_column_text css=\u00bb\u00bb]La salud de los usuarios en los edificios ya sea en el hogar, el lugar de trabajo o en cualquier equipamiento, debe ser un requisito imprescindible puesto que supone un impacto [&hellip;]<\/p>\n","protected":false},"author":1,"featured_media":0,"parent":10731,"menu_order":0,"comment_status":"closed","ping_status":"closed","template":"","meta":{"footnotes":""},"class_list":["post-10863","page","type-page","status-publish","hentry"],"yoast_head":"<!-- This site is optimized with the Yoast SEO plugin v26.9 - https:\/\/yoast.com\/product\/yoast-seo-wordpress\/ -->\n<title>Salud en los edificios - Mes Arquitectes<\/title>\n<meta name=\"robots\" content=\"index, follow, max-snippet:-1, max-image-preview:large, max-video-preview:-1\" \/>\n<link rel=\"canonical\" href=\"https:\/\/mes-arquitectes.com\/es\/servicios-arquitectura\/salud-en-los-edificios\" \/>\n<meta property=\"og:locale\" content=\"es_ES\" \/>\n<meta property=\"og:type\" content=\"article\" \/>\n<meta property=\"og:title\" content=\"Salud en los edificios - Mes Arquitectes\" \/>\n<meta property=\"og:description\" content=\"[vc_row equal_height=\u00bbyes\u00bb content_placement=\u00bbmiddle\u00bb css=\u00bb.vc_custom_1769102006256{margin-top: 30px !important;margin-bottom: 50px !important;}\u00bb][vc_column width=\u00bb1\/2&#8243;][vc_column_text css=\u00bb\u00bb]La salud de los usuarios en los edificios ya sea en el hogar, el lugar de trabajo o en cualquier equipamiento, debe ser un requisito imprescindible puesto que supone un impacto [&hellip;]\" \/>\n<meta property=\"og:url\" content=\"https:\/\/mes-arquitectes.com\/es\/servicios-arquitectura\/salud-en-los-edificios\" \/>\n<meta property=\"og:site_name\" content=\"Mes Arquitectes\" \/>\n<meta property=\"article:modified_time\" content=\"2026-02-05T13:54:09+00:00\" \/>\n<meta name=\"twitter:card\" content=\"summary_large_image\" \/>\n<meta name=\"twitter:label1\" content=\"Tiempo de lectura\" \/>\n\t<meta name=\"twitter:data1\" content=\"3 minutos\" \/>\n<script type=\"application\/ld+json\" class=\"yoast-schema-graph\">{\"@context\":\"https:\/\/schema.org\",\"@graph\":[{\"@type\":\"WebPage\",\"@id\":\"https:\/\/mes-arquitectes.com\/es\/servicios-arquitectura\/salud-en-los-edificios\",\"url\":\"https:\/\/mes-arquitectes.com\/es\/servicios-arquitectura\/salud-en-los-edificios\",\"name\":\"Salud en los edificios - Mes Arquitectes\",\"isPartOf\":{\"@id\":\"https:\/\/mes-arquitectes.com\/es#website\"},\"datePublished\":\"2026-02-03T16:15:02+00:00\",\"dateModified\":\"2026-02-05T13:54:09+00:00\",\"breadcrumb\":{\"@id\":\"https:\/\/mes-arquitectes.com\/es\/servicios-arquitectura\/salud-en-los-edificios#breadcrumb\"},\"inLanguage\":\"es\",\"potentialAction\":[{\"@type\":\"ReadAction\",\"target\":[\"https:\/\/mes-arquitectes.com\/es\/servicios-arquitectura\/salud-en-los-edificios\"]}]},{\"@type\":\"BreadcrumbList\",\"@id\":\"https:\/\/mes-arquitectes.com\/es\/servicios-arquitectura\/salud-en-los-edificios#breadcrumb\",\"itemListElement\":[{\"@type\":\"ListItem\",\"position\":1,\"name\":\"Portada\",\"item\":\"https:\/\/mes-arquitectes.com\/es\"},{\"@type\":\"ListItem\",\"position\":2,\"name\":\"Servicios de arquitectura\",\"item\":\"https:\/\/mes-arquitectes.com\/es\/servicios-arquitectura\"},{\"@type\":\"ListItem\",\"position\":3,\"name\":\"Salud en los edificios\"}]},{\"@type\":\"WebSite\",\"@id\":\"https:\/\/mes-arquitectes.com\/es#website\",\"url\":\"https:\/\/mes-arquitectes.com\/es\",\"name\":\"Mes Arquitectes\",\"description\":\"Arquitectes i interioristes de Barcelona\",\"potentialAction\":[{\"@type\":\"SearchAction\",\"target\":{\"@type\":\"EntryPoint\",\"urlTemplate\":\"https:\/\/mes-arquitectes.com\/es?s={search_term_string}\"},\"query-input\":{\"@type\":\"PropertyValueSpecification\",\"valueRequired\":true,\"valueName\":\"search_term_string\"}}],\"inLanguage\":\"es\"}]}<\/script>\n<!-- \/ Yoast SEO plugin. -->","yoast_head_json":{"title":"Salud en los edificios - Mes Arquitectes","robots":{"index":"index","follow":"follow","max-snippet":"max-snippet:-1","max-image-preview":"max-image-preview:large","max-video-preview":"max-video-preview:-1"},"canonical":"https:\/\/mes-arquitectes.com\/es\/servicios-arquitectura\/salud-en-los-edificios","og_locale":"es_ES","og_type":"article","og_title":"Salud en los edificios - Mes Arquitectes","og_description":"[vc_row equal_height=\u00bbyes\u00bb content_placement=\u00bbmiddle\u00bb css=\u00bb.vc_custom_1769102006256{margin-top: 30px !important;margin-bottom: 50px !important;}\u00bb][vc_column width=\u00bb1\/2&#8243;][vc_column_text css=\u00bb\u00bb]La salud de los usuarios en los edificios ya sea en el hogar, el lugar de trabajo o en cualquier equipamiento, debe ser un requisito imprescindible puesto que supone un impacto [&hellip;]","og_url":"https:\/\/mes-arquitectes.com\/es\/servicios-arquitectura\/salud-en-los-edificios","og_site_name":"Mes Arquitectes","article_modified_time":"2026-02-05T13:54:09+00:00","twitter_card":"summary_large_image","twitter_misc":{"Tiempo de lectura":"3 minutos"},"schema":{"@context":"https:\/\/schema.org","@graph":[{"@type":"WebPage","@id":"https:\/\/mes-arquitectes.com\/es\/servicios-arquitectura\/salud-en-los-edificios","url":"https:\/\/mes-arquitectes.com\/es\/servicios-arquitectura\/salud-en-los-edificios","name":"Salud en los edificios - Mes Arquitectes","isPartOf":{"@id":"https:\/\/mes-arquitectes.com\/es#website"},"datePublished":"2026-02-03T16:15:02+00:00","dateModified":"2026-02-05T13:54:09+00:00","breadcrumb":{"@id":"https:\/\/mes-arquitectes.com\/es\/servicios-arquitectura\/salud-en-los-edificios#breadcrumb"},"inLanguage":"es","potentialAction":[{"@type":"ReadAction","target":["https:\/\/mes-arquitectes.com\/es\/servicios-arquitectura\/salud-en-los-edificios"]}]},{"@type":"BreadcrumbList","@id":"https:\/\/mes-arquitectes.com\/es\/servicios-arquitectura\/salud-en-los-edificios#breadcrumb","itemListElement":[{"@type":"ListItem","position":1,"name":"Portada","item":"https:\/\/mes-arquitectes.com\/es"},{"@type":"ListItem","position":2,"name":"Servicios de arquitectura","item":"https:\/\/mes-arquitectes.com\/es\/servicios-arquitectura"},{"@type":"ListItem","position":3,"name":"Salud en los edificios"}]},{"@type":"WebSite","@id":"https:\/\/mes-arquitectes.com\/es#website","url":"https:\/\/mes-arquitectes.com\/es","name":"Mes Arquitectes","description":"Arquitectes i interioristes de Barcelona","potentialAction":[{"@type":"SearchAction","target":{"@type":"EntryPoint","urlTemplate":"https:\/\/mes-arquitectes.com\/es?s={search_term_string}"},"query-input":{"@type":"PropertyValueSpecification","valueRequired":true,"valueName":"search_term_string"}}],"inLanguage":"es"}]}},"_links":{"self":[{"href":"https:\/\/mes-arquitectes.com\/es\/wp-json\/wp\/v2\/pages\/10863","targetHints":{"allow":["GET"]}}],"collection":[{"href":"https:\/\/mes-arquitectes.com\/es\/wp-json\/wp\/v2\/pages"}],"about":[{"href":"https:\/\/mes-arquitectes.com\/es\/wp-json\/wp\/v2\/types\/page"}],"author":[{"embeddable":true,"href":"https:\/\/mes-arquitectes.com\/es\/wp-json\/wp\/v2\/users\/1"}],"replies":[{"embeddable":true,"href":"https:\/\/mes-arquitectes.com\/es\/wp-json\/wp\/v2\/comments?post=10863"}],"version-history":[{"count":6,"href":"https:\/\/mes-arquitectes.com\/es\/wp-json\/wp\/v2\/pages\/10863\/revisions"}],"predecessor-version":[{"id":10869,"href":"https:\/\/mes-arquitectes.com\/es\/wp-json\/wp\/v2\/pages\/10863\/revisions\/10869"}],"up":[{"embeddable":true,"href":"https:\/\/mes-arquitectes.com\/es\/wp-json\/wp\/v2\/pages\/10731"}],"wp:attachment":[{"href":"https:\/\/mes-arquitectes.com\/es\/wp-json\/wp\/v2\/media?parent=10863"}],"curies":[{"name":"wp","href":"https:\/\/api.w.org\/{rel}","templated":true}]}}